{"version":"1.0","provider_name":"Mus\u00e9e de L&#039;Europe","provider_url":"http:\/\/www.museuro.eu\/en","author_name":"Fr\u00e9d\u00e9ric C\u00e9sar","author_url":"http:\/\/www.museuro.eu\/en\/author\/fred\/","title":"L\u2019Islam c\u2019est aussi notre histoire - Mus\u00e9e de L&#039;Europe","type":"rich","width":600,"height":338,"html":"<blockquote class=\"wp-embedded-content\" data-secret=\"SUUZv1Pl8m\"><a href=\"http:\/\/www.museuro.eu\/en\/islam\/\">L\u2019Islam c\u2019est aussi notre histoire<\/a><\/blockquote><iframe sandbox=\"allow-scripts\" security=\"restricted\" src=\"http:\/\/www.museuro.eu\/en\/islam\/embed\/#?secret=SUUZv1Pl8m\" width=\"600\" height=\"338\" title=\"&#8220;L\u2019Islam c\u2019est aussi notre histoire&#8221; &#8212; Mus\u00e9e de L&#039;Europe\" data-secret=\"SUUZv1Pl8m\" frameborder=\"0\" marginwidth=\"0\" marginheight=\"0\" scrolling=\"no\" class=\"wp-embedded-content\"><\/iframe><script>\n\/*! This file is auto-generated *\/\n!function(d,l){\"use strict\";l.querySelector&&d.addEventListener&&\"undefined\"!=typeof URL&&(d.wp=d.wp||{},d.wp.receiveEmbedMessage||(d.wp.receiveEmbedMessage=function(e){var t=e.data;if((t||t.secret||t.message||t.value)&&!\/[^a-zA-Z0-9]\/.test(t.secret)){for(var s,r,n,a=l.querySelectorAll('iframe[data-secret=\"'+t.secret+'\"]'),o=l.querySelectorAll('blockquote[data-secret=\"'+t.secret+'\"]'),c=new RegExp(\"^https?:$\",\"i\"),i=0;i<o.length;i++)o[i].style.display=\"none\";for(i=0;i<a.length;i++)s=a[i],e.source===s.contentWindow&&(s.removeAttribute(\"style\"),\"height\"===t.message?(1e3<(r=parseInt(t.value,10))?r=1e3:~~r<200&&(r=200),s.height=r):\"link\"===t.message&&(r=new URL(s.getAttribute(\"src\")),n=new URL(t.value),c.test(n.protocol))&&n.host===r.host&&l.activeElement===s&&(d.top.location.href=t.value))}},d.addEventListener(\"message\",d.wp.receiveEmbedMessage,!1),l.addEventListener(\"DOMContentLoaded\",function(){for(var e,t,s=l.querySelectorAll(\"iframe.wp-embedded-content\"),r=0;r<s.length;r++)(t=(e=s[r]).getAttribute(\"data-secret\"))||(t=Math.random().toString(36).substring(2,12),e.src+=\"#?secret=\"+t,e.setAttribute(\"data-secret\",t)),e.contentWindow.postMessage({message:\"ready\",secret:t},\"*\")},!1)))}(window,document);\n<\/script>","description":"Islam, c\u2019est aussi notre Histoire ! est une exposition de civilisation qui vient bousculer le pr\u00e9jug\u00e9 selon lequel l\u2019arriv\u00e9e de l\u2019Islam en Europe n\u2019est qu\u2019un ph\u00e9nom\u00e8ne r\u00e9cent. Son sc\u00e9nario, scientifique, nous \u00e9claire sur le patrimoine laiss\u00e9 par la civilisation musulmane sur le sol europ\u00e9en en 13 si\u00e8cles de pr\u00e9sence.","thumbnail_url":"https:\/\/www.museuro.eu\/wp-content\/uploads\/2023\/01\/Islam-3-scaled-e1673263533971-1024x642.jpg"}