{"id":3009,"date":"2022-12-22T00:06:28","date_gmt":"2022-12-21T23:06:28","guid":{"rendered":"http:\/\/www.museuro.eu\/?page_id=3009"},"modified":"2023-02-01T16:52:55","modified_gmt":"2023-02-01T15:52:55","slug":"lamerique-cest-aussi-notre-histoire","status":"publish","type":"page","link":"http:\/\/www.museuro.eu\/en\/lamerique-cest-aussi-notre-histoire\/","title":{"rendered":"L\u2019Am\u00e9rique c\u2019est aussi notre histoire !"},"content":{"rendered":"<div data-elementor-type=\"wp-page\" data-elementor-id=\"3009\" class=\"elementor elementor-3009\">\n\t\t\t\t\t\t<section class=\"elementor-section elementor-top-section elementor-element elementor-element-d352853 elementor-section-height-min-height elementor-section-boxed elementor-section-height-default elementor-section-items-middle\" data-id=\"d352853\" data-element_type=\"section\" data-settings=\"{&quot;background_background&quot;:&quot;classic&quot;}\">\n\t\t\t\t\t\t<div class=\"elementor-container elementor-column-gap-default\">\n\t\t\t\t\t<div class=\"elementor-column elementor-col-100 elementor-top-column elementor-element elementor-element-68cb9ef\" data-id=\"68cb9ef\" data-element_type=\"column\">\n\t\t\t<div class=\"elementor-widget-wrap elementor-element-populated\">\n\t\t\t\t\t\t<div class=\"elementor-element elementor-element-27a0b37 elementor-widget elementor-widget-heading\" data-id=\"27a0b37\" data-element_type=\"widget\" data-widget_type=\"heading.default\">\n\t\t\t\t<div class=\"elementor-widget-container\">\n\t\t\t<h2 class=\"elementor-heading-title elementor-size-default\">L\u2019Am\u00e9rique, c\u2019est aussi notre histoire !<\/h2>\t\t<\/div>\n\t\t\t\t<\/div>\n\t\t\t\t\t<\/div>\n\t\t<\/div>\n\t\t\t\t\t<\/div>\n\t\t<\/section>\n\t\t\t\t<section class=\"elementor-section elementor-top-section elementor-element elementor-element-1685f02 elementor-section-boxed elementor-section-height-default elementor-section-height-default\" data-id=\"1685f02\" data-element_type=\"section\" data-settings=\"{&quot;background_background&quot;:&quot;classic&quot;}\">\n\t\t\t\t\t\t<div class=\"elementor-container elementor-column-gap-default\">\n\t\t\t\t\t<div class=\"elementor-column elementor-col-100 elementor-top-column elementor-element elementor-element-6dcfc3a\" data-id=\"6dcfc3a\" data-element_type=\"column\">\n\t\t\t<div class=\"elementor-widget-wrap elementor-element-populated\">\n\t\t\t\t\t\t<div class=\"elementor-element elementor-element-c3f192d elementor-widget elementor-widget-spacer\" data-id=\"c3f192d\" data-element_type=\"widget\" data-widget_type=\"spacer.default\">\n\t\t\t\t<div class=\"elementor-widget-container\">\n\t\t\t\t\t<div class=\"elementor-spacer\">\n\t\t\t<div class=\"elementor-spacer-inner\"><\/div>\n\t\t<\/div>\n\t\t\t\t<\/div>\n\t\t\t\t<\/div>\n\t\t\t\t\t<\/div>\n\t\t<\/div>\n\t\t\t\t\t<\/div>\n\t\t<\/section>\n\t\t\t\t<section class=\"elementor-section elementor-top-section elementor-element elementor-element-e3976d9 elementor-section-boxed elementor-section-height-default elementor-section-height-default\" data-id=\"e3976d9\" data-element_type=\"section\" data-settings=\"{&quot;background_background&quot;:&quot;classic&quot;}\">\n\t\t\t\t\t\t<div class=\"elementor-container elementor-column-gap-default\">\n\t\t\t\t\t<div class=\"elementor-column elementor-col-50 elementor-top-column elementor-element elementor-element-e8ab869\" data-id=\"e8ab869\" data-element_type=\"column\">\n\t\t\t<div class=\"elementor-widget-wrap elementor-element-populated\">\n\t\t\t\t\t\t<div class=\"elementor-element elementor-element-99a04aa elementor-widget elementor-widget-image\" data-id=\"99a04aa\" data-element_type=\"widget\" data-widget_type=\"image.default\">\n\t\t\t\t<div class=\"elementor-widget-container\">\n\t\t\t\t\t\t\t\t\t\t\t\t\t<img fetchpriority=\"high\" decoding=\"async\" width=\"448\" height=\"338\" src=\"https:\/\/www.museuro.eu\/wp-content\/uploads\/2023\/01\/lamerique.png\" class=\"attachment-large size-large wp-image-3511\" alt=\"\" srcset=\"https:\/\/www.museuro.eu\/wp-content\/uploads\/2023\/01\/lamerique.png 448w, https:\/\/www.museuro.eu\/wp-content\/uploads\/2023\/01\/lamerique-300x226.png 300w, https:\/\/www.museuro.eu\/wp-content\/uploads\/2023\/01\/lamerique-16x12.png 16w\" sizes=\"(max-width: 448px) 100vw, 448px\" \/>\t\t\t\t\t\t\t\t\t\t\t\t\t<\/div>\n\t\t\t\t<\/div>\n\t\t\t\t<div class=\"elementor-element elementor-element-a2c60f8 elementor-widget elementor-widget-spacer\" data-id=\"a2c60f8\" data-element_type=\"widget\" data-widget_type=\"spacer.default\">\n\t\t\t\t<div class=\"elementor-widget-container\">\n\t\t\t\t\t<div class=\"elementor-spacer\">\n\t\t\t<div class=\"elementor-spacer-inner\"><\/div>\n\t\t<\/div>\n\t\t\t\t<\/div>\n\t\t\t\t<\/div>\n\t\t\t\t<div class=\"elementor-element elementor-element-e101eaf elementor-widget elementor-widget-text-editor\" data-id=\"e101eaf\" data-element_type=\"widget\" data-widget_type=\"text-editor.default\">\n\t\t\t\t<div class=\"elementor-widget-container\">\n\t\t\t\t\t\t\t<p>Voil\u00e0 pourquoi la perspective choisie est tout \u00e0 la fois chronologique et th\u00e9matique. L\u2019approche th\u00e9matique permet une meilleure lisibilit\u00e9 du projet, tout en \u00e9vitant le pi\u00e8ge de \u00ab l\u2019exhaustivit\u00e9 \u00bb. Le respect de la chronologie offre tout de m\u00eame une vision large des relations euro-am\u00e9ricaines. Par ailleurs, non sans h\u00e9sitation, nous avons fini par opter pour la longue dur\u00e9e, en remontant \u00e0 la naissance des \u00c9tats-Unis. En effet, se contenter du temps court, par exemple depuis la fin de la Seconde Guerre mondiale, pr\u00e9sentait le triple inconv\u00e9nient de rater des moments passionnants desdites relations, d\u2019interdire une vraie compr\u00e9hension de leur nature et de faire para\u00eetre l\u2019Europe comme un appendice des \u00c9tats-Unis. Car, si la seconde moiti\u00e9 du XXe si\u00e8cle a consacr\u00e9 \u00ab l\u2019hyperpuissance \u00bb am\u00e9ricaine face \u00e0 une Europe affaiblie et largement d\u00e9pendante, tel n\u2019a pas \u00e9t\u00e9 le cas pendant les p\u00e9riodes pr\u00e9c\u00e9dentes. C\u2019est le chass\u00e9-crois\u00e9 des influences qu\u2019il nous semble int\u00e9ressant de faire d\u00e9couvrir \u00e0 nos visiteurs !<br><span style=\"font-family: var( --e-global-typography-text-font-family ), Sans-serif; font-weight: var( --e-global-typography-text-font-weight );\">L\u2019exposition a \u00e9t\u00e9 pr\u00e9sent\u00e9e \u00e0 Bruxelles (Tour &amp; Taxis) entre octobre 2010 et juillet 2011, et a accueilli pr\u00e8s de 90.000 visiteurs.<\/span><\/p>\t\t\t\t\t\t<\/div>\n\t\t\t\t<\/div>\n\t\t\t\t\t<\/div>\n\t\t<\/div>\n\t\t\t\t<div class=\"elementor-column elementor-col-50 elementor-top-column elementor-element elementor-element-32158d1\" data-id=\"32158d1\" data-element_type=\"column\">\n\t\t\t<div class=\"elementor-widget-wrap elementor-element-populated\">\n\t\t\t\t\t\t<div class=\"elementor-element elementor-element-8ba1f09 elementor-widget elementor-widget-text-editor\" data-id=\"8ba1f09\" data-element_type=\"widget\" data-widget_type=\"text-editor.default\">\n\t\t\t\t<div class=\"elementor-widget-container\">\n\t\t\t\t\t\t\t<p>Pr\u00e9sent\u00e9e de 2010 \u00e0 2011 \u00e0 Bruxelles sur le site de Tour &amp; Taxis, l\u2019exposition historique \u00ab L\u2019Am\u00e9rique, c\u2019est aussi notre Histoire ! \u00bb retrace trois si\u00e8cles de relations entre l\u2019Europe et les \u00c9tats-Unis lors d\u2019une p\u00e9riode propice \u00e0 cette mise en lumi\u00e8re : crise financi\u00e8re et \u00e9conomique, r\u00e9organisation du syst\u00e8me international et mandat de Barack Obama avec une nouvelle administration, il semblait essentiel \u00e0 l\u2019\u00e9poque de proposer une approche historique des relations entre ces deux continents.&nbsp;<\/p>\n<p>L\u2019exposition a pour but de montrer le mouvement de balancier qui a caract\u00e9ris\u00e9 de tout temps les relations entre l\u2019Europe et les \u00c9tats-Unis. En effet, \u00e0 balayer sur la longue dur\u00e9e ces relations, on ne peut pas ne pas \u00eatre frapp\u00e9 par cette \u00e9vidence : les deux rives de l\u2019Atlantique se sont faites l\u2019une l\u2019autre, par un formidable jeu d\u2019influences altern\u00e9es.<\/p>\t\t\t\t\t\t<\/div>\n\t\t\t\t<\/div>\n\t\t\t\t<div class=\"elementor-element elementor-element-5b557d7 elementor-widget elementor-widget-image\" data-id=\"5b557d7\" data-element_type=\"widget\" data-widget_type=\"image.default\">\n\t\t\t\t<div class=\"elementor-widget-container\">\n\t\t\t\t\t\t\t\t\t\t\t\t\t<img decoding=\"async\" width=\"448\" height=\"352\" src=\"https:\/\/www.museuro.eu\/wp-content\/uploads\/2023\/01\/IsabelledeBorchgrave.png\" class=\"attachment-large size-large wp-image-3516\" alt=\"\" srcset=\"https:\/\/www.museuro.eu\/wp-content\/uploads\/2023\/01\/IsabelledeBorchgrave.png 448w, https:\/\/www.museuro.eu\/wp-content\/uploads\/2023\/01\/IsabelledeBorchgrave-300x236.png 300w, https:\/\/www.museuro.eu\/wp-content\/uploads\/2023\/01\/IsabelledeBorchgrave-15x12.png 15w\" sizes=\"(max-width: 448px) 100vw, 448px\" \/>\t\t\t\t\t\t\t\t\t\t\t\t\t<\/div>\n\t\t\t\t<\/div>\n\t\t\t\t<div class=\"elementor-element elementor-element-49fc283 elementor-widget elementor-widget-text-editor\" data-id=\"49fc283\" data-element_type=\"widget\" data-widget_type=\"text-editor.default\">\n\t\t\t\t<div class=\"elementor-widget-container\">\n\t\t\t\t\t\t\t<p>Isabelle de Borchgrave, \u00ab\u00a0American Quilt\u00a0\u00bb , 2010\u00a0 \u00a0 \u00a0 \u00a0 \u00a0 \u00a0 \u00a0 \u00a0 \u00a0 \u00a0<\/p>\t\t\t\t\t\t<\/div>\n\t\t\t\t<\/div>\n\t\t\t\t<div class=\"elementor-element elementor-element-25571e2 elementor-widget elementor-widget-text-editor\" data-id=\"25571e2\" data-element_type=\"widget\" data-widget_type=\"text-editor.default\">\n\t\t\t\t<div class=\"elementor-widget-container\">\n\t\t\t<style>.elementor-element-25571e2{display:none !important}<\/style>\t\t<\/div>\n\t\t\t\t<\/div>\n\t\t\t\t\t<\/div>\n\t\t<\/div>\n\t\t\t\t\t<\/div>\n\t\t<\/section>\n\t\t\t\t<section class=\"elementor-section elementor-top-section elementor-element elementor-element-6036fb8 elementor-section-boxed elementor-section-height-default elementor-section-height-default\" data-id=\"6036fb8\" data-element_type=\"section\" data-settings=\"{&quot;background_background&quot;:&quot;classic&quot;}\">\n\t\t\t\t\t\t<div class=\"elementor-container elementor-column-gap-default\">\n\t\t\t\t\t<div class=\"elementor-column elementor-col-100 elementor-top-column elementor-element elementor-element-e809377\" data-id=\"e809377\" data-element_type=\"column\">\n\t\t\t<div class=\"elementor-widget-wrap elementor-element-populated\">\n\t\t\t\t\t\t<div class=\"elementor-element elementor-element-ef8acde elementor-widget-divider--view-line elementor-widget elementor-widget-divider\" data-id=\"ef8acde\" data-element_type=\"widget\" data-widget_type=\"divider.default\">\n\t\t\t\t<div class=\"elementor-widget-container\">\n\t\t\t\t\t<div class=\"elementor-divider\">\n\t\t\t<span class=\"elementor-divider-separator\">\n\t\t\t\t\t\t<\/span>\n\t\t<\/div>\n\t\t\t\t<\/div>\n\t\t\t\t<\/div>\n\t\t\t\t<div class=\"elementor-element elementor-element-64b2b9f elementor-widget elementor-widget-text-editor\" data-id=\"64b2b9f\" data-element_type=\"widget\" data-widget_type=\"text-editor.default\">\n\t\t\t\t<div class=\"elementor-widget-container\">\n\t\t\t\t\t\t\t<p><b>LES MUS\u00c9ES ET INSTITUTIONS PR\u00caTEUSES<\/b><\/p>\t\t\t\t\t\t<\/div>\n\t\t\t\t<\/div>\n\t\t\t\t<div class=\"elementor-element elementor-element-1ab609f elementor-widget elementor-widget-text-editor\" data-id=\"1ab609f\" data-element_type=\"widget\" data-widget_type=\"text-editor.default\">\n\t\t\t\t<div class=\"elementor-widget-container\">\n\t\t\t\t\t\t\t<p>Speelgoed Museum vzw, Mechelen\u00a0\u2013 Red Star Line Museum, Antwerpen\u00a0\u2013 Etnografische verzamelingen van de Universiteit Gent\u00a0\u2013 Museum voor Pijp en Tabak, Harelbeke\u00a0\u2013 Museum voor Industri\u00eble Archeologie en Textiel, Gent\u00a0\u2013 Musea en Erfgoed vzw, Antwerpen\u00a0\u2013 De Vrienden van de Red Star Line vzw, Antwerpen\u00a0\u2013 Modemuseum Hasselt\u00a0\u2013 Amuse Oudenaarde\u00a0\u2013\u00a0 Confederate Historical Association of Belgium, Bruxelles\u00a0\u2013 Grand Curtius, Li\u00e8ge \u2013 Mus\u00e9e Royal de l&rsquo;Afrique Centrale, Tervuren\u00a0\u2013Institut Royal des Sciences naturelles de Belgique, Bruxelles\u00a0\u2013 D&rsquo;Ieteren Gallery, Bruxelles\u00a0\u2013 Archives Groupe Delhaize, Bruxelles\u00a0\u2013 Mus\u00e9e Royal de l&rsquo;Arm\u00e9e et d&rsquo;Histoire militaire, Bruxelles\u00a0\u2013 Colanuts, Bruxelles\u00a0\u2013 Biblioth\u00e8que de l&rsquo;Universit\u00e9 Libre de Bruxelles\u00a0\u2013 Mus\u00e9es royaux d&rsquo;Art et d&rsquo;Histoire, Bruxelles\u00a0\u2013 M\u00e9morial de Caen\u00a0\u2013 Association French Lines, Le Havre\u00a0\u2013 Mus\u00e9e Franco-Am\u00e9ricain du ch\u00e2teau de Bl\u00e9rancourt\u00a0\u2013 Mus\u00e9e du Nouveau Monde, La Rochelle\u00a0\u2013 Mus\u00e9e National des Arts et M\u00e9tiers, Paris\u00a0\u2013 Kunstmuseum M\u00fclheim in der Alten Post\u00a0\u2013 Mus\u00e9e de la R\u00e9volution fran\u00e7aise, Vizille\u00a0\u2013 Deutsche Kinemathek, Berlin\u00a0\u2013 Betriebsgesellschaft BallinStadt mbH, Hamburg\u00a0\u2013 Deutsches Auswandererhaus, Bremerhaven\u00a0\u2013 Jems Robert Koko Bi\u00a0\u2013 Stella Lohaus Gallery\u00a0\u2013 Maisons des cultures Am\u00e9rindiennes, Qu\u00e9bec\u00a0\u2013 Galerie Aeroplastics, Bruxelles\u00a0\u2013 Atelier \u00ab\u00a0Le Village\u00a0\u00bb, Madagascar\u00a0\u2013 Huis van Alijn, Gent\u00a0\u2013 Archives de l&rsquo;ULB, Bruxelles\u00a0\u2013\u00a0 Biblioth\u00e8que Internationale du Film, Paris\u00a0\u2013 Mus\u00e9e de la Publicit\u00e9, Paris<\/p>\t\t\t\t\t\t<\/div>\n\t\t\t\t<\/div>\n\t\t\t\t<div class=\"elementor-element elementor-element-34ac3d2 elementor-widget elementor-widget-spacer\" data-id=\"34ac3d2\" data-element_type=\"widget\" data-widget_type=\"spacer.default\">\n\t\t\t\t<div class=\"elementor-widget-container\">\n\t\t\t\t\t<div class=\"elementor-spacer\">\n\t\t\t<div class=\"elementor-spacer-inner\"><\/div>\n\t\t<\/div>\n\t\t\t\t<\/div>\n\t\t\t\t<\/div>\n\t\t\t\t\t<\/div>\n\t\t<\/div>\n\t\t\t\t\t<\/div>\n\t\t<\/section>\n\t\t\t\t<\/div>","protected":false},"excerpt":{"rendered":"<p>L\u2019Am\u00e9rique, c\u2019est aussi notre histoire ! Voil\u00e0 pourquoi la perspective choisie est tout \u00e0 la fois chronologique et th\u00e9matique. L\u2019approche th\u00e9matique permet une meilleure lisibilit\u00e9 du projet, tout en \u00e9vitant le pi\u00e8ge de \u00ab l\u2019exhaustivit\u00e9 \u00bb. Le respect de la chronologie offre tout de m\u00eame une vision large des relations euro-am\u00e9ricaines. Par ailleurs, non sans&hellip;&nbsp;<a href=\"http:\/\/www.museuro.eu\/en\/lamerique-cest-aussi-notre-histoire\/\" rel=\"bookmark\">Read More &raquo;<span class=\"screen-reader-text\">L\u2019Am\u00e9rique c\u2019est aussi notre histoire !<\/span><\/a><\/p>","protected":false},"author":3,"featured_media":0,"parent":0,"menu_order":0,"comment_status":"closed","ping_status":"closed","template":"page-templates\/template-pagebuilder-full-width.php","meta":{"neve_meta_sidebar":"full-width","neve_meta_container":"","neve_meta_enable_content_width":"on","neve_meta_content_width":100,"neve_meta_title_alignment":"","neve_meta_author_avatar":"","neve_post_elements_order":"","neve_meta_disable_header":"","neve_meta_disable_footer":"","neve_meta_disable_title":"","footnotes":""},"class_list":["post-3009","page","type-page","status-publish","hentry"],"yoast_head":"<!-- This site is optimized with the Yoast SEO plugin v24.0 - https:\/\/yoast.com\/wordpress\/plugins\/seo\/ -->\n<title>L\u2019Am\u00e9rique c\u2019est aussi notre histoire ! - Mus\u00e9e de L&#039;Europe<\/title>\n<meta name=\"description\" content=\"Pr\u00e9sent\u00e9e de 2010 \u00e0 2011 \u00e0 Bruxelles sur le site de Tour &amp; Taxis, l\u2019exposition historique \u00ab L\u2019Am\u00e9rique, c\u2019est aussi notre Histoire ! \u00bb retrace trois si\u00e8cles de relations entre l\u2019Europe et les \u00c9tats-Unis\" \/>\n<meta name=\"robots\" content=\"index, follow, max-snippet:-1, max-image-preview:large, max-video-preview:-1\" \/>\n<link rel=\"canonical\" href=\"https:\/\/www.museuro.eu\/en\/lamerique-cest-aussi-notre-histoire\/\" \/>\n<meta property=\"og:locale\" content=\"en_GB\" \/>\n<meta property=\"og:type\" content=\"article\" \/>\n<meta property=\"og:title\" content=\"L\u2019Am\u00e9rique c\u2019est aussi notre histoire ! - Mus\u00e9e de L&#039;Europe\" \/>\n<meta property=\"og:description\" content=\"Pr\u00e9sent\u00e9e de 2010 \u00e0 2011 \u00e0 Bruxelles sur le site de Tour &amp; Taxis, l\u2019exposition historique \u00ab L\u2019Am\u00e9rique, c\u2019est aussi notre Histoire ! \u00bb retrace trois si\u00e8cles de relations entre l\u2019Europe et les \u00c9tats-Unis\" \/>\n<meta property=\"og:url\" content=\"https:\/\/www.museuro.eu\/en\/lamerique-cest-aussi-notre-histoire\/\" \/>\n<meta property=\"og:site_name\" content=\"Mus\u00e9e de L&#039;Europe\" \/>\n<meta property=\"article:modified_time\" content=\"2023-02-01T15:52:55+00:00\" \/>\n<meta property=\"og:image\" content=\"https:\/\/www.museuro.eu\/wp-content\/uploads\/2023\/01\/lamerique.png\" \/>\n<meta name=\"twitter:card\" content=\"summary_large_image\" \/>\n<meta name=\"twitter:label1\" content=\"Estimated reading time\" \/>\n\t<meta name=\"twitter:data1\" content=\"4 minutes\" \/>\n<script type=\"application\/ld+json\" class=\"yoast-schema-graph\">{\"@context\":\"https:\/\/schema.org\",\"@graph\":[{\"@type\":\"WebPage\",\"@id\":\"https:\/\/www.museuro.eu\/lamerique-cest-aussi-notre-histoire\/\",\"url\":\"https:\/\/www.museuro.eu\/lamerique-cest-aussi-notre-histoire\/\",\"name\":\"L\u2019Am\u00e9rique c\u2019est aussi notre histoire ! - Mus\u00e9e de L&#039;Europe\",\"isPartOf\":{\"@id\":\"https:\/\/www.museuro.eu\/#website\"},\"primaryImageOfPage\":{\"@id\":\"https:\/\/www.museuro.eu\/lamerique-cest-aussi-notre-histoire\/#primaryimage\"},\"image\":{\"@id\":\"https:\/\/www.museuro.eu\/lamerique-cest-aussi-notre-histoire\/#primaryimage\"},\"thumbnailUrl\":\"https:\/\/www.museuro.eu\/wp-content\/uploads\/2023\/01\/lamerique.png\",\"datePublished\":\"2022-12-21T23:06:28+00:00\",\"dateModified\":\"2023-02-01T15:52:55+00:00\",\"description\":\"Pr\u00e9sent\u00e9e de 2010 \u00e0 2011 \u00e0 Bruxelles sur le site de Tour & Taxis, l\u2019exposition historique \u00ab L\u2019Am\u00e9rique, c\u2019est aussi notre Histoire ! \u00bb retrace trois si\u00e8cles de relations entre l\u2019Europe et les \u00c9tats-Unis\",\"breadcrumb\":{\"@id\":\"https:\/\/www.museuro.eu\/lamerique-cest-aussi-notre-histoire\/#breadcrumb\"},\"inLanguage\":\"en-GB\",\"potentialAction\":[{\"@type\":\"ReadAction\",\"target\":[\"https:\/\/www.museuro.eu\/lamerique-cest-aussi-notre-histoire\/\"]}]},{\"@type\":\"ImageObject\",\"inLanguage\":\"en-GB\",\"@id\":\"https:\/\/www.museuro.eu\/lamerique-cest-aussi-notre-histoire\/#primaryimage\",\"url\":\"https:\/\/www.museuro.eu\/wp-content\/uploads\/2023\/01\/lamerique.png\",\"contentUrl\":\"https:\/\/www.museuro.eu\/wp-content\/uploads\/2023\/01\/lamerique.png\"},{\"@type\":\"BreadcrumbList\",\"@id\":\"https:\/\/www.museuro.eu\/lamerique-cest-aussi-notre-histoire\/#breadcrumb\",\"itemListElement\":[{\"@type\":\"ListItem\",\"position\":1,\"name\":\"Accueil\",\"item\":\"https:\/\/www.museuro.eu\/\"},{\"@type\":\"ListItem\",\"position\":2,\"name\":\"L\u2019Am\u00e9rique c\u2019est aussi notre histoire !\"}]},{\"@type\":\"WebSite\",\"@id\":\"https:\/\/www.museuro.eu\/#website\",\"url\":\"https:\/\/www.museuro.eu\/\",\"name\":\"Mus\u00e9e de L&#039;Europe\",\"description\":\"Dans l&#039;attente d&#039;un nouveau projet\",\"publisher\":{\"@id\":\"https:\/\/www.museuro.eu\/#organization\"},\"potentialAction\":[{\"@type\":\"SearchAction\",\"target\":{\"@type\":\"EntryPoint\",\"urlTemplate\":\"https:\/\/www.museuro.eu\/?s={search_term_string}\"},\"query-input\":{\"@type\":\"PropertyValueSpecification\",\"valueRequired\":true,\"valueName\":\"search_term_string\"}}],\"inLanguage\":\"en-GB\"},{\"@type\":\"Organization\",\"@id\":\"https:\/\/www.museuro.eu\/#organization\",\"name\":\"Mus\u00e9e de L&#039;Europe\",\"url\":\"https:\/\/www.museuro.eu\/\",\"logo\":{\"@type\":\"ImageObject\",\"inLanguage\":\"en-GB\",\"@id\":\"https:\/\/www.museuro.eu\/#\/schema\/logo\/image\/\",\"url\":\"https:\/\/www.museuro.eu\/wp-content\/uploads\/2020\/06\/LOGO-TEMPORA_BLANC_23.02.2016.png\",\"contentUrl\":\"https:\/\/www.museuro.eu\/wp-content\/uploads\/2020\/06\/LOGO-TEMPORA_BLANC_23.02.2016.png\",\"width\":599,\"height\":188,\"caption\":\"Mus\u00e9e de L&#039;Europe\"},\"image\":{\"@id\":\"https:\/\/www.museuro.eu\/#\/schema\/logo\/image\/\"}}]}<\/script>\n<!-- \/ Yoast SEO plugin. -->","yoast_head_json":{"title":"L\u2019Am\u00e9rique c\u2019est aussi notre histoire ! - Mus\u00e9e de L&#039;Europe","description":"Pr\u00e9sent\u00e9e de 2010 \u00e0 2011 \u00e0 Bruxelles sur le site de Tour & Taxis, l\u2019exposition historique \u00ab L\u2019Am\u00e9rique, c\u2019est aussi notre Histoire ! \u00bb retrace trois si\u00e8cles de relations entre l\u2019Europe et les \u00c9tats-Unis","robots":{"index":"index","follow":"follow","max-snippet":"max-snippet:-1","max-image-preview":"max-image-preview:large","max-video-preview":"max-video-preview:-1"},"canonical":"https:\/\/www.museuro.eu\/en\/lamerique-cest-aussi-notre-histoire\/","og_locale":"en_GB","og_type":"article","og_title":"L\u2019Am\u00e9rique c\u2019est aussi notre histoire ! - Mus\u00e9e de L&#039;Europe","og_description":"Pr\u00e9sent\u00e9e de 2010 \u00e0 2011 \u00e0 Bruxelles sur le site de Tour & Taxis, l\u2019exposition historique \u00ab L\u2019Am\u00e9rique, c\u2019est aussi notre Histoire ! \u00bb retrace trois si\u00e8cles de relations entre l\u2019Europe et les \u00c9tats-Unis","og_url":"https:\/\/www.museuro.eu\/en\/lamerique-cest-aussi-notre-histoire\/","og_site_name":"Mus\u00e9e de L&#039;Europe","article_modified_time":"2023-02-01T15:52:55+00:00","og_image":[{"url":"https:\/\/www.museuro.eu\/wp-content\/uploads\/2023\/01\/lamerique.png","type":"","width":"","height":""}],"twitter_card":"summary_large_image","twitter_misc":{"Estimated reading time":"4 minutes"},"schema":{"@context":"https:\/\/schema.org","@graph":[{"@type":"WebPage","@id":"https:\/\/www.museuro.eu\/lamerique-cest-aussi-notre-histoire\/","url":"https:\/\/www.museuro.eu\/lamerique-cest-aussi-notre-histoire\/","name":"L\u2019Am\u00e9rique c\u2019est aussi notre histoire ! - Mus\u00e9e de L&#039;Europe","isPartOf":{"@id":"https:\/\/www.museuro.eu\/#website"},"primaryImageOfPage":{"@id":"https:\/\/www.museuro.eu\/lamerique-cest-aussi-notre-histoire\/#primaryimage"},"image":{"@id":"https:\/\/www.museuro.eu\/lamerique-cest-aussi-notre-histoire\/#primaryimage"},"thumbnailUrl":"https:\/\/www.museuro.eu\/wp-content\/uploads\/2023\/01\/lamerique.png","datePublished":"2022-12-21T23:06:28+00:00","dateModified":"2023-02-01T15:52:55+00:00","description":"Pr\u00e9sent\u00e9e de 2010 \u00e0 2011 \u00e0 Bruxelles sur le site de Tour & Taxis, l\u2019exposition historique \u00ab L\u2019Am\u00e9rique, c\u2019est aussi notre Histoire ! \u00bb retrace trois si\u00e8cles de relations entre l\u2019Europe et les \u00c9tats-Unis","breadcrumb":{"@id":"https:\/\/www.museuro.eu\/lamerique-cest-aussi-notre-histoire\/#breadcrumb"},"inLanguage":"en-GB","potentialAction":[{"@type":"ReadAction","target":["https:\/\/www.museuro.eu\/lamerique-cest-aussi-notre-histoire\/"]}]},{"@type":"ImageObject","inLanguage":"en-GB","@id":"https:\/\/www.museuro.eu\/lamerique-cest-aussi-notre-histoire\/#primaryimage","url":"https:\/\/www.museuro.eu\/wp-content\/uploads\/2023\/01\/lamerique.png","contentUrl":"https:\/\/www.museuro.eu\/wp-content\/uploads\/2023\/01\/lamerique.png"},{"@type":"BreadcrumbList","@id":"https:\/\/www.museuro.eu\/lamerique-cest-aussi-notre-histoire\/#breadcrumb","itemListElement":[{"@type":"ListItem","position":1,"name":"Accueil","item":"https:\/\/www.museuro.eu\/"},{"@type":"ListItem","position":2,"name":"L\u2019Am\u00e9rique c\u2019est aussi notre histoire !"}]},{"@type":"WebSite","@id":"https:\/\/www.museuro.eu\/#website","url":"https:\/\/www.museuro.eu\/","name":"Mus\u00e9e de L&#039;Europe","description":"Dans l&#039;attente d&#039;un nouveau projet","publisher":{"@id":"https:\/\/www.museuro.eu\/#organization"},"potentialAction":[{"@type":"SearchAction","target":{"@type":"EntryPoint","urlTemplate":"https:\/\/www.museuro.eu\/?s={search_term_string}"},"query-input":{"@type":"PropertyValueSpecification","valueRequired":true,"valueName":"search_term_string"}}],"inLanguage":"en-GB"},{"@type":"Organization","@id":"https:\/\/www.museuro.eu\/#organization","name":"Mus\u00e9e de L&#039;Europe","url":"https:\/\/www.museuro.eu\/","logo":{"@type":"ImageObject","inLanguage":"en-GB","@id":"https:\/\/www.museuro.eu\/#\/schema\/logo\/image\/","url":"https:\/\/www.museuro.eu\/wp-content\/uploads\/2020\/06\/LOGO-TEMPORA_BLANC_23.02.2016.png","contentUrl":"https:\/\/www.museuro.eu\/wp-content\/uploads\/2020\/06\/LOGO-TEMPORA_BLANC_23.02.2016.png","width":599,"height":188,"caption":"Mus\u00e9e de L&#039;Europe"},"image":{"@id":"https:\/\/www.museuro.eu\/#\/schema\/logo\/image\/"}}]}},"_links":{"self":[{"href":"http:\/\/www.museuro.eu\/en\/wp-json\/wp\/v2\/pages\/3009","targetHints":{"allow":["GET"]}}],"collection":[{"href":"http:\/\/www.museuro.eu\/en\/wp-json\/wp\/v2\/pages"}],"about":[{"href":"http:\/\/www.museuro.eu\/en\/wp-json\/wp\/v2\/types\/page"}],"author":[{"embeddable":true,"href":"http:\/\/www.museuro.eu\/en\/wp-json\/wp\/v2\/users\/3"}],"replies":[{"embeddable":true,"href":"http:\/\/www.museuro.eu\/en\/wp-json\/wp\/v2\/comments?post=3009"}],"version-history":[{"count":98,"href":"http:\/\/www.museuro.eu\/en\/wp-json\/wp\/v2\/pages\/3009\/revisions"}],"predecessor-version":[{"id":4914,"href":"http:\/\/www.museuro.eu\/en\/wp-json\/wp\/v2\/pages\/3009\/revisions\/4914"}],"wp:attachment":[{"href":"http:\/\/www.museuro.eu\/en\/wp-json\/wp\/v2\/media?parent=3009"}],"curies":[{"name":"wp","href":"https:\/\/api.w.org\/{rel}","templated":true}]}}