{"id":3019,"date":"2022-12-22T00:14:52","date_gmt":"2022-12-21T23:14:52","guid":{"rendered":"http:\/\/www.museuro.eu\/?page_id=3019"},"modified":"2023-02-01T17:45:34","modified_gmt":"2023-02-01T16:45:34","slug":"islam","status":"publish","type":"page","link":"http:\/\/www.museuro.eu\/en\/islam\/","title":{"rendered":"L\u2019Islam c\u2019est aussi notre histoire"},"content":{"rendered":"<div data-elementor-type=\"wp-page\" data-elementor-id=\"3019\" class=\"elementor elementor-3019\">\n\t\t\t\t\t\t<section class=\"elementor-section elementor-top-section elementor-element elementor-element-5eca8a8 elementor-section-height-min-height elementor-section-boxed elementor-section-height-default elementor-section-items-middle\" data-id=\"5eca8a8\" data-element_type=\"section\" data-settings=\"{&quot;background_background&quot;:&quot;classic&quot;}\">\n\t\t\t\t\t\t<div class=\"elementor-container elementor-column-gap-default\">\n\t\t\t\t\t<div class=\"elementor-column elementor-col-100 elementor-top-column elementor-element elementor-element-1a87263\" data-id=\"1a87263\" data-element_type=\"column\">\n\t\t\t<div class=\"elementor-widget-wrap elementor-element-populated\">\n\t\t\t\t\t\t<div class=\"elementor-element elementor-element-8f44e52 elementor-widget elementor-widget-heading\" data-id=\"8f44e52\" data-element_type=\"widget\" data-widget_type=\"heading.default\">\n\t\t\t\t<div class=\"elementor-widget-container\">\n\t\t\t<h2 class=\"elementor-heading-title elementor-size-default\">L\u2019Islam, c\u2019est aussi notre Histoire !<\/h2>\t\t<\/div>\n\t\t\t\t<\/div>\n\t\t\t\t<div class=\"elementor-element elementor-element-eaba0da elementor-widget elementor-widget-heading\" data-id=\"eaba0da\" data-element_type=\"widget\" data-widget_type=\"heading.default\">\n\t\t\t\t<div class=\"elementor-widget-container\">\n\t\t\t<h2 class=\"elementor-heading-title elementor-size-default\">L'Europe et ses h\u00e9ritages musulmans<\/h2>\t\t<\/div>\n\t\t\t\t<\/div>\n\t\t\t\t\t<\/div>\n\t\t<\/div>\n\t\t\t\t\t<\/div>\n\t\t<\/section>\n\t\t\t\t<section class=\"elementor-section elementor-top-section elementor-element elementor-element-14cae2e elementor-section-boxed elementor-section-height-default elementor-section-height-default\" data-id=\"14cae2e\" data-element_type=\"section\" data-settings=\"{&quot;background_background&quot;:&quot;classic&quot;}\">\n\t\t\t\t\t\t<div class=\"elementor-container elementor-column-gap-default\">\n\t\t\t\t\t<div class=\"elementor-column elementor-col-100 elementor-top-column elementor-element elementor-element-4f57764\" data-id=\"4f57764\" data-element_type=\"column\">\n\t\t\t<div class=\"elementor-widget-wrap elementor-element-populated\">\n\t\t\t\t\t\t<div class=\"elementor-element elementor-element-f340dd5 elementor-widget elementor-widget-spacer\" data-id=\"f340dd5\" data-element_type=\"widget\" data-widget_type=\"spacer.default\">\n\t\t\t\t<div class=\"elementor-widget-container\">\n\t\t\t\t\t<div class=\"elementor-spacer\">\n\t\t\t<div class=\"elementor-spacer-inner\"><\/div>\n\t\t<\/div>\n\t\t\t\t<\/div>\n\t\t\t\t<\/div>\n\t\t\t\t\t<\/div>\n\t\t<\/div>\n\t\t\t\t\t<\/div>\n\t\t<\/section>\n\t\t\t\t<section class=\"elementor-section elementor-top-section elementor-element elementor-element-7eb5d41 elementor-section-boxed elementor-section-height-default elementor-section-height-default\" data-id=\"7eb5d41\" data-element_type=\"section\" data-settings=\"{&quot;background_background&quot;:&quot;classic&quot;}\">\n\t\t\t\t\t\t<div class=\"elementor-container elementor-column-gap-default\">\n\t\t\t\t\t<div class=\"elementor-column elementor-col-50 elementor-top-column elementor-element elementor-element-41bf577\" data-id=\"41bf577\" data-element_type=\"column\">\n\t\t\t<div class=\"elementor-widget-wrap elementor-element-populated\">\n\t\t\t\t\t\t<div class=\"elementor-element elementor-element-ea0b274 elementor-widget elementor-widget-image\" data-id=\"ea0b274\" data-element_type=\"widget\" data-widget_type=\"image.default\">\n\t\t\t\t<div class=\"elementor-widget-container\">\n\t\t\t\t\t\t\t\t\t\t\t\t\t<img fetchpriority=\"high\" decoding=\"async\" width=\"1024\" height=\"642\" src=\"https:\/\/www.museuro.eu\/wp-content\/uploads\/2023\/01\/Islam-3-scaled-e1673263533971-1024x642.jpg\" class=\"attachment-large size-large wp-image-3493\" alt=\"\" srcset=\"https:\/\/www.museuro.eu\/wp-content\/uploads\/2023\/01\/Islam-3-scaled-e1673263533971-1024x642.jpg 1024w, https:\/\/www.museuro.eu\/wp-content\/uploads\/2023\/01\/Islam-3-scaled-e1673263533971-300x188.jpg 300w, https:\/\/www.museuro.eu\/wp-content\/uploads\/2023\/01\/Islam-3-scaled-e1673263533971-768x482.jpg 768w, https:\/\/www.museuro.eu\/wp-content\/uploads\/2023\/01\/Islam-3-scaled-e1673263533971-1536x963.jpg 1536w, https:\/\/www.museuro.eu\/wp-content\/uploads\/2023\/01\/Islam-3-scaled-e1673263533971-2048x1284.jpg 2048w, https:\/\/www.museuro.eu\/wp-content\/uploads\/2023\/01\/Islam-3-scaled-e1673263533971-18x12.jpg 18w\" sizes=\"(max-width: 1024px) 100vw, 1024px\" \/>\t\t\t\t\t\t\t\t\t\t\t\t\t<\/div>\n\t\t\t\t<\/div>\n\t\t\t\t\t<\/div>\n\t\t<\/div>\n\t\t\t\t<div class=\"elementor-column elementor-col-50 elementor-top-column elementor-element elementor-element-589446c\" data-id=\"589446c\" data-element_type=\"column\">\n\t\t\t<div class=\"elementor-widget-wrap elementor-element-populated\">\n\t\t\t\t\t\t<div class=\"elementor-element elementor-element-cb3a182 elementor-widget elementor-widget-image\" data-id=\"cb3a182\" data-element_type=\"widget\" data-widget_type=\"image.default\">\n\t\t\t\t<div class=\"elementor-widget-container\">\n\t\t\t\t\t\t\t\t\t\t\t\t\t<img decoding=\"async\" width=\"628\" height=\"392\" src=\"https:\/\/www.museuro.eu\/wp-content\/uploads\/2023\/01\/islam.png\" class=\"attachment-large size-large wp-image-3498\" alt=\"\" srcset=\"https:\/\/www.museuro.eu\/wp-content\/uploads\/2023\/01\/islam.png 628w, https:\/\/www.museuro.eu\/wp-content\/uploads\/2023\/01\/islam-300x187.png 300w, https:\/\/www.museuro.eu\/wp-content\/uploads\/2023\/01\/islam-18x12.png 18w\" sizes=\"(max-width: 628px) 100vw, 628px\" \/>\t\t\t\t\t\t\t\t\t\t\t\t\t<\/div>\n\t\t\t\t<\/div>\n\t\t\t\t\t<\/div>\n\t\t<\/div>\n\t\t\t\t\t<\/div>\n\t\t<\/section>\n\t\t\t\t<section class=\"elementor-section elementor-top-section elementor-element elementor-element-c35ee51 elementor-section-boxed elementor-section-height-default elementor-section-height-default\" data-id=\"c35ee51\" data-element_type=\"section\" data-settings=\"{&quot;background_background&quot;:&quot;classic&quot;}\">\n\t\t\t\t\t\t<div class=\"elementor-container elementor-column-gap-default\">\n\t\t\t\t\t<div class=\"elementor-column elementor-col-100 elementor-top-column elementor-element elementor-element-3837be7\" data-id=\"3837be7\" data-element_type=\"column\">\n\t\t\t<div class=\"elementor-widget-wrap elementor-element-populated\">\n\t\t\t\t\t\t<div class=\"elementor-element elementor-element-8d80bcb elementor-widget elementor-widget-text-editor\" data-id=\"8d80bcb\" data-element_type=\"widget\" data-widget_type=\"text-editor.default\">\n\t\t\t\t<div class=\"elementor-widget-container\">\n\t\t\t\t\t\t\t<p style=\"text-align: justify;\">Islam, c\u2019est aussi notre Histoire\u00a0!\u00a0est une exposition de civilisation qui vient bousculer le pr\u00e9jug\u00e9 selon lequel\u00a0l\u2019arriv\u00e9e de l\u2019Islam en Europe n\u2019est qu\u2019un ph\u00e9nom\u00e8ne r\u00e9cent. Son sc\u00e9nario,\u00a0scientifique, nous \u00e9claire sur le patrimoine laiss\u00e9 par la civilisation musulmane\u00a0sur le sol europ\u00e9en en 13 si\u00e8cles de pr\u00e9sence. Plus qu\u2019une exposition sur l\u2019Islam\u00a0en tant que religion, elle se fonde sur la notion d\u2019h\u00e9ritage et en distingue\u00a0trois, sur des p\u00e9riodes historiques diff\u00e9rentes\u00a0: l\u2019h\u00e9ritage arabe, l\u2019h\u00e9ritage\u00a0ottoman et l\u2019h\u00e9ritage colonial.<\/p><p style=\"text-align: justify;\">Son parcours, organis\u00e9 selon ces\u00a0trois h\u00e9ritages, propose \u00e9galement une r\u00e9flexion sur l\u2019Islam dans la soci\u00e9t\u00e9\u00a0contemporaine et la place des populations musulmanes en Europe. Elle emploie plusieurs\u00a0dispositifs de m\u00e9diation\u00a0: audiovisuel, bornes interactives et ludiques,\u00a0cartes anim\u00e9es et expose des pi\u00e8ces historiques et \u0153uvres d&rsquo;art, appartenant au Mus\u00e9e de l&rsquo;Europe ou pr\u00eat\u00e9es par divers mus\u00e9es europ\u00e9ens et artistes contemporains.\u00a0<\/p><p>\u00a0<\/p><p style=\"text-align: justify;\">Islam, c\u2019est aussi notre Histoire\u00a0!\u00a0a \u00e9t\u00e9 pr\u00e9sent\u00e9e \u00e0 Sarajevo au Bosniak Institute en 2017 et s\u2019est install\u00e9e \u00e0\u00a0Bruxelles fin 2017 \u00e0 2018.<\/p>\t\t\t\t\t\t<\/div>\n\t\t\t\t<\/div>\n\t\t\t\t<div class=\"elementor-element elementor-element-7866b0c elementor-widget elementor-widget-text-editor\" data-id=\"7866b0c\" data-element_type=\"widget\" data-widget_type=\"text-editor.default\">\n\t\t\t\t<div class=\"elementor-widget-container\">\n\t\t\t<style>.elementor-element-7866b0c{display:none !important}<\/style>\t\t<\/div>\n\t\t\t\t<\/div>\n\t\t\t\t<div class=\"elementor-element elementor-element-4d2898e elementor-widget-divider--view-line elementor-widget elementor-widget-divider\" data-id=\"4d2898e\" data-element_type=\"widget\" data-widget_type=\"divider.default\">\n\t\t\t\t<div class=\"elementor-widget-container\">\n\t\t\t\t\t<div class=\"elementor-divider\">\n\t\t\t<span class=\"elementor-divider-separator\">\n\t\t\t\t\t\t<\/span>\n\t\t<\/div>\n\t\t\t\t<\/div>\n\t\t\t\t<\/div>\n\t\t\t\t<div class=\"elementor-element elementor-element-2633f23 elementor-widget elementor-widget-heading\" data-id=\"2633f23\" data-element_type=\"widget\" data-widget_type=\"heading.default\">\n\t\t\t\t<div class=\"elementor-widget-container\">\n\t\t\t<h2 class=\"elementor-heading-title elementor-size-default\">LES MUS\u00c9ES ET INSTITUTIONS PR\u00caTEUSES<\/h2>\t\t<\/div>\n\t\t\t\t<\/div>\n\t\t\t\t<div class=\"elementor-element elementor-element-47944e2 elementor-widget elementor-widget-text-editor\" data-id=\"47944e2\" data-element_type=\"widget\" data-widget_type=\"text-editor.default\">\n\t\t\t\t<div class=\"elementor-widget-container\">\n\t\t\t\t\t\t\t<p>Biblioth\u00e8ques de l&rsquo;Universit\u00e9 catholique de Louvain&nbsp;\u2013 Collection MHFA, Histoire de France et d&rsquo;Alg\u00e9rie&nbsp;\u2013 Montpellier M\u00e9diterran\u00e9e M\u00e9tropole&nbsp;\u2013 Galerie Circonstance, Nice&nbsp;\u2013 Galerie Eric Dupont, Paris&nbsp;\u2013 Galerie Italienne, Paris&nbsp;\u2013 Galerie Tanja Wagner, Berlin&nbsp;\u2013 Galerie Transit, Mechelen&nbsp;\u2013 Institut du monde arabe, Paris&nbsp;\u2013 Institute of Ethnology and Folklore Studies with Ethnographic Museum, Sofia&nbsp;\u2013 Biblioth\u00e8que royale de Belgique, Bruxelles&nbsp;\u2013 Mus\u00e9e d&rsquo;Art et d&rsquo;Histoire, Bruxelles&nbsp;\u2013 Mus\u00e9e des arts d\u00e9coratifs, Berlin&nbsp;\u2013&nbsp;Collections Nationales de Dresde \u2013 L&rsquo;Agence culturelle d&rsquo;Alsace \u2013 Mus\u00e9e de l&rsquo;Arm\u00e9e, Paris \u2013 Mus\u00e9e de la c\u00e9ramique d&rsquo;Andenne \u2013 Mus\u00e9e de la Vie Wallonne, Li\u00e8ge \u2013 Mus\u00e9e national de l&rsquo;histoire de l&rsquo;immigration, Paris \u2013 Mus\u00e9e Porte de Hal, Bruxelles \u2013 Mus\u00e9e arch\u00e9ologique national, Madrid \u2013 Mus\u00e9e Prasa, Torrecampo \u2013 Mus\u00e9e des Instruments de Musique, Bruxelles \u2013 Luc Frech\u00e9 \u2013 Olivier Ch\u00e2tenet \u2013 Collection priv\u00e9e, Isabelle Beno\u00eet \u2013 School Gallery, Paris \u2013 The Third Line, Dubai \u2013 TreM.a, Collection Soci\u00e9t\u00e9 arch\u00e9ologique de Namur \u2013 Mus\u00e9e royal de l&rsquo;Arm\u00e9e et de l&rsquo;Histoire militaire, Bruxelles<\/p>\t\t\t\t\t\t<\/div>\n\t\t\t\t<\/div>\n\t\t\t\t<div class=\"elementor-element elementor-element-988500c elementor-widget elementor-widget-spacer\" data-id=\"988500c\" data-element_type=\"widget\" data-widget_type=\"spacer.default\">\n\t\t\t\t<div class=\"elementor-widget-container\">\n\t\t\t\t\t<div class=\"elementor-spacer\">\n\t\t\t<div class=\"elementor-spacer-inner\"><\/div>\n\t\t<\/div>\n\t\t\t\t<\/div>\n\t\t\t\t<\/div>\n\t\t\t\t\t<\/div>\n\t\t<\/div>\n\t\t\t\t\t<\/div>\n\t\t<\/section>\n\t\t\t\t<\/div>","protected":false},"excerpt":{"rendered":"<p>L\u2019Islam, c\u2019est aussi notre Histoire ! L&rsquo;Europe et ses h\u00e9ritages musulmans Islam, c\u2019est aussi notre Histoire\u00a0!\u00a0est une exposition de civilisation qui vient bousculer le pr\u00e9jug\u00e9 selon lequel\u00a0l\u2019arriv\u00e9e de l\u2019Islam en Europe n\u2019est qu\u2019un ph\u00e9nom\u00e8ne r\u00e9cent. Son sc\u00e9nario,\u00a0scientifique, nous \u00e9claire sur le patrimoine laiss\u00e9 par la civilisation musulmane\u00a0sur le sol europ\u00e9en en 13 si\u00e8cles de pr\u00e9sence.&hellip;&nbsp;<a href=\"http:\/\/www.museuro.eu\/en\/islam\/\" rel=\"bookmark\">Read More &raquo;<span class=\"screen-reader-text\">L\u2019Islam c\u2019est aussi notre histoire<\/span><\/a><\/p>","protected":false},"author":3,"featured_media":0,"parent":0,"menu_order":0,"comment_status":"closed","ping_status":"closed","template":"page-templates\/template-pagebuilder-full-width.php","meta":{"neve_meta_sidebar":"full-width","neve_meta_container":"","neve_meta_enable_content_width":"on","neve_meta_content_width":100,"neve_meta_title_alignment":"","neve_meta_author_avatar":"","neve_post_elements_order":"","neve_meta_disable_header":"","neve_meta_disable_footer":"","neve_meta_disable_title":"","footnotes":""},"class_list":["post-3019","page","type-page","status-publish","hentry"],"yoast_head":"<!-- This site is optimized with the Yoast SEO plugin v24.0 - https:\/\/yoast.com\/wordpress\/plugins\/seo\/ -->\n<title>L\u2019Islam c\u2019est aussi notre histoire - Mus\u00e9e de L&#039;Europe<\/title>\n<meta name=\"description\" content=\"Islam, c\u2019est aussi notre Histoire ! est une exposition de civilisation qui vient bousculer le pr\u00e9jug\u00e9 selon lequel l\u2019arriv\u00e9e de l\u2019Islam en Europe n\u2019est qu\u2019un ph\u00e9nom\u00e8ne r\u00e9cent. Son sc\u00e9nario, scientifique, nous \u00e9claire sur le patrimoine laiss\u00e9 par la civilisation musulmane sur le sol europ\u00e9en en 13 si\u00e8cles de pr\u00e9sence.\" \/>\n<meta name=\"robots\" content=\"index, follow, max-snippet:-1, max-image-preview:large, max-video-preview:-1\" \/>\n<link rel=\"canonical\" href=\"https:\/\/www.museuro.eu\/en\/islam\/\" \/>\n<meta property=\"og:locale\" content=\"en_GB\" \/>\n<meta property=\"og:type\" content=\"article\" \/>\n<meta property=\"og:title\" content=\"L\u2019Islam c\u2019est aussi notre histoire - Mus\u00e9e de L&#039;Europe\" \/>\n<meta property=\"og:description\" content=\"Islam, c\u2019est aussi notre Histoire ! est une exposition de civilisation qui vient bousculer le pr\u00e9jug\u00e9 selon lequel l\u2019arriv\u00e9e de l\u2019Islam en Europe n\u2019est qu\u2019un ph\u00e9nom\u00e8ne r\u00e9cent. Son sc\u00e9nario, scientifique, nous \u00e9claire sur le patrimoine laiss\u00e9 par la civilisation musulmane sur le sol europ\u00e9en en 13 si\u00e8cles de pr\u00e9sence.\" \/>\n<meta property=\"og:url\" content=\"https:\/\/www.museuro.eu\/en\/islam\/\" \/>\n<meta property=\"og:site_name\" content=\"Mus\u00e9e de L&#039;Europe\" \/>\n<meta property=\"article:modified_time\" content=\"2023-02-01T16:45:34+00:00\" \/>\n<meta property=\"og:image\" content=\"https:\/\/www.museuro.eu\/wp-content\/uploads\/2023\/01\/Islam-3-scaled-e1673263533971-1024x642.jpg\" \/>\n<meta name=\"twitter:card\" content=\"summary_large_image\" \/>\n<meta name=\"twitter:label1\" content=\"Estimated reading time\" \/>\n\t<meta name=\"twitter:data1\" content=\"3 minutes\" \/>\n<script type=\"application\/ld+json\" class=\"yoast-schema-graph\">{\"@context\":\"https:\/\/schema.org\",\"@graph\":[{\"@type\":\"WebPage\",\"@id\":\"https:\/\/www.museuro.eu\/islam\/\",\"url\":\"https:\/\/www.museuro.eu\/islam\/\",\"name\":\"L\u2019Islam c\u2019est aussi notre histoire - Mus\u00e9e de L&#039;Europe\",\"isPartOf\":{\"@id\":\"https:\/\/www.museuro.eu\/#website\"},\"primaryImageOfPage\":{\"@id\":\"https:\/\/www.museuro.eu\/islam\/#primaryimage\"},\"image\":{\"@id\":\"https:\/\/www.museuro.eu\/islam\/#primaryimage\"},\"thumbnailUrl\":\"https:\/\/www.museuro.eu\/wp-content\/uploads\/2023\/01\/Islam-3-scaled-e1673263533971-1024x642.jpg\",\"datePublished\":\"2022-12-21T23:14:52+00:00\",\"dateModified\":\"2023-02-01T16:45:34+00:00\",\"description\":\"Islam, c\u2019est aussi notre Histoire ! est une exposition de civilisation qui vient bousculer le pr\u00e9jug\u00e9 selon lequel l\u2019arriv\u00e9e de l\u2019Islam en Europe n\u2019est qu\u2019un ph\u00e9nom\u00e8ne r\u00e9cent. Son sc\u00e9nario, scientifique, nous \u00e9claire sur le patrimoine laiss\u00e9 par la civilisation musulmane sur le sol europ\u00e9en en 13 si\u00e8cles de pr\u00e9sence.\",\"breadcrumb\":{\"@id\":\"https:\/\/www.museuro.eu\/islam\/#breadcrumb\"},\"inLanguage\":\"en-GB\",\"potentialAction\":[{\"@type\":\"ReadAction\",\"target\":[\"https:\/\/www.museuro.eu\/islam\/\"]}]},{\"@type\":\"ImageObject\",\"inLanguage\":\"en-GB\",\"@id\":\"https:\/\/www.museuro.eu\/islam\/#primaryimage\",\"url\":\"https:\/\/www.museuro.eu\/wp-content\/uploads\/2023\/01\/Islam-3-scaled-e1673263533971-1024x642.jpg\",\"contentUrl\":\"https:\/\/www.museuro.eu\/wp-content\/uploads\/2023\/01\/Islam-3-scaled-e1673263533971-1024x642.jpg\"},{\"@type\":\"BreadcrumbList\",\"@id\":\"https:\/\/www.museuro.eu\/islam\/#breadcrumb\",\"itemListElement\":[{\"@type\":\"ListItem\",\"position\":1,\"name\":\"Accueil\",\"item\":\"https:\/\/www.museuro.eu\/\"},{\"@type\":\"ListItem\",\"position\":2,\"name\":\"L\u2019Islam c\u2019est aussi notre histoire\"}]},{\"@type\":\"WebSite\",\"@id\":\"https:\/\/www.museuro.eu\/#website\",\"url\":\"https:\/\/www.museuro.eu\/\",\"name\":\"Mus\u00e9e de L&#039;Europe\",\"description\":\"Dans l&#039;attente d&#039;un nouveau projet\",\"publisher\":{\"@id\":\"https:\/\/www.museuro.eu\/#organization\"},\"potentialAction\":[{\"@type\":\"SearchAction\",\"target\":{\"@type\":\"EntryPoint\",\"urlTemplate\":\"https:\/\/www.museuro.eu\/?s={search_term_string}\"},\"query-input\":{\"@type\":\"PropertyValueSpecification\",\"valueRequired\":true,\"valueName\":\"search_term_string\"}}],\"inLanguage\":\"en-GB\"},{\"@type\":\"Organization\",\"@id\":\"https:\/\/www.museuro.eu\/#organization\",\"name\":\"Mus\u00e9e de L&#039;Europe\",\"url\":\"https:\/\/www.museuro.eu\/\",\"logo\":{\"@type\":\"ImageObject\",\"inLanguage\":\"en-GB\",\"@id\":\"https:\/\/www.museuro.eu\/#\/schema\/logo\/image\/\",\"url\":\"https:\/\/www.museuro.eu\/wp-content\/uploads\/2020\/06\/LOGO-TEMPORA_BLANC_23.02.2016.png\",\"contentUrl\":\"https:\/\/www.museuro.eu\/wp-content\/uploads\/2020\/06\/LOGO-TEMPORA_BLANC_23.02.2016.png\",\"width\":599,\"height\":188,\"caption\":\"Mus\u00e9e de L&#039;Europe\"},\"image\":{\"@id\":\"https:\/\/www.museuro.eu\/#\/schema\/logo\/image\/\"}}]}<\/script>\n<!-- \/ Yoast SEO plugin. -->","yoast_head_json":{"title":"L\u2019Islam c\u2019est aussi notre histoire - Mus\u00e9e de L&#039;Europe","description":"Islam, c\u2019est aussi notre Histoire ! est une exposition de civilisation qui vient bousculer le pr\u00e9jug\u00e9 selon lequel l\u2019arriv\u00e9e de l\u2019Islam en Europe n\u2019est qu\u2019un ph\u00e9nom\u00e8ne r\u00e9cent. Son sc\u00e9nario, scientifique, nous \u00e9claire sur le patrimoine laiss\u00e9 par la civilisation musulmane sur le sol europ\u00e9en en 13 si\u00e8cles de pr\u00e9sence.","robots":{"index":"index","follow":"follow","max-snippet":"max-snippet:-1","max-image-preview":"max-image-preview:large","max-video-preview":"max-video-preview:-1"},"canonical":"https:\/\/www.museuro.eu\/en\/islam\/","og_locale":"en_GB","og_type":"article","og_title":"L\u2019Islam c\u2019est aussi notre histoire - Mus\u00e9e de L&#039;Europe","og_description":"Islam, c\u2019est aussi notre Histoire ! est une exposition de civilisation qui vient bousculer le pr\u00e9jug\u00e9 selon lequel l\u2019arriv\u00e9e de l\u2019Islam en Europe n\u2019est qu\u2019un ph\u00e9nom\u00e8ne r\u00e9cent. Son sc\u00e9nario, scientifique, nous \u00e9claire sur le patrimoine laiss\u00e9 par la civilisation musulmane sur le sol europ\u00e9en en 13 si\u00e8cles de pr\u00e9sence.","og_url":"https:\/\/www.museuro.eu\/en\/islam\/","og_site_name":"Mus\u00e9e de L&#039;Europe","article_modified_time":"2023-02-01T16:45:34+00:00","og_image":[{"url":"https:\/\/www.museuro.eu\/wp-content\/uploads\/2023\/01\/Islam-3-scaled-e1673263533971-1024x642.jpg","type":"","width":"","height":""}],"twitter_card":"summary_large_image","twitter_misc":{"Estimated reading time":"3 minutes"},"schema":{"@context":"https:\/\/schema.org","@graph":[{"@type":"WebPage","@id":"https:\/\/www.museuro.eu\/islam\/","url":"https:\/\/www.museuro.eu\/islam\/","name":"L\u2019Islam c\u2019est aussi notre histoire - Mus\u00e9e de L&#039;Europe","isPartOf":{"@id":"https:\/\/www.museuro.eu\/#website"},"primaryImageOfPage":{"@id":"https:\/\/www.museuro.eu\/islam\/#primaryimage"},"image":{"@id":"https:\/\/www.museuro.eu\/islam\/#primaryimage"},"thumbnailUrl":"https:\/\/www.museuro.eu\/wp-content\/uploads\/2023\/01\/Islam-3-scaled-e1673263533971-1024x642.jpg","datePublished":"2022-12-21T23:14:52+00:00","dateModified":"2023-02-01T16:45:34+00:00","description":"Islam, c\u2019est aussi notre Histoire ! est une exposition de civilisation qui vient bousculer le pr\u00e9jug\u00e9 selon lequel l\u2019arriv\u00e9e de l\u2019Islam en Europe n\u2019est qu\u2019un ph\u00e9nom\u00e8ne r\u00e9cent. Son sc\u00e9nario, scientifique, nous \u00e9claire sur le patrimoine laiss\u00e9 par la civilisation musulmane sur le sol europ\u00e9en en 13 si\u00e8cles de pr\u00e9sence.","breadcrumb":{"@id":"https:\/\/www.museuro.eu\/islam\/#breadcrumb"},"inLanguage":"en-GB","potentialAction":[{"@type":"ReadAction","target":["https:\/\/www.museuro.eu\/islam\/"]}]},{"@type":"ImageObject","inLanguage":"en-GB","@id":"https:\/\/www.museuro.eu\/islam\/#primaryimage","url":"https:\/\/www.museuro.eu\/wp-content\/uploads\/2023\/01\/Islam-3-scaled-e1673263533971-1024x642.jpg","contentUrl":"https:\/\/www.museuro.eu\/wp-content\/uploads\/2023\/01\/Islam-3-scaled-e1673263533971-1024x642.jpg"},{"@type":"BreadcrumbList","@id":"https:\/\/www.museuro.eu\/islam\/#breadcrumb","itemListElement":[{"@type":"ListItem","position":1,"name":"Accueil","item":"https:\/\/www.museuro.eu\/"},{"@type":"ListItem","position":2,"name":"L\u2019Islam c\u2019est aussi notre histoire"}]},{"@type":"WebSite","@id":"https:\/\/www.museuro.eu\/#website","url":"https:\/\/www.museuro.eu\/","name":"Mus\u00e9e de L&#039;Europe","description":"Dans l&#039;attente d&#039;un nouveau projet","publisher":{"@id":"https:\/\/www.museuro.eu\/#organization"},"potentialAction":[{"@type":"SearchAction","target":{"@type":"EntryPoint","urlTemplate":"https:\/\/www.museuro.eu\/?s={search_term_string}"},"query-input":{"@type":"PropertyValueSpecification","valueRequired":true,"valueName":"search_term_string"}}],"inLanguage":"en-GB"},{"@type":"Organization","@id":"https:\/\/www.museuro.eu\/#organization","name":"Mus\u00e9e de L&#039;Europe","url":"https:\/\/www.museuro.eu\/","logo":{"@type":"ImageObject","inLanguage":"en-GB","@id":"https:\/\/www.museuro.eu\/#\/schema\/logo\/image\/","url":"https:\/\/www.museuro.eu\/wp-content\/uploads\/2020\/06\/LOGO-TEMPORA_BLANC_23.02.2016.png","contentUrl":"https:\/\/www.museuro.eu\/wp-content\/uploads\/2020\/06\/LOGO-TEMPORA_BLANC_23.02.2016.png","width":599,"height":188,"caption":"Mus\u00e9e de L&#039;Europe"},"image":{"@id":"https:\/\/www.museuro.eu\/#\/schema\/logo\/image\/"}}]}},"_links":{"self":[{"href":"http:\/\/www.museuro.eu\/en\/wp-json\/wp\/v2\/pages\/3019","targetHints":{"allow":["GET"]}}],"collection":[{"href":"http:\/\/www.museuro.eu\/en\/wp-json\/wp\/v2\/pages"}],"about":[{"href":"http:\/\/www.museuro.eu\/en\/wp-json\/wp\/v2\/types\/page"}],"author":[{"embeddable":true,"href":"http:\/\/www.museuro.eu\/en\/wp-json\/wp\/v2\/users\/3"}],"replies":[{"embeddable":true,"href":"http:\/\/www.museuro.eu\/en\/wp-json\/wp\/v2\/comments?post=3019"}],"version-history":[{"count":39,"href":"http:\/\/www.museuro.eu\/en\/wp-json\/wp\/v2\/pages\/3019\/revisions"}],"predecessor-version":[{"id":4932,"href":"http:\/\/www.museuro.eu\/en\/wp-json\/wp\/v2\/pages\/3019\/revisions\/4932"}],"wp:attachment":[{"href":"http:\/\/www.museuro.eu\/en\/wp-json\/wp\/v2\/media?parent=3019"}],"curies":[{"name":"wp","href":"https:\/\/api.w.org\/{rel}","templated":true}]}}