{"id":3025,"date":"2022-12-22T00:17:55","date_gmt":"2022-12-21T23:17:55","guid":{"rendered":"http:\/\/www.museuro.eu\/?page_id=3025"},"modified":"2023-01-30T10:24:57","modified_gmt":"2023-01-30T09:24:57","slug":"cest-notre-terre","status":"publish","type":"page","link":"http:\/\/www.museuro.eu\/en\/cest-notre-terre\/","title":{"rendered":"C&rsquo;est notre Terre !"},"content":{"rendered":"<div data-elementor-type=\"wp-page\" data-elementor-id=\"3025\" class=\"elementor elementor-3025\">\n\t\t\t\t\t\t<section class=\"elementor-section elementor-top-section elementor-element elementor-element-2584d34 elementor-section-height-min-height elementor-section-boxed elementor-section-height-default elementor-section-items-middle\" data-id=\"2584d34\" data-element_type=\"section\" data-settings=\"{&quot;background_background&quot;:&quot;classic&quot;}\">\n\t\t\t\t\t\t<div class=\"elementor-container elementor-column-gap-default\">\n\t\t\t\t\t<div class=\"elementor-column elementor-col-100 elementor-top-column elementor-element elementor-element-8a21338\" data-id=\"8a21338\" data-element_type=\"column\">\n\t\t\t<div class=\"elementor-widget-wrap elementor-element-populated\">\n\t\t\t\t\t\t<div class=\"elementor-element elementor-element-c57370f elementor-widget elementor-widget-heading\" data-id=\"c57370f\" data-element_type=\"widget\" data-widget_type=\"heading.default\">\n\t\t\t\t<div class=\"elementor-widget-container\">\n\t\t\t<h2 class=\"elementor-heading-title elementor-size-default\">C'est notre terre !<\/h2>\t\t<\/div>\n\t\t\t\t<\/div>\n\t\t\t\t\t<\/div>\n\t\t<\/div>\n\t\t\t\t\t<\/div>\n\t\t<\/section>\n\t\t\t\t<section class=\"elementor-section elementor-top-section elementor-element elementor-element-47c293e elementor-section-boxed elementor-section-height-default elementor-section-height-default\" data-id=\"47c293e\" data-element_type=\"section\" data-settings=\"{&quot;background_background&quot;:&quot;classic&quot;}\">\n\t\t\t\t\t\t<div class=\"elementor-container elementor-column-gap-default\">\n\t\t\t\t\t<div class=\"elementor-column elementor-col-100 elementor-top-column elementor-element elementor-element-966409d\" data-id=\"966409d\" data-element_type=\"column\">\n\t\t\t<div class=\"elementor-widget-wrap elementor-element-populated\">\n\t\t\t\t\t\t<div class=\"elementor-element elementor-element-b93adcd elementor-widget elementor-widget-spacer\" data-id=\"b93adcd\" data-element_type=\"widget\" data-widget_type=\"spacer.default\">\n\t\t\t\t<div class=\"elementor-widget-container\">\n\t\t\t\t\t<div class=\"elementor-spacer\">\n\t\t\t<div class=\"elementor-spacer-inner\"><\/div>\n\t\t<\/div>\n\t\t\t\t<\/div>\n\t\t\t\t<\/div>\n\t\t\t\t\t<\/div>\n\t\t<\/div>\n\t\t\t\t\t<\/div>\n\t\t<\/section>\n\t\t\t\t<section class=\"elementor-section elementor-top-section elementor-element elementor-element-ffdcf5e elementor-section-boxed elementor-section-height-default elementor-section-height-default\" data-id=\"ffdcf5e\" data-element_type=\"section\" data-settings=\"{&quot;background_background&quot;:&quot;classic&quot;}\">\n\t\t\t\t\t\t<div class=\"elementor-container elementor-column-gap-default\">\n\t\t\t\t\t<div class=\"elementor-column elementor-col-50 elementor-top-column elementor-element elementor-element-2d61e6c\" data-id=\"2d61e6c\" data-element_type=\"column\">\n\t\t\t<div class=\"elementor-widget-wrap elementor-element-populated\">\n\t\t\t\t\t\t<div class=\"elementor-element elementor-element-3eef8cf elementor-widget elementor-widget-image\" data-id=\"3eef8cf\" data-element_type=\"widget\" data-widget_type=\"image.default\">\n\t\t\t\t<div class=\"elementor-widget-container\">\n\t\t\t\t\t\t\t\t\t\t\t\t\t<img fetchpriority=\"high\" decoding=\"async\" width=\"1024\" height=\"687\" src=\"https:\/\/www.museuro.eu\/wp-content\/uploads\/2023\/01\/ALL-1-1024x687.png\" class=\"attachment-large size-large wp-image-3426\" alt=\"\" srcset=\"https:\/\/www.museuro.eu\/wp-content\/uploads\/2023\/01\/ALL-1-1024x687.png 1024w, https:\/\/www.museuro.eu\/wp-content\/uploads\/2023\/01\/ALL-1-300x201.png 300w, https:\/\/www.museuro.eu\/wp-content\/uploads\/2023\/01\/ALL-1-768x515.png 768w, https:\/\/www.museuro.eu\/wp-content\/uploads\/2023\/01\/ALL-1-1536x1030.png 1536w, https:\/\/www.museuro.eu\/wp-content\/uploads\/2023\/01\/ALL-1-18x12.png 18w, https:\/\/www.museuro.eu\/wp-content\/uploads\/2023\/01\/ALL-1.png 1610w\" sizes=\"(max-width: 1024px) 100vw, 1024px\" \/>\t\t\t\t\t\t\t\t\t\t\t\t\t<\/div>\n\t\t\t\t<\/div>\n\t\t\t\t<div class=\"elementor-element elementor-element-22646a5 elementor-widget elementor-widget-text-editor\" data-id=\"22646a5\" data-element_type=\"widget\" data-widget_type=\"text-editor.default\">\n\t\t\t\t<div class=\"elementor-widget-container\">\n\t\t\t\t\t\t\t<p>Articul\u00e9e autour du th\u00e8me du temps (le temps de la terre ; le temps des Hommes ; le temps des \u00e9cosyst\u00e8mes ; le temps des solutions), l\u2019exposition s\u2019appuie sur une mus\u00e9ographie contemporaine et innovante faisant intervenir activit\u00e9s interactives, objets d\u2019exception, installations sc\u00e9nographiques spectaculaires et \u0153uvres d\u2019art pour cr\u00e9er une exp\u00e9rience de visite in\u00e9dite, qu\u2019ont pu vivre plus de 200 000 visiteurs. Tout au long du parcours, l\u2019exposition permet de d\u00e9couvrir la terre de fa\u00e7on originale avec une invitation permanente \u00e0 la r\u00e9flexion quant \u00e0 l\u2019utilisation des ressources qui s\u2019\u00e9puisent inexorablement.<\/p>\t\t\t\t\t\t<\/div>\n\t\t\t\t<\/div>\n\t\t\t\t<div class=\"elementor-element elementor-element-4984c90 elementor-widget elementor-widget-image\" data-id=\"4984c90\" data-element_type=\"widget\" data-widget_type=\"image.default\">\n\t\t\t\t<div class=\"elementor-widget-container\">\n\t\t\t\t\t\t\t\t\t\t\t\t\t<img decoding=\"async\" width=\"752\" height=\"460\" src=\"https:\/\/www.museuro.eu\/wp-content\/uploads\/2022\/12\/Terre-e1673002135914.jpg\" class=\"attachment-large size-large wp-image-2935\" alt=\"\" srcset=\"https:\/\/www.museuro.eu\/wp-content\/uploads\/2022\/12\/Terre-e1673002135914.jpg 752w, https:\/\/www.museuro.eu\/wp-content\/uploads\/2022\/12\/Terre-e1673002135914-300x184.jpg 300w, https:\/\/www.museuro.eu\/wp-content\/uploads\/2022\/12\/Terre-e1673002135914-18x12.jpg 18w\" sizes=\"(max-width: 752px) 100vw, 752px\" \/>\t\t\t\t\t\t\t\t\t\t\t\t\t<\/div>\n\t\t\t\t<\/div>\n\t\t\t\t\t<\/div>\n\t\t<\/div>\n\t\t\t\t<div class=\"elementor-column elementor-col-50 elementor-top-column elementor-element elementor-element-94d3c08\" data-id=\"94d3c08\" data-element_type=\"column\">\n\t\t\t<div class=\"elementor-widget-wrap elementor-element-populated\">\n\t\t\t\t\t\t<div class=\"elementor-element elementor-element-c796e32 elementor-widget elementor-widget-text-editor\" data-id=\"c796e32\" data-element_type=\"widget\" data-widget_type=\"text-editor.default\">\n\t\t\t\t<div class=\"elementor-widget-container\">\n\t\t\t\t\t\t\t<ul>La Terre existe sans l\u2019homme, mais l\u2019humanit\u00e9 ne peut en aucun cas se passer des ressources terrestres. Or, certaines de ces ressources sont \u00e9puisables et certains \u00e9cosyst\u00e8mes portent lourdement l\u2019empreinte de l\u2019humanit\u00e9. L\u2019exposition \u00ab C\u2019est notre terre ! \u00bb se propose de faire r\u00e9fl\u00e9chir sur les liens qui unissent la Terre et ses occupants sans volont\u00e9 de culpabiliser mais avec la volont\u00e9 claire de ne pas occulter les probl\u00e8mes.<\/ul>\t\t\t\t\t\t<\/div>\n\t\t\t\t<\/div>\n\t\t\t\t<div class=\"elementor-element elementor-element-4477e3f elementor-widget elementor-widget-image\" data-id=\"4477e3f\" data-element_type=\"widget\" data-widget_type=\"image.default\">\n\t\t\t\t<div class=\"elementor-widget-container\">\n\t\t\t\t\t\t\t\t\t\t\t\t\t<img decoding=\"async\" width=\"1536\" height=\"804\" src=\"https:\/\/www.museuro.eu\/wp-content\/uploads\/2023\/01\/C_est-notre-terre-2_-Interactif-1536x804.png\" class=\"attachment-1536x1536 size-1536x1536 wp-image-3420\" alt=\"\" srcset=\"https:\/\/www.museuro.eu\/wp-content\/uploads\/2023\/01\/C_est-notre-terre-2_-Interactif-1536x804.png 1536w, https:\/\/www.museuro.eu\/wp-content\/uploads\/2023\/01\/C_est-notre-terre-2_-Interactif-300x157.png 300w, https:\/\/www.museuro.eu\/wp-content\/uploads\/2023\/01\/C_est-notre-terre-2_-Interactif-1024x536.png 1024w, https:\/\/www.museuro.eu\/wp-content\/uploads\/2023\/01\/C_est-notre-terre-2_-Interactif-768x402.png 768w, https:\/\/www.museuro.eu\/wp-content\/uploads\/2023\/01\/C_est-notre-terre-2_-Interactif-2048x1072.png 2048w, https:\/\/www.museuro.eu\/wp-content\/uploads\/2023\/01\/C_est-notre-terre-2_-Interactif-18x9.png 18w\" sizes=\"(max-width: 1536px) 100vw, 1536px\" \/>\t\t\t\t\t\t\t\t\t\t\t\t\t<\/div>\n\t\t\t\t<\/div>\n\t\t\t\t<div class=\"elementor-element elementor-element-2c93944 elementor-widget elementor-widget-text-editor\" data-id=\"2c93944\" data-element_type=\"widget\" data-widget_type=\"text-editor.default\">\n\t\t\t\t<div class=\"elementor-widget-container\">\n\t\t\t\t\t\t\t<p style=\"text-align: justify;\"><span lang=\"FR\">Loin de pr\u00e9senter un point de vue uniquement pessimiste de la situation, l\u2019exposition\u00a0\u00ab C\u2019est Notre terre ! \u00bb illustre \u00e9galement des solutions d\u2019un point de vue\u00a0ludique et innovant. Bien plus qu\u2019une exposition \u00e0 voir, il s\u2019agit d\u2019une\u00a0exposition \u00e0 vivre !<br \/>Cette derni\u00e8re, r\u00e9alis\u00e9e en partenariat avec\u00a0<\/span>la Fondation Polaire Internationale de l\u2019explorateur Alain Hubert ainsi que\u00a0<span style=\"letter-spacing: 0px;\">Bruxelles Environnement (IBGE)<\/span><span style=\"letter-spacing: 0px;\">\u00a0a \u00e9t\u00e9 pr\u00e9sent\u00e9e en 2008 \u00e0 Tour &amp; Taxis \u00e0 Bruxelles.\u00a0<\/span><\/p>\t\t\t\t\t\t<\/div>\n\t\t\t\t<\/div>\n\t\t\t\t<div class=\"elementor-element elementor-element-0729d7e elementor-widget elementor-widget-text-editor\" data-id=\"0729d7e\" data-element_type=\"widget\" data-widget_type=\"text-editor.default\">\n\t\t\t\t<div class=\"elementor-widget-container\">\n\t\t\t<style>.elementor-element-0729d7e{display:none !important}<\/style>\t\t<\/div>\n\t\t\t\t<\/div>\n\t\t\t\t\t<\/div>\n\t\t<\/div>\n\t\t\t\t\t<\/div>\n\t\t<\/section>\n\t\t\t\t<section class=\"elementor-section elementor-top-section elementor-element elementor-element-743993d elementor-section-boxed elementor-section-height-default elementor-section-height-default\" data-id=\"743993d\" data-element_type=\"section\" data-settings=\"{&quot;background_background&quot;:&quot;classic&quot;}\">\n\t\t\t\t\t\t<div class=\"elementor-container elementor-column-gap-default\">\n\t\t\t\t\t<div class=\"elementor-column elementor-col-100 elementor-top-column elementor-element elementor-element-0a0fac4\" data-id=\"0a0fac4\" data-element_type=\"column\">\n\t\t\t<div class=\"elementor-widget-wrap elementor-element-populated\">\n\t\t\t\t\t\t<section class=\"elementor-section elementor-inner-section elementor-element elementor-element-3afe0da elementor-section-boxed elementor-section-height-default elementor-section-height-default\" data-id=\"3afe0da\" data-element_type=\"section\">\n\t\t\t\t\t\t<div class=\"elementor-container elementor-column-gap-default\">\n\t\t\t\t\t<div class=\"elementor-column elementor-col-50 elementor-inner-column elementor-element elementor-element-e1fc831\" data-id=\"e1fc831\" data-element_type=\"column\">\n\t\t\t<div class=\"elementor-widget-wrap\">\n\t\t\t\t\t\t\t<\/div>\n\t\t<\/div>\n\t\t\t\t<div class=\"elementor-column elementor-col-50 elementor-inner-column elementor-element elementor-element-94378e2\" data-id=\"94378e2\" data-element_type=\"column\">\n\t\t\t<div class=\"elementor-widget-wrap\">\n\t\t\t\t\t\t\t<\/div>\n\t\t<\/div>\n\t\t\t\t\t<\/div>\n\t\t<\/section>\n\t\t\t\t<div class=\"elementor-element elementor-element-f674431 elementor-widget elementor-widget-spacer\" data-id=\"f674431\" data-element_type=\"widget\" data-widget_type=\"spacer.default\">\n\t\t\t\t<div class=\"elementor-widget-container\">\n\t\t\t\t\t<div class=\"elementor-spacer\">\n\t\t\t<div class=\"elementor-spacer-inner\"><\/div>\n\t\t<\/div>\n\t\t\t\t<\/div>\n\t\t\t\t<\/div>\n\t\t\t\t\t<\/div>\n\t\t<\/div>\n\t\t\t\t\t<\/div>\n\t\t<\/section>\n\t\t\t\t<\/div>","protected":false},"excerpt":{"rendered":"<p>C&rsquo;est notre terre ! Articul\u00e9e autour du th\u00e8me du temps (le temps de la terre ; le temps des Hommes ; le temps des \u00e9cosyst\u00e8mes ; le temps des solutions), l\u2019exposition s\u2019appuie sur une mus\u00e9ographie contemporaine et innovante faisant intervenir activit\u00e9s interactives, objets d\u2019exception, installations sc\u00e9nographiques spectaculaires et \u0153uvres d\u2019art pour cr\u00e9er une exp\u00e9rience de&hellip;&nbsp;<a href=\"http:\/\/www.museuro.eu\/en\/cest-notre-terre\/\" rel=\"bookmark\">Read More &raquo;<span class=\"screen-reader-text\">C&rsquo;est notre Terre !<\/span><\/a><\/p>","protected":false},"author":3,"featured_media":0,"parent":0,"menu_order":0,"comment_status":"closed","ping_status":"closed","template":"page-templates\/template-pagebuilder-full-width.php","meta":{"neve_meta_sidebar":"full-width","neve_meta_container":"","neve_meta_enable_content_width":"on","neve_meta_content_width":100,"neve_meta_title_alignment":"","neve_meta_author_avatar":"","neve_post_elements_order":"","neve_meta_disable_header":"","neve_meta_disable_footer":"","neve_meta_disable_title":"","footnotes":""},"class_list":["post-3025","page","type-page","status-publish","hentry"],"yoast_head":"<!-- This site is optimized with the Yoast SEO plugin v24.0 - https:\/\/yoast.com\/wordpress\/plugins\/seo\/ -->\n<title>C&#039;est notre Terre ! - Mus\u00e9e de L&#039;Europe<\/title>\n<meta name=\"description\" content=\"L\u2019exposition \u00ab C\u2019est notre terre ! \u00bb se propose de faire r\u00e9fl\u00e9chir sur les liens qui unissent la Terre et ses occupants sans volont\u00e9 de culpabiliser mais avec la volont\u00e9 claire de ne pas occulter les probl\u00e8mes.\" \/>\n<meta name=\"robots\" content=\"index, follow, max-snippet:-1, max-image-preview:large, max-video-preview:-1\" \/>\n<link rel=\"canonical\" href=\"https:\/\/www.museuro.eu\/en\/cest-notre-terre\/\" \/>\n<meta property=\"og:locale\" content=\"en_GB\" \/>\n<meta property=\"og:type\" content=\"article\" \/>\n<meta property=\"og:title\" content=\"C&#039;est notre Terre ! - Mus\u00e9e de L&#039;Europe\" \/>\n<meta property=\"og:description\" content=\"L\u2019exposition \u00ab C\u2019est notre terre ! \u00bb se propose de faire r\u00e9fl\u00e9chir sur les liens qui unissent la Terre et ses occupants sans volont\u00e9 de culpabiliser mais avec la volont\u00e9 claire de ne pas occulter les probl\u00e8mes.\" \/>\n<meta property=\"og:url\" content=\"https:\/\/www.museuro.eu\/en\/cest-notre-terre\/\" \/>\n<meta property=\"og:site_name\" content=\"Mus\u00e9e de L&#039;Europe\" \/>\n<meta property=\"article:modified_time\" content=\"2023-01-30T09:24:57+00:00\" \/>\n<meta property=\"og:image\" content=\"http:\/\/www.museuro.eu\/wp-content\/uploads\/2023\/01\/ALL-1-1024x687.png\" \/>\n<meta name=\"twitter:card\" content=\"summary_large_image\" \/>\n<meta name=\"twitter:label1\" content=\"Estimated reading time\" \/>\n\t<meta name=\"twitter:data1\" content=\"2 minutes\" \/>\n<script type=\"application\/ld+json\" class=\"yoast-schema-graph\">{\"@context\":\"https:\/\/schema.org\",\"@graph\":[{\"@type\":\"WebPage\",\"@id\":\"https:\/\/www.museuro.eu\/cest-notre-terre\/\",\"url\":\"https:\/\/www.museuro.eu\/cest-notre-terre\/\",\"name\":\"C'est notre Terre ! - Mus\u00e9e de L&#039;Europe\",\"isPartOf\":{\"@id\":\"https:\/\/www.museuro.eu\/#website\"},\"primaryImageOfPage\":{\"@id\":\"https:\/\/www.museuro.eu\/cest-notre-terre\/#primaryimage\"},\"image\":{\"@id\":\"https:\/\/www.museuro.eu\/cest-notre-terre\/#primaryimage\"},\"thumbnailUrl\":\"http:\/\/www.museuro.eu\/wp-content\/uploads\/2023\/01\/ALL-1-1024x687.png\",\"datePublished\":\"2022-12-21T23:17:55+00:00\",\"dateModified\":\"2023-01-30T09:24:57+00:00\",\"description\":\"L\u2019exposition \u00ab C\u2019est notre terre ! \u00bb se propose de faire r\u00e9fl\u00e9chir sur les liens qui unissent la Terre et ses occupants sans volont\u00e9 de culpabiliser mais avec la volont\u00e9 claire de ne pas occulter les probl\u00e8mes.\",\"breadcrumb\":{\"@id\":\"https:\/\/www.museuro.eu\/cest-notre-terre\/#breadcrumb\"},\"inLanguage\":\"en-GB\",\"potentialAction\":[{\"@type\":\"ReadAction\",\"target\":[\"https:\/\/www.museuro.eu\/cest-notre-terre\/\"]}]},{\"@type\":\"ImageObject\",\"inLanguage\":\"en-GB\",\"@id\":\"https:\/\/www.museuro.eu\/cest-notre-terre\/#primaryimage\",\"url\":\"http:\/\/www.museuro.eu\/wp-content\/uploads\/2023\/01\/ALL-1-1024x687.png\",\"contentUrl\":\"http:\/\/www.museuro.eu\/wp-content\/uploads\/2023\/01\/ALL-1-1024x687.png\"},{\"@type\":\"BreadcrumbList\",\"@id\":\"https:\/\/www.museuro.eu\/cest-notre-terre\/#breadcrumb\",\"itemListElement\":[{\"@type\":\"ListItem\",\"position\":1,\"name\":\"Accueil\",\"item\":\"https:\/\/www.museuro.eu\/\"},{\"@type\":\"ListItem\",\"position\":2,\"name\":\"C&rsquo;est notre Terre !\"}]},{\"@type\":\"WebSite\",\"@id\":\"https:\/\/www.museuro.eu\/#website\",\"url\":\"https:\/\/www.museuro.eu\/\",\"name\":\"Mus\u00e9e de L&#039;Europe\",\"description\":\"Dans l&#039;attente d&#039;un nouveau projet\",\"publisher\":{\"@id\":\"https:\/\/www.museuro.eu\/#organization\"},\"potentialAction\":[{\"@type\":\"SearchAction\",\"target\":{\"@type\":\"EntryPoint\",\"urlTemplate\":\"https:\/\/www.museuro.eu\/?s={search_term_string}\"},\"query-input\":{\"@type\":\"PropertyValueSpecification\",\"valueRequired\":true,\"valueName\":\"search_term_string\"}}],\"inLanguage\":\"en-GB\"},{\"@type\":\"Organization\",\"@id\":\"https:\/\/www.museuro.eu\/#organization\",\"name\":\"Mus\u00e9e de L&#039;Europe\",\"url\":\"https:\/\/www.museuro.eu\/\",\"logo\":{\"@type\":\"ImageObject\",\"inLanguage\":\"en-GB\",\"@id\":\"https:\/\/www.museuro.eu\/#\/schema\/logo\/image\/\",\"url\":\"https:\/\/www.museuro.eu\/wp-content\/uploads\/2020\/06\/LOGO-TEMPORA_BLANC_23.02.2016.png\",\"contentUrl\":\"https:\/\/www.museuro.eu\/wp-content\/uploads\/2020\/06\/LOGO-TEMPORA_BLANC_23.02.2016.png\",\"width\":599,\"height\":188,\"caption\":\"Mus\u00e9e de L&#039;Europe\"},\"image\":{\"@id\":\"https:\/\/www.museuro.eu\/#\/schema\/logo\/image\/\"}}]}<\/script>\n<!-- \/ Yoast SEO plugin. -->","yoast_head_json":{"title":"C'est notre Terre ! - Mus\u00e9e de L&#039;Europe","description":"L\u2019exposition \u00ab C\u2019est notre terre ! \u00bb se propose de faire r\u00e9fl\u00e9chir sur les liens qui unissent la Terre et ses occupants sans volont\u00e9 de culpabiliser mais avec la volont\u00e9 claire de ne pas occulter les probl\u00e8mes.","robots":{"index":"index","follow":"follow","max-snippet":"max-snippet:-1","max-image-preview":"max-image-preview:large","max-video-preview":"max-video-preview:-1"},"canonical":"https:\/\/www.museuro.eu\/en\/cest-notre-terre\/","og_locale":"en_GB","og_type":"article","og_title":"C'est notre Terre ! - Mus\u00e9e de L&#039;Europe","og_description":"L\u2019exposition \u00ab C\u2019est notre terre ! \u00bb se propose de faire r\u00e9fl\u00e9chir sur les liens qui unissent la Terre et ses occupants sans volont\u00e9 de culpabiliser mais avec la volont\u00e9 claire de ne pas occulter les probl\u00e8mes.","og_url":"https:\/\/www.museuro.eu\/en\/cest-notre-terre\/","og_site_name":"Mus\u00e9e de L&#039;Europe","article_modified_time":"2023-01-30T09:24:57+00:00","og_image":[{"url":"http:\/\/www.museuro.eu\/wp-content\/uploads\/2023\/01\/ALL-1-1024x687.png","type":"","width":"","height":""}],"twitter_card":"summary_large_image","twitter_misc":{"Estimated reading time":"2 minutes"},"schema":{"@context":"https:\/\/schema.org","@graph":[{"@type":"WebPage","@id":"https:\/\/www.museuro.eu\/cest-notre-terre\/","url":"https:\/\/www.museuro.eu\/cest-notre-terre\/","name":"C'est notre Terre ! - Mus\u00e9e de L&#039;Europe","isPartOf":{"@id":"https:\/\/www.museuro.eu\/#website"},"primaryImageOfPage":{"@id":"https:\/\/www.museuro.eu\/cest-notre-terre\/#primaryimage"},"image":{"@id":"https:\/\/www.museuro.eu\/cest-notre-terre\/#primaryimage"},"thumbnailUrl":"http:\/\/www.museuro.eu\/wp-content\/uploads\/2023\/01\/ALL-1-1024x687.png","datePublished":"2022-12-21T23:17:55+00:00","dateModified":"2023-01-30T09:24:57+00:00","description":"L\u2019exposition \u00ab C\u2019est notre terre ! \u00bb se propose de faire r\u00e9fl\u00e9chir sur les liens qui unissent la Terre et ses occupants sans volont\u00e9 de culpabiliser mais avec la volont\u00e9 claire de ne pas occulter les probl\u00e8mes.","breadcrumb":{"@id":"https:\/\/www.museuro.eu\/cest-notre-terre\/#breadcrumb"},"inLanguage":"en-GB","potentialAction":[{"@type":"ReadAction","target":["https:\/\/www.museuro.eu\/cest-notre-terre\/"]}]},{"@type":"ImageObject","inLanguage":"en-GB","@id":"https:\/\/www.museuro.eu\/cest-notre-terre\/#primaryimage","url":"http:\/\/www.museuro.eu\/wp-content\/uploads\/2023\/01\/ALL-1-1024x687.png","contentUrl":"http:\/\/www.museuro.eu\/wp-content\/uploads\/2023\/01\/ALL-1-1024x687.png"},{"@type":"BreadcrumbList","@id":"https:\/\/www.museuro.eu\/cest-notre-terre\/#breadcrumb","itemListElement":[{"@type":"ListItem","position":1,"name":"Accueil","item":"https:\/\/www.museuro.eu\/"},{"@type":"ListItem","position":2,"name":"C&rsquo;est notre Terre !"}]},{"@type":"WebSite","@id":"https:\/\/www.museuro.eu\/#website","url":"https:\/\/www.museuro.eu\/","name":"Mus\u00e9e de L&#039;Europe","description":"Dans l&#039;attente d&#039;un nouveau projet","publisher":{"@id":"https:\/\/www.museuro.eu\/#organization"},"potentialAction":[{"@type":"SearchAction","target":{"@type":"EntryPoint","urlTemplate":"https:\/\/www.museuro.eu\/?s={search_term_string}"},"query-input":{"@type":"PropertyValueSpecification","valueRequired":true,"valueName":"search_term_string"}}],"inLanguage":"en-GB"},{"@type":"Organization","@id":"https:\/\/www.museuro.eu\/#organization","name":"Mus\u00e9e de L&#039;Europe","url":"https:\/\/www.museuro.eu\/","logo":{"@type":"ImageObject","inLanguage":"en-GB","@id":"https:\/\/www.museuro.eu\/#\/schema\/logo\/image\/","url":"https:\/\/www.museuro.eu\/wp-content\/uploads\/2020\/06\/LOGO-TEMPORA_BLANC_23.02.2016.png","contentUrl":"https:\/\/www.museuro.eu\/wp-content\/uploads\/2020\/06\/LOGO-TEMPORA_BLANC_23.02.2016.png","width":599,"height":188,"caption":"Mus\u00e9e de L&#039;Europe"},"image":{"@id":"https:\/\/www.museuro.eu\/#\/schema\/logo\/image\/"}}]}},"_links":{"self":[{"href":"http:\/\/www.museuro.eu\/en\/wp-json\/wp\/v2\/pages\/3025","targetHints":{"allow":["GET"]}}],"collection":[{"href":"http:\/\/www.museuro.eu\/en\/wp-json\/wp\/v2\/pages"}],"about":[{"href":"http:\/\/www.museuro.eu\/en\/wp-json\/wp\/v2\/types\/page"}],"author":[{"embeddable":true,"href":"http:\/\/www.museuro.eu\/en\/wp-json\/wp\/v2\/users\/3"}],"replies":[{"embeddable":true,"href":"http:\/\/www.museuro.eu\/en\/wp-json\/wp\/v2\/comments?post=3025"}],"version-history":[{"count":95,"href":"http:\/\/www.museuro.eu\/en\/wp-json\/wp\/v2\/pages\/3025\/revisions"}],"predecessor-version":[{"id":4803,"href":"http:\/\/www.museuro.eu\/en\/wp-json\/wp\/v2\/pages\/3025\/revisions\/4803"}],"wp:attachment":[{"href":"http:\/\/www.museuro.eu\/en\/wp-json\/wp\/v2\/media?parent=3025"}],"curies":[{"name":"wp","href":"https:\/\/api.w.org\/{rel}","templated":true}]}}