{"id":4706,"date":"2023-01-26T15:48:54","date_gmt":"2023-01-26T14:48:54","guid":{"rendered":"http:\/\/www.museuro.eu\/?page_id=4706"},"modified":"2023-01-30T10:30:45","modified_gmt":"2023-01-30T09:30:45","slug":"la-belle-europe","status":"publish","type":"page","link":"http:\/\/www.museuro.eu\/en\/la-belle-europe\/","title":{"rendered":"La Belle Europe"},"content":{"rendered":"<div data-elementor-type=\"wp-page\" data-elementor-id=\"4706\" class=\"elementor elementor-4706\">\n\t\t\t\t\t\t<section class=\"elementor-section elementor-top-section elementor-element elementor-element-df45e02 elementor-section-height-min-height elementor-section-boxed elementor-section-height-default elementor-section-items-middle\" data-id=\"df45e02\" data-element_type=\"section\" data-settings=\"{&quot;background_background&quot;:&quot;classic&quot;}\">\n\t\t\t\t\t\t<div class=\"elementor-container elementor-column-gap-default\">\n\t\t\t\t\t<div class=\"elementor-column elementor-col-100 elementor-top-column elementor-element elementor-element-1156de7\" data-id=\"1156de7\" data-element_type=\"column\">\n\t\t\t<div class=\"elementor-widget-wrap elementor-element-populated\">\n\t\t\t\t\t\t<div class=\"elementor-element elementor-element-743d11d elementor-widget elementor-widget-heading\" data-id=\"743d11d\" data-element_type=\"widget\" data-widget_type=\"heading.default\">\n\t\t\t\t<div class=\"elementor-widget-container\">\n\t\t\t<h2 class=\"elementor-heading-title elementor-size-default\">La Belle Europe<\/h2>\t\t<\/div>\n\t\t\t\t<\/div>\n\t\t\t\t\t<\/div>\n\t\t<\/div>\n\t\t\t\t\t<\/div>\n\t\t<\/section>\n\t\t\t\t<section class=\"elementor-section elementor-top-section elementor-element elementor-element-c300642 elementor-section-boxed elementor-section-height-default elementor-section-height-default\" data-id=\"c300642\" data-element_type=\"section\" data-settings=\"{&quot;background_background&quot;:&quot;classic&quot;}\">\n\t\t\t\t\t\t<div class=\"elementor-container elementor-column-gap-default\">\n\t\t\t\t\t<div class=\"elementor-column elementor-col-100 elementor-top-column elementor-element elementor-element-aea46bc\" data-id=\"aea46bc\" data-element_type=\"column\">\n\t\t\t<div class=\"elementor-widget-wrap elementor-element-populated\">\n\t\t\t\t\t\t<div class=\"elementor-element elementor-element-65c4356 elementor-widget elementor-widget-spacer\" data-id=\"65c4356\" data-element_type=\"widget\" data-widget_type=\"spacer.default\">\n\t\t\t\t<div class=\"elementor-widget-container\">\n\t\t\t\t\t<div class=\"elementor-spacer\">\n\t\t\t<div class=\"elementor-spacer-inner\"><\/div>\n\t\t<\/div>\n\t\t\t\t<\/div>\n\t\t\t\t<\/div>\n\t\t\t\t<div class=\"elementor-element elementor-element-fd35a10 elementor-widget elementor-widget-text-editor\" data-id=\"fd35a10\" data-element_type=\"widget\" data-widget_type=\"text-editor.default\">\n\t\t\t\t<div class=\"elementor-widget-container\">\n\t\t\t\t\t\t\t<p>L\u2019exposition \u00ab La Belle Europe \u00bb fut en 2001 l\u2019\u00e9v\u00e9nement culturel de la pr\u00e9sidence belge de l\u2019Union europ\u00e9enne. Le parcours de l\u2019exposition \u00e9tait con\u00e7u comme un encha\u00eenement de pavillons th\u00e9matiques, fragments v\u00e9ritables d\u2019une exposition universelle imaginaire, o\u00f9 l\u2019esprit de la Belle Epoque \u00e9tait cens\u00e9 s\u2019incarner autour de trois th\u00e8mes principaux : la religion du progr\u00e8s \u2013 v\u00e9ritable religion s\u00e9culi\u00e8re \u2013, le messianisme de l\u2019universel \u2013 le mod\u00e8le europ\u00e9en impos\u00e9 au reste du monde \u2013, et la beaut\u00e9 en action \u2013 tension dans l\u2019art entre l\u2019h\u00e9ritage des anciens et la perc\u00e9e des modernes. Sans \u00e9luder la face sombre de l\u2019Europe du XIXe si\u00e8cle \u2013 colonialisme, conditions de vie mis\u00e9rables de la vie ouvri\u00e8re, \u00e9migration de masse,&#8230;\u2013 l\u2019exposition montrait tout ce dont nous sommes redevables \u00e0 cette Europe-l\u00e0 : des centaines d\u2019innovations techniques, les d\u00e9couvertes qui fondent la science moderne, les sources esth\u00e9tiques de notre si\u00e8cle, la conqu\u00eate de la vitesse, les premi\u00e8res lois sociales, les libert\u00e9s fondamentales, la d\u00e9mocratie, et des tentatives de d\u00e9passer les conflits entre les Etats. Car entre 1871 et 1914, l\u2019Europe connut la plus longue p\u00e9riode de paix de son histoire. Il aura fallu attendre 1989 pour que ce record soit battu.<\/p>\n<p>Organis\u00e9e aux Mus\u00e9es royaux d\u2019Art et D\u2019Histoire \u00e0 Bruxelles, l\u2019exposition a attir\u00e9 pr\u00e8s de 60.000 visiteurs.<\/p>\t\t\t\t\t\t<\/div>\n\t\t\t\t<\/div>\n\t\t\t\t<section class=\"elementor-section elementor-inner-section elementor-element elementor-element-2c3a207 elementor-section-boxed elementor-section-height-default elementor-section-height-default\" data-id=\"2c3a207\" data-element_type=\"section\">\n\t\t\t\t\t\t<div class=\"elementor-container elementor-column-gap-default\">\n\t\t\t\t\t<div class=\"elementor-column elementor-col-50 elementor-inner-column elementor-element elementor-element-a147211\" data-id=\"a147211\" data-element_type=\"column\">\n\t\t\t<div class=\"elementor-widget-wrap elementor-element-populated\">\n\t\t\t\t\t\t<div class=\"elementor-element elementor-element-f290654 elementor-widget elementor-widget-image\" data-id=\"f290654\" data-element_type=\"widget\" data-widget_type=\"image.default\">\n\t\t\t\t<div class=\"elementor-widget-container\">\n\t\t\t\t\t\t\t\t\t\t\t\t\t<img fetchpriority=\"high\" decoding=\"async\" width=\"1024\" height=\"655\" src=\"https:\/\/www.museuro.eu\/wp-content\/uploads\/2023\/01\/LBE2-e1674812046131-1024x655.png\" class=\"attachment-large size-large wp-image-4739\" alt=\"\" srcset=\"https:\/\/www.museuro.eu\/wp-content\/uploads\/2023\/01\/LBE2-e1674812046131-1024x655.png 1024w, https:\/\/www.museuro.eu\/wp-content\/uploads\/2023\/01\/LBE2-e1674812046131-300x192.png 300w, https:\/\/www.museuro.eu\/wp-content\/uploads\/2023\/01\/LBE2-e1674812046131-768x492.png 768w, https:\/\/www.museuro.eu\/wp-content\/uploads\/2023\/01\/LBE2-e1674812046131-18x12.png 18w, https:\/\/www.museuro.eu\/wp-content\/uploads\/2023\/01\/LBE2-e1674812046131.png 1175w\" sizes=\"(max-width: 1024px) 100vw, 1024px\" \/>\t\t\t\t\t\t\t\t\t\t\t\t\t<\/div>\n\t\t\t\t<\/div>\n\t\t\t\t\t<\/div>\n\t\t<\/div>\n\t\t\t\t<div class=\"elementor-column elementor-col-50 elementor-inner-column elementor-element elementor-element-dd4588b\" data-id=\"dd4588b\" data-element_type=\"column\">\n\t\t\t<div class=\"elementor-widget-wrap elementor-element-populated\">\n\t\t\t\t\t\t<div class=\"elementor-element elementor-element-230c58a elementor-widget elementor-widget-image\" data-id=\"230c58a\" data-element_type=\"widget\" data-widget_type=\"image.default\">\n\t\t\t\t<div class=\"elementor-widget-container\">\n\t\t\t\t\t\t\t\t\t\t\t\t\t<img decoding=\"async\" width=\"1024\" height=\"657\" src=\"https:\/\/www.museuro.eu\/wp-content\/uploads\/2023\/01\/LBE1-e1674812167272-1024x657.png\" class=\"attachment-large size-large wp-image-4740\" alt=\"\" srcset=\"https:\/\/www.museuro.eu\/wp-content\/uploads\/2023\/01\/LBE1-e1674812167272-1024x657.png 1024w, https:\/\/www.museuro.eu\/wp-content\/uploads\/2023\/01\/LBE1-e1674812167272-300x193.png 300w, https:\/\/www.museuro.eu\/wp-content\/uploads\/2023\/01\/LBE1-e1674812167272-768x493.png 768w, https:\/\/www.museuro.eu\/wp-content\/uploads\/2023\/01\/LBE1-e1674812167272-18x12.png 18w, https:\/\/www.museuro.eu\/wp-content\/uploads\/2023\/01\/LBE1-e1674812167272.png 1178w\" sizes=\"(max-width: 1024px) 100vw, 1024px\" \/>\t\t\t\t\t\t\t\t\t\t\t\t\t<\/div>\n\t\t\t\t<\/div>\n\t\t\t\t\t<\/div>\n\t\t<\/div>\n\t\t\t\t\t<\/div>\n\t\t<\/section>\n\t\t\t\t<div class=\"elementor-element elementor-element-b0786af elementor-widget elementor-widget-spacer\" data-id=\"b0786af\" data-element_type=\"widget\" data-widget_type=\"spacer.default\">\n\t\t\t\t<div class=\"elementor-widget-container\">\n\t\t\t\t\t<div class=\"elementor-spacer\">\n\t\t\t<div class=\"elementor-spacer-inner\"><\/div>\n\t\t<\/div>\n\t\t\t\t<\/div>\n\t\t\t\t<\/div>\n\t\t\t\t\t<\/div>\n\t\t<\/div>\n\t\t\t\t\t<\/div>\n\t\t<\/section>\n\t\t\t\t<\/div>","protected":false},"excerpt":{"rendered":"<p>La Belle Europe L\u2019exposition \u00ab La Belle Europe \u00bb fut en 2001 l\u2019\u00e9v\u00e9nement culturel de la pr\u00e9sidence belge de l\u2019Union europ\u00e9enne. Le parcours de l\u2019exposition \u00e9tait con\u00e7u comme un encha\u00eenement de pavillons th\u00e9matiques, fragments v\u00e9ritables d\u2019une exposition universelle imaginaire, o\u00f9 l\u2019esprit de la Belle Epoque \u00e9tait cens\u00e9 s\u2019incarner autour de trois th\u00e8mes principaux : la&hellip;&nbsp;<a href=\"http:\/\/www.museuro.eu\/en\/la-belle-europe\/\" rel=\"bookmark\">Read More &raquo;<span class=\"screen-reader-text\">La Belle Europe<\/span><\/a><\/p>","protected":false},"author":9,"featured_media":0,"parent":0,"menu_order":0,"comment_status":"closed","ping_status":"closed","template":"page-templates\/template-pagebuilder-full-width.php","meta":{"neve_meta_sidebar":"full-width","neve_meta_container":"","neve_meta_enable_content_width":"on","neve_meta_content_width":100,"neve_meta_title_alignment":"","neve_meta_author_avatar":"","neve_post_elements_order":"","neve_meta_disable_header":"","neve_meta_disable_footer":"","neve_meta_disable_title":"","footnotes":""},"class_list":["post-4706","page","type-page","status-publish","hentry"],"yoast_head":"<!-- This site is optimized with the Yoast SEO plugin v24.0 - https:\/\/yoast.com\/wordpress\/plugins\/seo\/ -->\n<title>La Belle Europe - Mus\u00e9e de L&#039;Europe<\/title>\n<meta name=\"description\" content=\"Le parcours de l\u2019exposition &quot;La Belle Europe&quot; \u00e9tait con\u00e7u comme un encha\u00eenement de pavillons th\u00e9matiques, fragments v\u00e9ritables d\u2019une exposition universelle imaginaire, o\u00f9 l\u2019esprit de la Belle Epoque \u00e9tait cens\u00e9 s\u2019incarner autour de trois th\u00e8mes principaux.\" \/>\n<meta name=\"robots\" content=\"index, follow, max-snippet:-1, max-image-preview:large, max-video-preview:-1\" \/>\n<link rel=\"canonical\" href=\"https:\/\/www.museuro.eu\/en\/la-belle-europe\/\" \/>\n<meta property=\"og:locale\" content=\"en_GB\" \/>\n<meta property=\"og:type\" content=\"article\" \/>\n<meta property=\"og:title\" content=\"La Belle Europe - Mus\u00e9e de L&#039;Europe\" \/>\n<meta property=\"og:description\" content=\"Le parcours de l\u2019exposition &quot;La Belle Europe&quot; \u00e9tait con\u00e7u comme un encha\u00eenement de pavillons th\u00e9matiques, fragments v\u00e9ritables d\u2019une exposition universelle imaginaire, o\u00f9 l\u2019esprit de la Belle Epoque \u00e9tait cens\u00e9 s\u2019incarner autour de trois th\u00e8mes principaux.\" \/>\n<meta property=\"og:url\" content=\"https:\/\/www.museuro.eu\/en\/la-belle-europe\/\" \/>\n<meta property=\"og:site_name\" content=\"Mus\u00e9e de L&#039;Europe\" \/>\n<meta property=\"article:modified_time\" content=\"2023-01-30T09:30:45+00:00\" \/>\n<meta property=\"og:image\" content=\"http:\/\/www.museuro.eu\/wp-content\/uploads\/2023\/01\/LBE2-e1674812046131-1024x655.png\" \/>\n<meta name=\"twitter:card\" content=\"summary_large_image\" \/>\n<meta name=\"twitter:label1\" content=\"Estimated reading time\" \/>\n\t<meta name=\"twitter:data1\" content=\"2 minutes\" \/>\n<script type=\"application\/ld+json\" class=\"yoast-schema-graph\">{\"@context\":\"https:\/\/schema.org\",\"@graph\":[{\"@type\":\"WebPage\",\"@id\":\"https:\/\/www.museuro.eu\/la-belle-europe\/\",\"url\":\"https:\/\/www.museuro.eu\/la-belle-europe\/\",\"name\":\"La Belle Europe - Mus\u00e9e de L&#039;Europe\",\"isPartOf\":{\"@id\":\"https:\/\/www.museuro.eu\/#website\"},\"primaryImageOfPage\":{\"@id\":\"https:\/\/www.museuro.eu\/la-belle-europe\/#primaryimage\"},\"image\":{\"@id\":\"https:\/\/www.museuro.eu\/la-belle-europe\/#primaryimage\"},\"thumbnailUrl\":\"http:\/\/www.museuro.eu\/wp-content\/uploads\/2023\/01\/LBE2-e1674812046131-1024x655.png\",\"datePublished\":\"2023-01-26T14:48:54+00:00\",\"dateModified\":\"2023-01-30T09:30:45+00:00\",\"description\":\"Le parcours de l\u2019exposition \\\"La Belle Europe\\\" \u00e9tait con\u00e7u comme un encha\u00eenement de pavillons th\u00e9matiques, fragments v\u00e9ritables d\u2019une exposition universelle imaginaire, o\u00f9 l\u2019esprit de la Belle Epoque \u00e9tait cens\u00e9 s\u2019incarner autour de trois th\u00e8mes principaux.\",\"breadcrumb\":{\"@id\":\"https:\/\/www.museuro.eu\/la-belle-europe\/#breadcrumb\"},\"inLanguage\":\"en-GB\",\"potentialAction\":[{\"@type\":\"ReadAction\",\"target\":[\"https:\/\/www.museuro.eu\/la-belle-europe\/\"]}]},{\"@type\":\"ImageObject\",\"inLanguage\":\"en-GB\",\"@id\":\"https:\/\/www.museuro.eu\/la-belle-europe\/#primaryimage\",\"url\":\"http:\/\/www.museuro.eu\/wp-content\/uploads\/2023\/01\/LBE2-e1674812046131-1024x655.png\",\"contentUrl\":\"http:\/\/www.museuro.eu\/wp-content\/uploads\/2023\/01\/LBE2-e1674812046131-1024x655.png\"},{\"@type\":\"BreadcrumbList\",\"@id\":\"https:\/\/www.museuro.eu\/la-belle-europe\/#breadcrumb\",\"itemListElement\":[{\"@type\":\"ListItem\",\"position\":1,\"name\":\"Accueil\",\"item\":\"https:\/\/www.museuro.eu\/\"},{\"@type\":\"ListItem\",\"position\":2,\"name\":\"La Belle Europe\"}]},{\"@type\":\"WebSite\",\"@id\":\"https:\/\/www.museuro.eu\/#website\",\"url\":\"https:\/\/www.museuro.eu\/\",\"name\":\"Mus\u00e9e de L&#039;Europe\",\"description\":\"Dans l&#039;attente d&#039;un nouveau projet\",\"publisher\":{\"@id\":\"https:\/\/www.museuro.eu\/#organization\"},\"potentialAction\":[{\"@type\":\"SearchAction\",\"target\":{\"@type\":\"EntryPoint\",\"urlTemplate\":\"https:\/\/www.museuro.eu\/?s={search_term_string}\"},\"query-input\":{\"@type\":\"PropertyValueSpecification\",\"valueRequired\":true,\"valueName\":\"search_term_string\"}}],\"inLanguage\":\"en-GB\"},{\"@type\":\"Organization\",\"@id\":\"https:\/\/www.museuro.eu\/#organization\",\"name\":\"Mus\u00e9e de L&#039;Europe\",\"url\":\"https:\/\/www.museuro.eu\/\",\"logo\":{\"@type\":\"ImageObject\",\"inLanguage\":\"en-GB\",\"@id\":\"https:\/\/www.museuro.eu\/#\/schema\/logo\/image\/\",\"url\":\"https:\/\/www.museuro.eu\/wp-content\/uploads\/2020\/06\/LOGO-TEMPORA_BLANC_23.02.2016.png\",\"contentUrl\":\"https:\/\/www.museuro.eu\/wp-content\/uploads\/2020\/06\/LOGO-TEMPORA_BLANC_23.02.2016.png\",\"width\":599,\"height\":188,\"caption\":\"Mus\u00e9e de L&#039;Europe\"},\"image\":{\"@id\":\"https:\/\/www.museuro.eu\/#\/schema\/logo\/image\/\"}}]}<\/script>\n<!-- \/ Yoast SEO plugin. -->","yoast_head_json":{"title":"La Belle Europe - Mus\u00e9e de L&#039;Europe","description":"Le parcours de l\u2019exposition \"La Belle Europe\" \u00e9tait con\u00e7u comme un encha\u00eenement de pavillons th\u00e9matiques, fragments v\u00e9ritables d\u2019une exposition universelle imaginaire, o\u00f9 l\u2019esprit de la Belle Epoque \u00e9tait cens\u00e9 s\u2019incarner autour de trois th\u00e8mes principaux.","robots":{"index":"index","follow":"follow","max-snippet":"max-snippet:-1","max-image-preview":"max-image-preview:large","max-video-preview":"max-video-preview:-1"},"canonical":"https:\/\/www.museuro.eu\/en\/la-belle-europe\/","og_locale":"en_GB","og_type":"article","og_title":"La Belle Europe - Mus\u00e9e de L&#039;Europe","og_description":"Le parcours de l\u2019exposition \"La Belle Europe\" \u00e9tait con\u00e7u comme un encha\u00eenement de pavillons th\u00e9matiques, fragments v\u00e9ritables d\u2019une exposition universelle imaginaire, o\u00f9 l\u2019esprit de la Belle Epoque \u00e9tait cens\u00e9 s\u2019incarner autour de trois th\u00e8mes principaux.","og_url":"https:\/\/www.museuro.eu\/en\/la-belle-europe\/","og_site_name":"Mus\u00e9e de L&#039;Europe","article_modified_time":"2023-01-30T09:30:45+00:00","og_image":[{"url":"http:\/\/www.museuro.eu\/wp-content\/uploads\/2023\/01\/LBE2-e1674812046131-1024x655.png","type":"","width":"","height":""}],"twitter_card":"summary_large_image","twitter_misc":{"Estimated reading time":"2 minutes"},"schema":{"@context":"https:\/\/schema.org","@graph":[{"@type":"WebPage","@id":"https:\/\/www.museuro.eu\/la-belle-europe\/","url":"https:\/\/www.museuro.eu\/la-belle-europe\/","name":"La Belle Europe - Mus\u00e9e de L&#039;Europe","isPartOf":{"@id":"https:\/\/www.museuro.eu\/#website"},"primaryImageOfPage":{"@id":"https:\/\/www.museuro.eu\/la-belle-europe\/#primaryimage"},"image":{"@id":"https:\/\/www.museuro.eu\/la-belle-europe\/#primaryimage"},"thumbnailUrl":"http:\/\/www.museuro.eu\/wp-content\/uploads\/2023\/01\/LBE2-e1674812046131-1024x655.png","datePublished":"2023-01-26T14:48:54+00:00","dateModified":"2023-01-30T09:30:45+00:00","description":"Le parcours de l\u2019exposition \"La Belle Europe\" \u00e9tait con\u00e7u comme un encha\u00eenement de pavillons th\u00e9matiques, fragments v\u00e9ritables d\u2019une exposition universelle imaginaire, o\u00f9 l\u2019esprit de la Belle Epoque \u00e9tait cens\u00e9 s\u2019incarner autour de trois th\u00e8mes principaux.","breadcrumb":{"@id":"https:\/\/www.museuro.eu\/la-belle-europe\/#breadcrumb"},"inLanguage":"en-GB","potentialAction":[{"@type":"ReadAction","target":["https:\/\/www.museuro.eu\/la-belle-europe\/"]}]},{"@type":"ImageObject","inLanguage":"en-GB","@id":"https:\/\/www.museuro.eu\/la-belle-europe\/#primaryimage","url":"http:\/\/www.museuro.eu\/wp-content\/uploads\/2023\/01\/LBE2-e1674812046131-1024x655.png","contentUrl":"http:\/\/www.museuro.eu\/wp-content\/uploads\/2023\/01\/LBE2-e1674812046131-1024x655.png"},{"@type":"BreadcrumbList","@id":"https:\/\/www.museuro.eu\/la-belle-europe\/#breadcrumb","itemListElement":[{"@type":"ListItem","position":1,"name":"Accueil","item":"https:\/\/www.museuro.eu\/"},{"@type":"ListItem","position":2,"name":"La Belle Europe"}]},{"@type":"WebSite","@id":"https:\/\/www.museuro.eu\/#website","url":"https:\/\/www.museuro.eu\/","name":"Mus\u00e9e de L&#039;Europe","description":"Dans l&#039;attente d&#039;un nouveau projet","publisher":{"@id":"https:\/\/www.museuro.eu\/#organization"},"potentialAction":[{"@type":"SearchAction","target":{"@type":"EntryPoint","urlTemplate":"https:\/\/www.museuro.eu\/?s={search_term_string}"},"query-input":{"@type":"PropertyValueSpecification","valueRequired":true,"valueName":"search_term_string"}}],"inLanguage":"en-GB"},{"@type":"Organization","@id":"https:\/\/www.museuro.eu\/#organization","name":"Mus\u00e9e de L&#039;Europe","url":"https:\/\/www.museuro.eu\/","logo":{"@type":"ImageObject","inLanguage":"en-GB","@id":"https:\/\/www.museuro.eu\/#\/schema\/logo\/image\/","url":"https:\/\/www.museuro.eu\/wp-content\/uploads\/2020\/06\/LOGO-TEMPORA_BLANC_23.02.2016.png","contentUrl":"https:\/\/www.museuro.eu\/wp-content\/uploads\/2020\/06\/LOGO-TEMPORA_BLANC_23.02.2016.png","width":599,"height":188,"caption":"Mus\u00e9e de L&#039;Europe"},"image":{"@id":"https:\/\/www.museuro.eu\/#\/schema\/logo\/image\/"}}]}},"_links":{"self":[{"href":"http:\/\/www.museuro.eu\/en\/wp-json\/wp\/v2\/pages\/4706","targetHints":{"allow":["GET"]}}],"collection":[{"href":"http:\/\/www.museuro.eu\/en\/wp-json\/wp\/v2\/pages"}],"about":[{"href":"http:\/\/www.museuro.eu\/en\/wp-json\/wp\/v2\/types\/page"}],"author":[{"embeddable":true,"href":"http:\/\/www.museuro.eu\/en\/wp-json\/wp\/v2\/users\/9"}],"replies":[{"embeddable":true,"href":"http:\/\/www.museuro.eu\/en\/wp-json\/wp\/v2\/comments?post=4706"}],"version-history":[{"count":47,"href":"http:\/\/www.museuro.eu\/en\/wp-json\/wp\/v2\/pages\/4706\/revisions"}],"predecessor-version":[{"id":4807,"href":"http:\/\/www.museuro.eu\/en\/wp-json\/wp\/v2\/pages\/4706\/revisions\/4807"}],"wp:attachment":[{"href":"http:\/\/www.museuro.eu\/en\/wp-json\/wp\/v2\/media?parent=4706"}],"curies":[{"name":"wp","href":"https:\/\/api.w.org\/{rel}","templated":true}]}}