{"version":"1.0","provider_name":"Mus\u00e9e de L&#039;Europe","provider_url":"https:\/\/www.museuro.eu\/en","author_name":"Sahra Allali","author_url":"https:\/\/www.museuro.eu\/en\/author\/sahra\/","title":"Les colloques internationaux - Mus\u00e9e de L&#039;Europe","type":"rich","width":600,"height":338,"html":"<blockquote class=\"wp-embedded-content\" data-secret=\"s0yL9DmoyX\"><a href=\"https:\/\/www.museuro.eu\/en\/les-colloques-internationaux\/\">Les colloques internationaux<\/a><\/blockquote><iframe sandbox=\"allow-scripts\" security=\"restricted\" src=\"https:\/\/www.museuro.eu\/en\/les-colloques-internationaux\/embed\/#?secret=s0yL9DmoyX\" width=\"600\" height=\"338\" title=\"&#8220;Les colloques internationaux&#8221; &#8212; Mus\u00e9e de L&#039;Europe\" data-secret=\"s0yL9DmoyX\" frameborder=\"0\" marginwidth=\"0\" marginheight=\"0\" scrolling=\"no\" class=\"wp-embedded-content\"><\/iframe><script>\n\/*! This file is auto-generated *\/\n!function(d,l){\"use strict\";l.querySelector&&d.addEventListener&&\"undefined\"!=typeof URL&&(d.wp=d.wp||{},d.wp.receiveEmbedMessage||(d.wp.receiveEmbedMessage=function(e){var t=e.data;if((t||t.secret||t.message||t.value)&&!\/[^a-zA-Z0-9]\/.test(t.secret)){for(var s,r,n,a=l.querySelectorAll('iframe[data-secret=\"'+t.secret+'\"]'),o=l.querySelectorAll('blockquote[data-secret=\"'+t.secret+'\"]'),c=new RegExp(\"^https?:$\",\"i\"),i=0;i<o.length;i++)o[i].style.display=\"none\";for(i=0;i<a.length;i++)s=a[i],e.source===s.contentWindow&&(s.removeAttribute(\"style\"),\"height\"===t.message?(1e3<(r=parseInt(t.value,10))?r=1e3:~~r<200&&(r=200),s.height=r):\"link\"===t.message&&(r=new URL(s.getAttribute(\"src\")),n=new URL(t.value),c.test(n.protocol))&&n.host===r.host&&l.activeElement===s&&(d.top.location.href=t.value))}},d.addEventListener(\"message\",d.wp.receiveEmbedMessage,!1),l.addEventListener(\"DOMContentLoaded\",function(){for(var e,t,s=l.querySelectorAll(\"iframe.wp-embedded-content\"),r=0;r<s.length;r++)(t=(e=s[r]).getAttribute(\"data-secret\"))||(t=Math.random().toString(36).substring(2,12),e.src+=\"#?secret=\"+t,e.setAttribute(\"data-secret\",t)),e.contentWindow.postMessage({message:\"ready\",secret:t},\"*\")},!1)))}(window,document);\n<\/script>","description":"lors la cr\u00e9ation du mus\u00e9e, plusieurs colloques ont \u00e9t\u00e9 organis\u00e9s afin de d\u00e9finir ce que deviendra le Mus\u00e9e de l\u2019Europe. Dans une perspective d\u2019inclusion de tous les partenaires du projet, ces d\u00e9bats ont permis de pr\u00e9ciser les approches esth\u00e9tiques, scientifiques et mus\u00e9ographiques de ce dernier tout en v\u00e9rifiant les attentes du public.","thumbnail_url":"http:\/\/www.museuro.eu\/wp-content\/uploads\/2023\/01\/ALL-11-e1673864611308-300x293.png"}