{"id":15,"date":"2020-06-18T10:27:09","date_gmt":"2020-06-18T08:27:09","guid":{"rendered":"http:\/\/expo-saintexupery.com\/?page_id=15"},"modified":"2023-04-27T11:40:38","modified_gmt":"2023-04-27T09:40:38","slug":"expo","status":"publish","type":"page","link":"https:\/\/www.museuro.eu\/en\/expo\/","title":{"rendered":"Mus\u00e9e de L&rsquo;Europe"},"content":{"rendered":"<div data-elementor-type=\"wp-page\" data-elementor-id=\"15\" class=\"elementor elementor-15\">\n\t\t\t\t\t\t<section class=\"elementor-section elementor-top-section elementor-element elementor-element-e376a2 elementor-section-boxed elementor-section-height-default elementor-section-height-default\" data-id=\"e376a2\" data-element_type=\"section\" data-settings=\"{&quot;background_background&quot;:&quot;classic&quot;}\">\n\t\t\t\t\t\t<div class=\"elementor-container elementor-column-gap-default\">\n\t\t\t\t\t<div class=\"elementor-column elementor-col-100 elementor-top-column elementor-element elementor-element-7ce6a21a\" data-id=\"7ce6a21a\" data-element_type=\"column\">\n\t\t\t<div class=\"elementor-widget-wrap elementor-element-populated\">\n\t\t\t\t\t\t<div class=\"elementor-element elementor-element-7c847a6 elementor-widget elementor-widget-spacer\" data-id=\"7c847a6\" data-element_type=\"widget\" data-widget_type=\"spacer.default\">\n\t\t\t\t<div class=\"elementor-widget-container\">\n\t\t\t\t\t<div class=\"elementor-spacer\">\n\t\t\t<div class=\"elementor-spacer-inner\"><\/div>\n\t\t<\/div>\n\t\t\t\t<\/div>\n\t\t\t\t<\/div>\n\t\t\t\t<div class=\"elementor-element elementor-element-94a20d5 elementor-widget elementor-widget-heading\" data-id=\"94a20d5\" data-element_type=\"widget\" data-widget_type=\"heading.default\">\n\t\t\t\t<div class=\"elementor-widget-container\">\n\t\t\t<h2 class=\"elementor-heading-title elementor-size-default\">\u00ab Un pass\u00e9 partag\u00e9 pour un avenir commun \u00bb<\/h2>\t\t<\/div>\n\t\t\t\t<\/div>\n\t\t\t\t<div class=\"elementor-element elementor-element-dfa8b5f elementor-widget elementor-widget-heading\" data-id=\"dfa8b5f\" data-element_type=\"widget\" data-widget_type=\"heading.default\">\n\t\t\t\t<div class=\"elementor-widget-container\">\n\t\t\t<h3 class=\"elementor-heading-title elementor-size-default\"><i>- Devise du Mus\u00e9e de l'Europe<\/i><\/h3>\t\t<\/div>\n\t\t\t\t<\/div>\n\t\t\t\t<div class=\"elementor-element elementor-element-6bcad9a elementor-widget elementor-widget-image\" data-id=\"6bcad9a\" data-element_type=\"widget\" data-widget_type=\"image.default\">\n\t\t\t\t<div class=\"elementor-widget-container\">\n\t\t\t\t\t\t\t\t\t\t\t\t\t<img decoding=\"async\" width=\"768\" height=\"32\" src=\"https:\/\/www.museuro.eu\/wp-content\/uploads\/2023\/01\/lignebleue-e1672670242611-768x32.png\" class=\"attachment-medium_large size-medium_large wp-image-3129\" alt=\"\" srcset=\"https:\/\/www.museuro.eu\/wp-content\/uploads\/2023\/01\/lignebleue-e1672670242611-768x32.png 768w, https:\/\/www.museuro.eu\/wp-content\/uploads\/2023\/01\/lignebleue-e1672670242611-300x13.png 300w, https:\/\/www.museuro.eu\/wp-content\/uploads\/2023\/01\/lignebleue-e1672670242611-1024x43.png 1024w, https:\/\/www.museuro.eu\/wp-content\/uploads\/2023\/01\/lignebleue-e1672670242611-1536x64.png 1536w, https:\/\/www.museuro.eu\/wp-content\/uploads\/2023\/01\/lignebleue-e1672670242611-18x1.png 18w, https:\/\/www.museuro.eu\/wp-content\/uploads\/2023\/01\/lignebleue-e1672670242611.png 1835w\" sizes=\"(max-width: 768px) 100vw, 768px\" \/>\t\t\t\t\t\t\t\t\t\t\t\t\t<\/div>\n\t\t\t\t<\/div>\n\t\t\t\t<div class=\"elementor-element elementor-element-3c7ef8c elementor-widget elementor-widget-text-editor\" data-id=\"3c7ef8c\" data-element_type=\"widget\" data-widget_type=\"text-editor.default\">\n\t\t\t\t<div class=\"elementor-widget-container\">\n\t\t\t\t\t\t\t<p>Adopt\u00e9 en 2004 devant le Comit\u00e9 d\u2019Accompagnement International du Mus\u00e9e, le Mus\u00e9e de l\u2019Europe voit le jour.\u00a0<\/p><p>Fond\u00e9 sur l&rsquo;interdisciplinarit\u00e9 et l&rsquo;europ\u00e9anit\u00e9, le Mus\u00e9e de l&rsquo;Europe retrace les diff\u00e9rents h\u00e9ritages et voisinages d&rsquo;une Europe maintenant unifi\u00e9e, mais qui n&rsquo;a cess\u00e9 de vivre tout au long de son histoire des p\u00e9riodes d&rsquo;int\u00e9gration et de rupture.<\/p><p>Par le biais d&rsquo;un dialogue entre historiens, sc\u00e9naristes, sc\u00e9nographes et direction technique, mais aussi d&rsquo;un accompagnement constant par un comit\u00e9 d&rsquo;intellectuels et de repr\u00e9sentants de mus\u00e9es europ\u00e9ens, le Mus\u00e9e de l&rsquo;Europe vise\u00a0\u00e0 <b>renforcer une identit\u00e9 europ\u00e9enne commune en reliant chaque pays du continent \u00e0 une seule et m\u00eame histoire<\/b>.<br \/><span style=\"font-size: 1em;\">Retracer mille ans d&rsquo;histoire de l&rsquo;Europe de mani\u00e8re \u00e0 ce que <\/span><b style=\"font-size: 1em;\">chaque citoyenne et citoyen de la communaut\u00e9 europ\u00e9enne se sente concern\u00e9\u00b7e<\/b><span style=\"font-size: 1em;\">, tel est l&rsquo;engagement du mus\u00e9e, qui choisit d&rsquo;\u00eatre appuy\u00e9 par un\u00a0Conseil international<\/span><span style=\"font-size: 19.2px;\">\u00a0<\/span><span style=\"font-size: 1em;\">d\u2019orientation compos\u00e9 d&rsquo;une soixantaine d&rsquo;intellectuel<\/span>\u00b7les europ\u00e9en\u00b7nes<span style=\"font-size: 1em;\">\u00a0et un<i> <\/i>Comit\u00e9 international des directeur<\/span>\u00b7ices<span style=\"font-size: 1em;\">\u00a0de mus\u00e9e, compos\u00e9 d&rsquo;une centaine de directeur<\/span>\u00b7ices et de conservateur\u00b7ices de mus\u00e9e \u00e0 travers l&rsquo;Europe.<\/p><p>Derri\u00e8re ce projet sont inscrits divers noms issus des diff\u00e9rents courants\u00a0<span style=\"font-size: 1em;\">politiques et philosophiques de la soci\u00e9t\u00e9 belge. Le Mus\u00e9e de l&rsquo;Europe a, par ailleurs, re\u00e7u le soutien d&rsquo;Antoinette Spaak et de Karel Van Miert, respectivement Pr\u00e9sidente et co-Pr\u00e9sident du Conseil d&rsquo;Administration par le pass\u00e9 et a \u00e9galement compt\u00e9 parmi ses membres le Vicomte Etienne Davignon et le Baron Paul F.Smets.<\/span><\/p>\t\t\t\t\t\t<\/div>\n\t\t\t\t<\/div>\n\t\t\t\t<div class=\"elementor-element elementor-element-8bc3cd0 elementor-hidden-desktop elementor-widget elementor-widget-text-editor\" data-id=\"8bc3cd0\" data-element_type=\"widget\" data-widget_type=\"text-editor.default\">\n\t\t\t\t<div class=\"elementor-widget-container\">\n\t\t\t\t\t\t\t<p>Ces derniers constituent <b>un R\u00e9seau des mus\u00e9es de l&rsquo;Europe<\/b>, qui na\u00eet gr\u00e2ce \u00e0 ce projet. En effet, on retrouve depuis plusieurs ann\u00e9es maintenant une volont\u00e9 commune dans diff\u00e9rents pays europ\u00e9ens de faire \u00e9voluer des projets mus\u00e9ographiques vers une perspective europ\u00e9enne. Ce r\u00e9seau, coordonn\u00e9 par le Conseil Europ\u00e9en des Mus\u00e9es d\u2019Histoire, forme le grand mus\u00e9e de l\u2019Europe.<\/p>\t\t\t\t\t\t<\/div>\n\t\t\t\t<\/div>\n\t\t\t\t<div class=\"elementor-element elementor-element-ad749b1 elementor-hidden-desktop elementor-widget elementor-widget-text-editor\" data-id=\"ad749b1\" data-element_type=\"widget\" data-widget_type=\"text-editor.default\">\n\t\t\t\t<div class=\"elementor-widget-container\">\n\t\t\t\t\t\t\t<p>Dans une logique europ\u00e9enne de libre d\u00e9bat, trois colloques ont \u00e9t\u00e9 organis\u00e9s dans les ann\u00e9es 2000 afin de d\u00e9finir le Mus\u00e9e de l&rsquo;Europe en lien avec les attentes du public et d&rsquo;inclure chaque partenaire au processus de cr\u00e9ation du mus\u00e9e.<\/p>\t\t\t\t\t\t<\/div>\n\t\t\t\t<\/div>\n\t\t\t\t<div class=\"elementor-element elementor-element-9c416f9 elementor-hidden-desktop elementor-widget elementor-widget-text-editor\" data-id=\"9c416f9\" data-element_type=\"widget\" data-widget_type=\"text-editor.default\">\n\t\t\t\t<div class=\"elementor-widget-container\">\n\t\t\t\t\t\t\t<p>Dans un objectif de d\u00e9finition, contextualisation et compr\u00e9hension de ce qu&rsquo;est l&rsquo;Europe, les expositions du mus\u00e9e ont \u00e9t\u00e9 pens\u00e9es en une s\u00e9rie principale :&nbsp;<b>C&rsquo;est notre histoire !<\/b> et d&rsquo;autres expositions en lien avec les v<b>oisinages <\/b>et les <b>h\u00e9ritages.&nbsp;<\/b><\/p>\t\t\t\t\t\t<\/div>\n\t\t\t\t<\/div>\n\t\t\t\t<section class=\"elementor-section elementor-inner-section elementor-element elementor-element-cc02a89 elementor-section-boxed elementor-section-height-default elementor-section-height-default\" data-id=\"cc02a89\" data-element_type=\"section\">\n\t\t\t\t\t\t<div class=\"elementor-container elementor-column-gap-default\">\n\t\t\t\t\t<div class=\"elementor-column elementor-col-50 elementor-inner-column elementor-element elementor-element-77a5d74 elementor-hidden-tablet elementor-hidden-mobile\" data-id=\"77a5d74\" data-element_type=\"column\">\n\t\t\t<div class=\"elementor-widget-wrap elementor-element-populated\">\n\t\t\t\t\t\t<div class=\"elementor-element elementor-element-94b9261 elementor-widget elementor-widget-text-editor\" data-id=\"94b9261\" data-element_type=\"widget\" data-widget_type=\"text-editor.default\">\n\t\t\t\t<div class=\"elementor-widget-container\">\n\t\t\t\t\t\t\t<p>Plusieurs mus\u00e9es et institutions ont particip\u00e9 \u00e0 la maturation du projet, mais \u00e9galement \u00e0 la r\u00e9alisation de certaines expositions via des pr\u00eats d&rsquo;objets par exemple. Parmi eux, certains constituent\u00a0<b>un <a href=\"https:\/\/www.museuro.eu\/en\/expo\/reseau-musee-de-leurope\/\">R\u00e9seau des mus\u00e9es de l&rsquo;Europe<\/a><\/b>. Ce r\u00e9seau s&rsquo;inscrit dans une volont\u00e9 commune dans diff\u00e9rents pays europ\u00e9ens de faire \u00e9voluer des projets mus\u00e9ographiques vers une perspective europ\u00e9enne. Ce r\u00e9seau, coordonn\u00e9 par le Conseil Europ\u00e9en des Mus\u00e9es d\u2019Histoire, forme le grand mus\u00e9e de l\u2019Europe.<\/p>\t\t\t\t\t\t<\/div>\n\t\t\t\t<\/div>\n\t\t\t\t\t<\/div>\n\t\t<\/div>\n\t\t\t\t<div class=\"elementor-column elementor-col-50 elementor-inner-column elementor-element elementor-element-3fe0ead elementor-hidden-tablet elementor-hidden-mobile\" data-id=\"3fe0ead\" data-element_type=\"column\">\n\t\t\t<div class=\"elementor-widget-wrap elementor-element-populated\">\n\t\t\t\t\t\t<div class=\"elementor-element elementor-element-118d1fc elementor-widget elementor-widget-spacer\" data-id=\"118d1fc\" data-element_type=\"widget\" data-widget_type=\"spacer.default\">\n\t\t\t\t<div class=\"elementor-widget-container\">\n\t\t\t\t\t<div class=\"elementor-spacer\">\n\t\t\t<div class=\"elementor-spacer-inner\"><\/div>\n\t\t<\/div>\n\t\t\t\t<\/div>\n\t\t\t\t<\/div>\n\t\t\t\t<div class=\"elementor-element elementor-element-410fb89 elementor-widget elementor-widget-text-editor\" data-id=\"410fb89\" data-element_type=\"widget\" data-widget_type=\"text-editor.default\">\n\t\t\t\t<div class=\"elementor-widget-container\">\n\t\t\t\t\t\t\t<p>Dans une logique europ\u00e9enne de libre d\u00e9bat,<a href=\"https:\/\/www.museuro.eu\/en\/les-colloques-internationaux\/\"> trois colloques<\/a> ont \u00e9t\u00e9 organis\u00e9s dans les ann\u00e9es 2000 afin de d\u00e9finir le Mus\u00e9e de l&rsquo;Europe en lien avec les attentes du public et d&rsquo;inclure chaque partenaire au processus de cr\u00e9ation du mus\u00e9e.\u00a0<\/p>\t\t\t\t\t\t<\/div>\n\t\t\t\t<\/div>\n\t\t\t\t\t<\/div>\n\t\t<\/div>\n\t\t\t\t\t<\/div>\n\t\t<\/section>\n\t\t\t\t<section class=\"elementor-section elementor-inner-section elementor-element elementor-element-fa2495b elementor-section-boxed elementor-section-height-default elementor-section-height-default\" data-id=\"fa2495b\" data-element_type=\"section\">\n\t\t\t\t\t\t<div class=\"elementor-container elementor-column-gap-default\">\n\t\t\t\t\t<div class=\"elementor-column elementor-col-50 elementor-inner-column elementor-element elementor-element-eaf783b elementor-hidden-tablet elementor-hidden-mobile\" data-id=\"eaf783b\" data-element_type=\"column\">\n\t\t\t<div class=\"elementor-widget-wrap elementor-element-populated\">\n\t\t\t\t\t\t<div class=\"elementor-element elementor-element-8f09247 elementor-widget elementor-widget-text-editor\" data-id=\"8f09247\" data-element_type=\"widget\" data-widget_type=\"text-editor.default\">\n\t\t\t\t<div class=\"elementor-widget-container\">\n\t\t\t\t\t\t\t<p>Dans un objectif de d\u00e9finition, contextualisation et compr\u00e9hension de ce qu&rsquo;est l&rsquo;Europe, <a href=\"https:\/\/www.museuro.eu\/en\/nos-expositions\/\">les expositions<\/a> du mus\u00e9e ont \u00e9t\u00e9 pens\u00e9es en une s\u00e9rie principale :\u00a0<b>C&rsquo;est notre histoire !<\/b> et d&rsquo;autres expositions en lien avec les v<b>oisinages <\/b>et les <b>h\u00e9ritages.\u00a0<\/b><\/p>\t\t\t\t\t\t<\/div>\n\t\t\t\t<\/div>\n\t\t\t\t<div class=\"elementor-element elementor-element-8e071ae elementor-widget elementor-widget-spacer\" data-id=\"8e071ae\" data-element_type=\"widget\" data-widget_type=\"spacer.default\">\n\t\t\t\t<div class=\"elementor-widget-container\">\n\t\t\t\t\t<div class=\"elementor-spacer\">\n\t\t\t<div class=\"elementor-spacer-inner\"><\/div>\n\t\t<\/div>\n\t\t\t\t<\/div>\n\t\t\t\t<\/div>\n\t\t\t\t\t<\/div>\n\t\t<\/div>\n\t\t\t\t<div class=\"elementor-column elementor-col-50 elementor-inner-column elementor-element elementor-element-e685e79\" data-id=\"e685e79\" data-element_type=\"column\">\n\t\t\t<div class=\"elementor-widget-wrap\">\n\t\t\t\t\t\t\t<\/div>\n\t\t<\/div>\n\t\t\t\t\t<\/div>\n\t\t<\/section>\n\t\t\t\t\t<\/div>\n\t\t<\/div>\n\t\t\t\t\t<\/div>\n\t\t<\/section>\n\t\t\t\t<section class=\"elementor-section elementor-top-section elementor-element elementor-element-51ebb81 elementor-section-boxed elementor-section-height-default elementor-section-height-default\" data-id=\"51ebb81\" data-element_type=\"section\">\n\t\t\t\t\t\t<div class=\"elementor-container elementor-column-gap-default\">\n\t\t\t\t\t<div class=\"elementor-column elementor-col-50 elementor-top-column elementor-element elementor-element-08db7be\" data-id=\"08db7be\" data-element_type=\"column\" data-settings=\"{&quot;background_background&quot;:&quot;classic&quot;}\">\n\t\t\t<div class=\"elementor-widget-wrap elementor-element-populated\">\n\t\t\t\t\t\t<div class=\"elementor-element elementor-element-603e132 elementor-widget elementor-widget-spacer\" data-id=\"603e132\" data-element_type=\"widget\" data-widget_type=\"spacer.default\">\n\t\t\t\t<div class=\"elementor-widget-container\">\n\t\t\t\t\t<div class=\"elementor-spacer\">\n\t\t\t<div class=\"elementor-spacer-inner\"><\/div>\n\t\t<\/div>\n\t\t\t\t<\/div>\n\t\t\t\t<\/div>\n\t\t\t\t<div class=\"elementor-element elementor-element-bd19a37 elementor-widget elementor-widget-image\" data-id=\"bd19a37\" data-element_type=\"widget\" data-widget_type=\"image.default\">\n\t\t\t\t<div class=\"elementor-widget-container\">\n\t\t\t\t\t\t\t\t\t\t\t\t\t<img decoding=\"async\" width=\"300\" height=\"94\" src=\"https:\/\/www.museuro.eu\/wp-content\/uploads\/2023\/01\/LOGO-TEMPORA_final_BLANC-1-300x94.png\" class=\"attachment-medium size-medium wp-image-3168\" alt=\"\" srcset=\"https:\/\/www.museuro.eu\/wp-content\/uploads\/2023\/01\/LOGO-TEMPORA_final_BLANC-1-300x94.png 300w, https:\/\/www.museuro.eu\/wp-content\/uploads\/2023\/01\/LOGO-TEMPORA_final_BLANC-1-1024x321.png 1024w, https:\/\/www.museuro.eu\/wp-content\/uploads\/2023\/01\/LOGO-TEMPORA_final_BLANC-1-768x241.png 768w, https:\/\/www.museuro.eu\/wp-content\/uploads\/2023\/01\/LOGO-TEMPORA_final_BLANC-1-1536x481.png 1536w, https:\/\/www.museuro.eu\/wp-content\/uploads\/2023\/01\/LOGO-TEMPORA_final_BLANC-1-2048x642.png 2048w, https:\/\/www.museuro.eu\/wp-content\/uploads\/2023\/01\/LOGO-TEMPORA_final_BLANC-1-18x6.png 18w\" sizes=\"(max-width: 300px) 100vw, 300px\" \/>\t\t\t\t\t\t\t\t\t\t\t\t\t<\/div>\n\t\t\t\t<\/div>\n\t\t\t\t\t<\/div>\n\t\t<\/div>\n\t\t\t\t<div class=\"elementor-column elementor-col-50 elementor-top-column elementor-element elementor-element-c9634a8\" data-id=\"c9634a8\" data-element_type=\"column\">\n\t\t\t<div class=\"elementor-widget-wrap elementor-element-populated\">\n\t\t\t\t\t\t<div class=\"elementor-element elementor-element-c01b436 elementor-widget elementor-widget-text-editor\" data-id=\"c01b436\" data-element_type=\"widget\" data-widget_type=\"text-editor.default\">\n\t\t\t\t<div class=\"elementor-widget-container\">\n\t\t\t\t\t\t\t<p class=\"MsoNormal\"><span style=\"font-family: var( --e-global-typography-text-font-family ), Sans-serif; font-weight: var( --e-global-typography-text-font-weight ); background-color: var(--nv-site-bg);\">Pour mener \u00e0 bien ses activit\u00e9s, l&rsquo;asbl Mus\u00e9e de l&rsquo;Europe sollicite un prestataire de services d&rsquo;ing\u00e9nierie culturelle et de mus\u00e9ographie : <\/span><span style=\"font-family: var( --e-global-typography-text-font-family ), Sans-serif; font-weight: var( --e-global-typography-text-font-weight ); background-color: var(--nv-site-bg);\">la soci\u00e9t\u00e9\u00a0<\/span><b style=\"font-family: var( --e-global-typography-text-font-family ), Sans-serif; background-color: var(--nv-site-bg);\">Tempora SA<\/b><span style=\"font-family: var( --e-global-typography-text-font-family ), Sans-serif; background-color: var(--nv-site-bg);\"><span style=\"font-weight: var( --e-global-typography-text-font-weight );\">.<\/span><br \/><\/span><span style=\"font-family: var( --e-global-typography-text-font-family ), Sans-serif; font-weight: var( --e-global-typography-text-font-weight ); background-color: var(--nv-site-bg);\"><b>Tempora <\/b><\/span><span style=\"font-family: var( --e-global-typography-text-font-family ), Sans-serif; font-weight: var( --e-global-typography-text-font-weight ); background-color: var(--nv-site-bg);\">est une organisation bruxelloise majeure dans le monde de la conception, r\u00e9alisation, promotion et gestion d&rsquo;expositions et d&rsquo;\u00e9quipements culturels.<\/span><\/p>\t\t\t\t\t\t<\/div>\n\t\t\t\t<\/div>\n\t\t\t\t<div class=\"elementor-element elementor-element-33900f6 elementor-align-center elementor-widget elementor-widget-button\" data-id=\"33900f6\" data-element_type=\"widget\" data-widget_type=\"button.default\">\n\t\t\t\t<div class=\"elementor-widget-container\">\n\t\t\t\t\t\t\t<div class=\"elementor-button-wrapper\">\n\t\t\t\t\t<a class=\"elementor-button elementor-button-link elementor-size-lg\" href=\"https:\/\/tempora-expo.be\">\n\t\t\t\t\t\t<span class=\"elementor-button-content-wrapper\">\n\t\t\t\t\t\t\t\t\t<span class=\"elementor-button-text\">MORE INFORMATION<\/span>\n\t\t\t\t\t<\/span>\n\t\t\t\t\t<\/a>\n\t\t\t\t<\/div>\n\t\t\t\t\t\t<\/div>\n\t\t\t\t<\/div>\n\t\t\t\t\t<\/div>\n\t\t<\/div>\n\t\t\t\t\t<\/div>\n\t\t<\/section>\n\t\t\t\t<\/div>","protected":false},"excerpt":{"rendered":"<p>\u00ab Un pass\u00e9 partag\u00e9 pour un avenir commun \u00bb &#8211; Devise du Mus\u00e9e de l&rsquo;Europe Adopt\u00e9 en 2004 devant le Comit\u00e9 d\u2019Accompagnement International du Mus\u00e9e, le Mus\u00e9e de l\u2019Europe voit le jour.\u00a0 Fond\u00e9 sur l&rsquo;interdisciplinarit\u00e9 et l&rsquo;europ\u00e9anit\u00e9, le Mus\u00e9e de l&rsquo;Europe retrace les diff\u00e9rents h\u00e9ritages et voisinages d&rsquo;une Europe maintenant unifi\u00e9e, mais qui n&rsquo;a cess\u00e9&hellip;&nbsp;<a href=\"https:\/\/www.museuro.eu\/en\/expo\/\" rel=\"bookmark\">Read More &raquo;<span class=\"screen-reader-text\">Mus\u00e9e de L&rsquo;Europe<\/span><\/a><\/p>","protected":false},"author":3,"featured_media":2983,"parent":0,"menu_order":0,"comment_status":"closed","ping_status":"closed","template":"page-templates\/template-pagebuilder-full-width.php","meta":{"neve_meta_sidebar":"full-width","neve_meta_container":"","neve_meta_enable_content_width":"on","neve_meta_content_width":100,"neve_meta_title_alignment":"","neve_meta_author_avatar":"","neve_post_elements_order":"","neve_meta_disable_header":"","neve_meta_disable_footer":"","neve_meta_disable_title":"on","footnotes":""},"class_list":["post-15","page","type-page","status-publish","has-post-thumbnail","hentry"],"yoast_head":"<!-- This site is optimized with the Yoast SEO plugin v24.0 - https:\/\/yoast.com\/wordpress\/plugins\/seo\/ -->\n<title>Mus\u00e9e de L&#039;Europe - Mus\u00e9e de L&#039;Europe<\/title>\n<meta name=\"description\" content=\"Par le biais d\u2019un dialogue entre historiens, sc\u00e9naristes, sc\u00e9nographes et direction technique, mais aussi d\u2019un accompagnement constant par un comit\u00e9 d\u2019intellectuels et de repr\u00e9sentants de mus\u00e9es europ\u00e9ens, le Mus\u00e9e de l\u2019Europe vise \u00e0 renforcer une identit\u00e9 europ\u00e9enne commune en reliant chaque pays du continent \u00e0 une seule et m\u00eame histoire.\" \/>\n<meta name=\"robots\" content=\"index, follow, max-snippet:-1, max-image-preview:large, max-video-preview:-1\" \/>\n<link rel=\"canonical\" href=\"https:\/\/www.museuro.eu\/en\/expo\/\" \/>\n<meta property=\"og:locale\" content=\"en_GB\" \/>\n<meta property=\"og:type\" content=\"article\" \/>\n<meta property=\"og:title\" content=\"Mus\u00e9e de L&#039;Europe - Mus\u00e9e de L&#039;Europe\" \/>\n<meta property=\"og:description\" content=\"Par le biais d\u2019un dialogue entre historiens, sc\u00e9naristes, sc\u00e9nographes et direction technique, mais aussi d\u2019un accompagnement constant par un comit\u00e9 d\u2019intellectuels et de repr\u00e9sentants de mus\u00e9es europ\u00e9ens, le Mus\u00e9e de l\u2019Europe vise \u00e0 renforcer une identit\u00e9 europ\u00e9enne commune en reliant chaque pays du continent \u00e0 une seule et m\u00eame histoire.\" \/>\n<meta property=\"og:url\" content=\"https:\/\/www.museuro.eu\/en\/expo\/\" \/>\n<meta property=\"og:site_name\" content=\"Mus\u00e9e de L&#039;Europe\" \/>\n<meta property=\"article:modified_time\" content=\"2023-04-27T09:40:38+00:00\" \/>\n<meta property=\"og:image\" content=\"https:\/\/www.museuro.eu\/wp-content\/uploads\/2022\/12\/MUseeEurope_logotype-1.png\" \/>\n\t<meta property=\"og:image:width\" content=\"4564\" \/>\n\t<meta property=\"og:image:height\" content=\"2983\" \/>\n\t<meta property=\"og:image:type\" content=\"image\/png\" \/>\n<meta name=\"twitter:card\" content=\"summary_large_image\" \/>\n<meta name=\"twitter:label1\" content=\"Estimated reading time\" \/>\n\t<meta name=\"twitter:data1\" content=\"4 minutes\" \/>\n<script type=\"application\/ld+json\" class=\"yoast-schema-graph\">{\"@context\":\"https:\/\/schema.org\",\"@graph\":[{\"@type\":\"WebPage\",\"@id\":\"https:\/\/www.museuro.eu\/expo\/\",\"url\":\"https:\/\/www.museuro.eu\/expo\/\",\"name\":\"Mus\u00e9e de L'Europe - Mus\u00e9e de L&#039;Europe\",\"isPartOf\":{\"@id\":\"https:\/\/www.museuro.eu\/#website\"},\"primaryImageOfPage\":{\"@id\":\"https:\/\/www.museuro.eu\/expo\/#primaryimage\"},\"image\":{\"@id\":\"https:\/\/www.museuro.eu\/expo\/#primaryimage\"},\"thumbnailUrl\":\"https:\/\/www.museuro.eu\/wp-content\/uploads\/2022\/12\/MUseeEurope_logotype-1.png\",\"datePublished\":\"2020-06-18T08:27:09+00:00\",\"dateModified\":\"2023-04-27T09:40:38+00:00\",\"description\":\"Par le biais d\u2019un dialogue entre historiens, sc\u00e9naristes, sc\u00e9nographes et direction technique, mais aussi d\u2019un accompagnement constant par un comit\u00e9 d\u2019intellectuels et de repr\u00e9sentants de mus\u00e9es europ\u00e9ens, le Mus\u00e9e de l\u2019Europe vise \u00e0 renforcer une identit\u00e9 europ\u00e9enne commune en reliant chaque pays du continent \u00e0 une seule et m\u00eame histoire.\",\"breadcrumb\":{\"@id\":\"https:\/\/www.museuro.eu\/expo\/#breadcrumb\"},\"inLanguage\":\"en-GB\",\"potentialAction\":[{\"@type\":\"ReadAction\",\"target\":[\"https:\/\/www.museuro.eu\/expo\/\"]}]},{\"@type\":\"ImageObject\",\"inLanguage\":\"en-GB\",\"@id\":\"https:\/\/www.museuro.eu\/expo\/#primaryimage\",\"url\":\"https:\/\/www.museuro.eu\/wp-content\/uploads\/2022\/12\/MUseeEurope_logotype-1.png\",\"contentUrl\":\"https:\/\/www.museuro.eu\/wp-content\/uploads\/2022\/12\/MUseeEurope_logotype-1.png\",\"width\":4564,\"height\":2983},{\"@type\":\"BreadcrumbList\",\"@id\":\"https:\/\/www.museuro.eu\/expo\/#breadcrumb\",\"itemListElement\":[{\"@type\":\"ListItem\",\"position\":1,\"name\":\"Accueil\",\"item\":\"https:\/\/www.museuro.eu\/\"},{\"@type\":\"ListItem\",\"position\":2,\"name\":\"Mus\u00e9e de L&rsquo;Europe\"}]},{\"@type\":\"WebSite\",\"@id\":\"https:\/\/www.museuro.eu\/#website\",\"url\":\"https:\/\/www.museuro.eu\/\",\"name\":\"Mus\u00e9e de L&#039;Europe\",\"description\":\"Dans l&#039;attente d&#039;un nouveau projet\",\"publisher\":{\"@id\":\"https:\/\/www.museuro.eu\/#organization\"},\"potentialAction\":[{\"@type\":\"SearchAction\",\"target\":{\"@type\":\"EntryPoint\",\"urlTemplate\":\"https:\/\/www.museuro.eu\/?s={search_term_string}\"},\"query-input\":{\"@type\":\"PropertyValueSpecification\",\"valueRequired\":true,\"valueName\":\"search_term_string\"}}],\"inLanguage\":\"en-GB\"},{\"@type\":\"Organization\",\"@id\":\"https:\/\/www.museuro.eu\/#organization\",\"name\":\"Mus\u00e9e de L&#039;Europe\",\"url\":\"https:\/\/www.museuro.eu\/\",\"logo\":{\"@type\":\"ImageObject\",\"inLanguage\":\"en-GB\",\"@id\":\"https:\/\/www.museuro.eu\/#\/schema\/logo\/image\/\",\"url\":\"https:\/\/www.museuro.eu\/wp-content\/uploads\/2020\/06\/LOGO-TEMPORA_BLANC_23.02.2016.png\",\"contentUrl\":\"https:\/\/www.museuro.eu\/wp-content\/uploads\/2020\/06\/LOGO-TEMPORA_BLANC_23.02.2016.png\",\"width\":599,\"height\":188,\"caption\":\"Mus\u00e9e de L&#039;Europe\"},\"image\":{\"@id\":\"https:\/\/www.museuro.eu\/#\/schema\/logo\/image\/\"}}]}<\/script>\n<!-- \/ Yoast SEO plugin. -->","yoast_head_json":{"title":"Mus\u00e9e de L'Europe - Mus\u00e9e de L&#039;Europe","description":"Par le biais d\u2019un dialogue entre historiens, sc\u00e9naristes, sc\u00e9nographes et direction technique, mais aussi d\u2019un accompagnement constant par un comit\u00e9 d\u2019intellectuels et de repr\u00e9sentants de mus\u00e9es europ\u00e9ens, le Mus\u00e9e de l\u2019Europe vise \u00e0 renforcer une identit\u00e9 europ\u00e9enne commune en reliant chaque pays du continent \u00e0 une seule et m\u00eame histoire.","robots":{"index":"index","follow":"follow","max-snippet":"max-snippet:-1","max-image-preview":"max-image-preview:large","max-video-preview":"max-video-preview:-1"},"canonical":"https:\/\/www.museuro.eu\/en\/expo\/","og_locale":"en_GB","og_type":"article","og_title":"Mus\u00e9e de L'Europe - Mus\u00e9e de L&#039;Europe","og_description":"Par le biais d\u2019un dialogue entre historiens, sc\u00e9naristes, sc\u00e9nographes et direction technique, mais aussi d\u2019un accompagnement constant par un comit\u00e9 d\u2019intellectuels et de repr\u00e9sentants de mus\u00e9es europ\u00e9ens, le Mus\u00e9e de l\u2019Europe vise \u00e0 renforcer une identit\u00e9 europ\u00e9enne commune en reliant chaque pays du continent \u00e0 une seule et m\u00eame histoire.","og_url":"https:\/\/www.museuro.eu\/en\/expo\/","og_site_name":"Mus\u00e9e de L&#039;Europe","article_modified_time":"2023-04-27T09:40:38+00:00","og_image":[{"width":4564,"height":2983,"url":"https:\/\/www.museuro.eu\/wp-content\/uploads\/2022\/12\/MUseeEurope_logotype-1.png","type":"image\/png"}],"twitter_card":"summary_large_image","twitter_misc":{"Estimated reading time":"4 minutes"},"schema":{"@context":"https:\/\/schema.org","@graph":[{"@type":"WebPage","@id":"https:\/\/www.museuro.eu\/expo\/","url":"https:\/\/www.museuro.eu\/expo\/","name":"Mus\u00e9e de L'Europe - Mus\u00e9e de L&#039;Europe","isPartOf":{"@id":"https:\/\/www.museuro.eu\/#website"},"primaryImageOfPage":{"@id":"https:\/\/www.museuro.eu\/expo\/#primaryimage"},"image":{"@id":"https:\/\/www.museuro.eu\/expo\/#primaryimage"},"thumbnailUrl":"https:\/\/www.museuro.eu\/wp-content\/uploads\/2022\/12\/MUseeEurope_logotype-1.png","datePublished":"2020-06-18T08:27:09+00:00","dateModified":"2023-04-27T09:40:38+00:00","description":"Par le biais d\u2019un dialogue entre historiens, sc\u00e9naristes, sc\u00e9nographes et direction technique, mais aussi d\u2019un accompagnement constant par un comit\u00e9 d\u2019intellectuels et de repr\u00e9sentants de mus\u00e9es europ\u00e9ens, le Mus\u00e9e de l\u2019Europe vise \u00e0 renforcer une identit\u00e9 europ\u00e9enne commune en reliant chaque pays du continent \u00e0 une seule et m\u00eame histoire.","breadcrumb":{"@id":"https:\/\/www.museuro.eu\/expo\/#breadcrumb"},"inLanguage":"en-GB","potentialAction":[{"@type":"ReadAction","target":["https:\/\/www.museuro.eu\/expo\/"]}]},{"@type":"ImageObject","inLanguage":"en-GB","@id":"https:\/\/www.museuro.eu\/expo\/#primaryimage","url":"https:\/\/www.museuro.eu\/wp-content\/uploads\/2022\/12\/MUseeEurope_logotype-1.png","contentUrl":"https:\/\/www.museuro.eu\/wp-content\/uploads\/2022\/12\/MUseeEurope_logotype-1.png","width":4564,"height":2983},{"@type":"BreadcrumbList","@id":"https:\/\/www.museuro.eu\/expo\/#breadcrumb","itemListElement":[{"@type":"ListItem","position":1,"name":"Accueil","item":"https:\/\/www.museuro.eu\/"},{"@type":"ListItem","position":2,"name":"Mus\u00e9e de L&rsquo;Europe"}]},{"@type":"WebSite","@id":"https:\/\/www.museuro.eu\/#website","url":"https:\/\/www.museuro.eu\/","name":"Mus\u00e9e de L&#039;Europe","description":"Dans l&#039;attente d&#039;un nouveau projet","publisher":{"@id":"https:\/\/www.museuro.eu\/#organization"},"potentialAction":[{"@type":"SearchAction","target":{"@type":"EntryPoint","urlTemplate":"https:\/\/www.museuro.eu\/?s={search_term_string}"},"query-input":{"@type":"PropertyValueSpecification","valueRequired":true,"valueName":"search_term_string"}}],"inLanguage":"en-GB"},{"@type":"Organization","@id":"https:\/\/www.museuro.eu\/#organization","name":"Mus\u00e9e de L&#039;Europe","url":"https:\/\/www.museuro.eu\/","logo":{"@type":"ImageObject","inLanguage":"en-GB","@id":"https:\/\/www.museuro.eu\/#\/schema\/logo\/image\/","url":"https:\/\/www.museuro.eu\/wp-content\/uploads\/2020\/06\/LOGO-TEMPORA_BLANC_23.02.2016.png","contentUrl":"https:\/\/www.museuro.eu\/wp-content\/uploads\/2020\/06\/LOGO-TEMPORA_BLANC_23.02.2016.png","width":599,"height":188,"caption":"Mus\u00e9e de L&#039;Europe"},"image":{"@id":"https:\/\/www.museuro.eu\/#\/schema\/logo\/image\/"}}]}},"_links":{"self":[{"href":"https:\/\/www.museuro.eu\/en\/wp-json\/wp\/v2\/pages\/15","targetHints":{"allow":["GET"]}}],"collection":[{"href":"https:\/\/www.museuro.eu\/en\/wp-json\/wp\/v2\/pages"}],"about":[{"href":"https:\/\/www.museuro.eu\/en\/wp-json\/wp\/v2\/types\/page"}],"author":[{"embeddable":true,"href":"https:\/\/www.museuro.eu\/en\/wp-json\/wp\/v2\/users\/3"}],"replies":[{"embeddable":true,"href":"https:\/\/www.museuro.eu\/en\/wp-json\/wp\/v2\/comments?post=15"}],"version-history":[{"count":758,"href":"https:\/\/www.museuro.eu\/en\/wp-json\/wp\/v2\/pages\/15\/revisions"}],"predecessor-version":[{"id":4985,"href":"https:\/\/www.museuro.eu\/en\/wp-json\/wp\/v2\/pages\/15\/revisions\/4985"}],"wp:featuredmedia":[{"embeddable":true,"href":"https:\/\/www.museuro.eu\/en\/wp-json\/wp\/v2\/media\/2983"}],"wp:attachment":[{"href":"https:\/\/www.museuro.eu\/en\/wp-json\/wp\/v2\/media?parent=15"}],"curies":[{"name":"wp","href":"https:\/\/api.w.org\/{rel}","templated":true}]}}