{"id":28,"date":"2020-06-18T10:28:16","date_gmt":"2020-06-18T08:28:16","guid":{"rendered":"http:\/\/expo-saintexupery.com\/?page_id=28"},"modified":"2023-02-01T17:04:52","modified_gmt":"2023-02-01T16:04:52","slug":"nos-expositions","status":"publish","type":"page","link":"https:\/\/www.museuro.eu\/en\/nos-expositions\/","title":{"rendered":"Nos expositions"},"content":{"rendered":"<div data-elementor-type=\"wp-page\" data-elementor-id=\"28\" class=\"elementor elementor-28\">\n\t\t\t\t\t\t<section class=\"elementor-section elementor-top-section elementor-element elementor-element-f8f5374 elementor-section-boxed elementor-section-height-default elementor-section-height-default\" data-id=\"f8f5374\" data-element_type=\"section\">\n\t\t\t\t\t\t<div class=\"elementor-container elementor-column-gap-default\">\n\t\t\t\t\t<div class=\"elementor-column elementor-col-100 elementor-top-column elementor-element elementor-element-0fe36fa\" data-id=\"0fe36fa\" data-element_type=\"column\">\n\t\t\t<div class=\"elementor-widget-wrap elementor-element-populated\">\n\t\t\t\t\t\t<div class=\"elementor-element elementor-element-c8c68b7 elementor-widget elementor-widget-spacer\" data-id=\"c8c68b7\" data-element_type=\"widget\" data-widget_type=\"spacer.default\">\n\t\t\t\t<div class=\"elementor-widget-container\">\n\t\t\t\t\t<div class=\"elementor-spacer\">\n\t\t\t<div class=\"elementor-spacer-inner\"><\/div>\n\t\t<\/div>\n\t\t\t\t<\/div>\n\t\t\t\t<\/div>\n\t\t\t\t<div class=\"elementor-element elementor-element-c108483 elementor-widget elementor-widget-heading\" data-id=\"c108483\" data-element_type=\"widget\" data-widget_type=\"heading.default\">\n\t\t\t\t<div class=\"elementor-widget-container\">\n\t\t\t<h2 class=\"elementor-heading-title elementor-size-default\">Nos expositions<\/h2>\t\t<\/div>\n\t\t\t\t<\/div>\n\t\t\t\t<div class=\"elementor-element elementor-element-628cd9c elementor-widget elementor-widget-text-editor\" data-id=\"628cd9c\" data-element_type=\"widget\" data-widget_type=\"text-editor.default\">\n\t\t\t\t<div class=\"elementor-widget-container\">\n\t\t\t\t\t\t\t<p>Le programme du mus\u00e9e de l&rsquo;Europe se d\u00e9veloppe comme un feuilleton historique en plusieurs \u00e9pisodes. Ses expositions portent aupr\u00e8s du grand public une large conception de l&rsquo;Europe r\u00e9sultant <b>d&rsquo;h\u00e9ritages <\/b>et de <b>voisinages.<br><\/b><span style=\"font-family: var( --e-global-typography-text-font-family ), Sans-serif; font-weight: var( --e-global-typography-text-font-weight ); background-color: var(--nv-site-bg);\">Toutes les expositions ont associ\u00e9 les collections historiques et artistiques europ\u00e9ennes avec une dizaine d&rsquo;institutions (mus\u00e9es archives, biblioth\u00e8ques) qui ont pr\u00eat\u00e9 leurs&nbsp;<\/span><span style=\"background-color: var(--nv-site-bg);\">\u0153<\/span><span style=\"background-color: var(--nv-site-bg); font-family: var( --e-global-typography-text-font-family ), Sans-serif; font-weight: var( --e-global-typography-text-font-weight );\">uvres.&nbsp;<\/span><\/p>\t\t\t\t\t\t<\/div>\n\t\t\t\t<\/div>\n\t\t\t\t<div class=\"elementor-element elementor-element-b638637 elementor-widget elementor-widget-spacer\" data-id=\"b638637\" data-element_type=\"widget\" data-widget_type=\"spacer.default\">\n\t\t\t\t<div class=\"elementor-widget-container\">\n\t\t\t\t\t<div class=\"elementor-spacer\">\n\t\t\t<div class=\"elementor-spacer-inner\"><\/div>\n\t\t<\/div>\n\t\t\t\t<\/div>\n\t\t\t\t<\/div>\n\t\t\t\t<div class=\"elementor-element elementor-element-5e509c6 elementor-widget elementor-widget-heading\" data-id=\"5e509c6\" data-element_type=\"widget\" data-widget_type=\"heading.default\">\n\t\t\t\t<div class=\"elementor-widget-container\">\n\t\t\t<h4 class=\"elementor-heading-title elementor-size-default\">La s\u00e9rie C'est notre histoire !<\/h4>\t\t<\/div>\n\t\t\t\t<\/div>\n\t\t\t\t\t<\/div>\n\t\t<\/div>\n\t\t\t\t\t<\/div>\n\t\t<\/section>\n\t\t\t\t<section class=\"elementor-section elementor-top-section elementor-element elementor-element-988403a elementor-section-boxed elementor-section-height-default elementor-section-height-default\" data-id=\"988403a\" data-element_type=\"section\">\n\t\t\t\t\t\t<div class=\"elementor-container elementor-column-gap-default\">\n\t\t\t\t\t<div class=\"elementor-column elementor-col-25 elementor-top-column elementor-element elementor-element-094508f\" data-id=\"094508f\" data-element_type=\"column\">\n\t\t\t<div class=\"elementor-widget-wrap elementor-element-populated\">\n\t\t\t\t\t\t<div class=\"elementor-element elementor-element-4d1dc15 elementor-widget elementor-widget-image\" data-id=\"4d1dc15\" data-element_type=\"widget\" data-widget_type=\"image.default\">\n\t\t\t\t<div class=\"elementor-widget-container\">\n\t\t\t\t\t\t\t\t\t\t\t\t\t\t<a href=\"https:\/\/www.museuro.eu\/en\/cestnotrehistoire\/\">\n\t\t\t\t\t\t\t<img fetchpriority=\"high\" decoding=\"async\" width=\"1024\" height=\"614\" src=\"https:\/\/www.museuro.eu\/wp-content\/uploads\/2023\/01\/CNH2-e1674661147377-1024x614.png\" class=\"attachment-large size-large wp-image-4521\" alt=\"\" srcset=\"https:\/\/www.museuro.eu\/wp-content\/uploads\/2023\/01\/CNH2-e1674661147377-1024x614.png 1024w, https:\/\/www.museuro.eu\/wp-content\/uploads\/2023\/01\/CNH2-e1674661147377-300x180.png 300w, https:\/\/www.museuro.eu\/wp-content\/uploads\/2023\/01\/CNH2-e1674661147377-768x461.png 768w, https:\/\/www.museuro.eu\/wp-content\/uploads\/2023\/01\/CNH2-e1674661147377-18x12.png 18w, https:\/\/www.museuro.eu\/wp-content\/uploads\/2023\/01\/CNH2-e1674661147377.png 1067w\" sizes=\"(max-width: 1024px) 100vw, 1024px\" \/>\t\t\t\t\t\t\t\t<\/a>\n\t\t\t\t\t\t\t\t\t\t\t\t\t<\/div>\n\t\t\t\t<\/div>\n\t\t\t\t<div class=\"elementor-element elementor-element-7d60f9a elementor-widget elementor-widget-heading\" data-id=\"7d60f9a\" data-element_type=\"widget\" data-widget_type=\"heading.default\">\n\t\t\t\t<div class=\"elementor-widget-container\">\n\t\t\t<h4 class=\"elementor-heading-title elementor-size-default\">C'est notre histoire ! <\/h4>\t\t<\/div>\n\t\t\t\t<\/div>\n\t\t\t\t\t<\/div>\n\t\t<\/div>\n\t\t\t\t<div class=\"elementor-column elementor-col-25 elementor-top-column elementor-element elementor-element-132bd49\" data-id=\"132bd49\" data-element_type=\"column\">\n\t\t\t<div class=\"elementor-widget-wrap elementor-element-populated\">\n\t\t\t\t\t\t<div class=\"elementor-element elementor-element-66bb735 elementor-widget elementor-widget-image\" data-id=\"66bb735\" data-element_type=\"widget\" data-widget_type=\"image.default\">\n\t\t\t\t<div class=\"elementor-widget-container\">\n\t\t\t\t\t\t\t\t\t\t\t\t\t\t<a href=\"http:\/\/www.museuro.eu\/en\/lamerique-cest-aussi-notre-histoire\/\">\n\t\t\t\t\t\t\t<img decoding=\"async\" width=\"762\" height=\"455\" src=\"https:\/\/www.museuro.eu\/wp-content\/uploads\/2022\/12\/Amerique-e1673519898345.jpg\" class=\"attachment-large size-large wp-image-2933\" alt=\"\" srcset=\"https:\/\/www.museuro.eu\/wp-content\/uploads\/2022\/12\/Amerique-e1673519898345.jpg 762w, https:\/\/www.museuro.eu\/wp-content\/uploads\/2022\/12\/Amerique-e1673519898345-300x179.jpg 300w, https:\/\/www.museuro.eu\/wp-content\/uploads\/2022\/12\/Amerique-e1673519898345-18x12.jpg 18w\" sizes=\"(max-width: 762px) 100vw, 762px\" \/>\t\t\t\t\t\t\t\t<\/a>\n\t\t\t\t\t\t\t\t\t\t\t\t\t<\/div>\n\t\t\t\t<\/div>\n\t\t\t\t<div class=\"elementor-element elementor-element-fbf7a35 elementor-widget elementor-widget-heading\" data-id=\"fbf7a35\" data-element_type=\"widget\" data-widget_type=\"heading.default\">\n\t\t\t\t<div class=\"elementor-widget-container\">\n\t\t\t<h4 class=\"elementor-heading-title elementor-size-default\">L\u2019Am\u00e9rique c\u2019est aussi notre histoire !<\/h4>\t\t<\/div>\n\t\t\t\t<\/div>\n\t\t\t\t\t<\/div>\n\t\t<\/div>\n\t\t\t\t<div class=\"elementor-column elementor-col-25 elementor-top-column elementor-element elementor-element-e249921\" data-id=\"e249921\" data-element_type=\"column\">\n\t\t\t<div class=\"elementor-widget-wrap elementor-element-populated\">\n\t\t\t\t\t\t<div class=\"elementor-element elementor-element-5a5a554 elementor-widget elementor-widget-image\" data-id=\"5a5a554\" data-element_type=\"widget\" data-widget_type=\"image.default\">\n\t\t\t\t<div class=\"elementor-widget-container\">\n\t\t\t\t\t\t\t\t\t\t\t\t\t\t<a href=\"https:\/\/www.museuro.eu\/en\/14-18-cest-notre-histoire\/\">\n\t\t\t\t\t\t\t<img decoding=\"async\" width=\"1024\" height=\"619\" src=\"https:\/\/www.museuro.eu\/wp-content\/uploads\/2023\/01\/Picture-1-scaled-e1674744338561-1024x619.jpg\" class=\"attachment-large size-large wp-image-4612\" alt=\"\" srcset=\"https:\/\/www.museuro.eu\/wp-content\/uploads\/2023\/01\/Picture-1-scaled-e1674744338561-1024x619.jpg 1024w, https:\/\/www.museuro.eu\/wp-content\/uploads\/2023\/01\/Picture-1-scaled-e1674744338561-300x181.jpg 300w, https:\/\/www.museuro.eu\/wp-content\/uploads\/2023\/01\/Picture-1-scaled-e1674744338561-768x465.jpg 768w, https:\/\/www.museuro.eu\/wp-content\/uploads\/2023\/01\/Picture-1-scaled-e1674744338561-1536x929.jpg 1536w, https:\/\/www.museuro.eu\/wp-content\/uploads\/2023\/01\/Picture-1-scaled-e1674744338561-2048x1239.jpg 2048w, https:\/\/www.museuro.eu\/wp-content\/uploads\/2023\/01\/Picture-1-scaled-e1674744338561-18x12.jpg 18w\" sizes=\"(max-width: 1024px) 100vw, 1024px\" \/>\t\t\t\t\t\t\t\t<\/a>\n\t\t\t\t\t\t\t\t\t\t\t\t\t<\/div>\n\t\t\t\t<\/div>\n\t\t\t\t<div class=\"elementor-element elementor-element-f9bef41 elementor-widget elementor-widget-heading\" data-id=\"f9bef41\" data-element_type=\"widget\" data-widget_type=\"heading.default\">\n\t\t\t\t<div class=\"elementor-widget-container\">\n\t\t\t<h4 class=\"elementor-heading-title elementor-size-default\">14-18, c'est notre histoire !<\/h4>\t\t<\/div>\n\t\t\t\t<\/div>\n\t\t\t\t\t<\/div>\n\t\t<\/div>\n\t\t\t\t<div class=\"elementor-column elementor-col-25 elementor-top-column elementor-element elementor-element-bf5c701\" data-id=\"bf5c701\" data-element_type=\"column\">\n\t\t\t<div class=\"elementor-widget-wrap elementor-element-populated\">\n\t\t\t\t\t\t<div class=\"elementor-element elementor-element-a6e6caa elementor-widget elementor-widget-image\" data-id=\"a6e6caa\" data-element_type=\"widget\" data-widget_type=\"image.default\">\n\t\t\t\t<div class=\"elementor-widget-container\">\n\t\t\t\t\t\t\t\t\t\t\t\t\t\t<a href=\"http:\/\/www.museuro.eu\/en\/islam\/\">\n\t\t\t\t\t\t\t<img loading=\"lazy\" decoding=\"async\" width=\"1024\" height=\"609\" src=\"https:\/\/www.museuro.eu\/wp-content\/uploads\/2023\/01\/islam-biblio-1-scaled-e1673520456486-1024x609.jpg\" class=\"attachment-large size-large wp-image-3733\" alt=\"\" srcset=\"https:\/\/www.museuro.eu\/wp-content\/uploads\/2023\/01\/islam-biblio-1-scaled-e1673520456486-1024x609.jpg 1024w, https:\/\/www.museuro.eu\/wp-content\/uploads\/2023\/01\/islam-biblio-1-scaled-e1673520456486-300x178.jpg 300w, https:\/\/www.museuro.eu\/wp-content\/uploads\/2023\/01\/islam-biblio-1-scaled-e1673520456486-768x457.jpg 768w, https:\/\/www.museuro.eu\/wp-content\/uploads\/2023\/01\/islam-biblio-1-scaled-e1673520456486-1536x914.jpg 1536w, https:\/\/www.museuro.eu\/wp-content\/uploads\/2023\/01\/islam-biblio-1-scaled-e1673520456486-2048x1218.jpg 2048w, https:\/\/www.museuro.eu\/wp-content\/uploads\/2023\/01\/islam-biblio-1-scaled-e1673520456486-18x12.jpg 18w\" sizes=\"(max-width: 1024px) 100vw, 1024px\" \/>\t\t\t\t\t\t\t\t<\/a>\n\t\t\t\t\t\t\t\t\t\t\t\t\t<\/div>\n\t\t\t\t<\/div>\n\t\t\t\t<div class=\"elementor-element elementor-element-eaef225 elementor-widget elementor-widget-heading\" data-id=\"eaef225\" data-element_type=\"widget\" data-widget_type=\"heading.default\">\n\t\t\t\t<div class=\"elementor-widget-container\">\n\t\t\t<h4 class=\"elementor-heading-title elementor-size-default\">L\u2019Islam, c\u2019est aussi notre histoire !<\/h4>\t\t<\/div>\n\t\t\t\t<\/div>\n\t\t\t\t\t<\/div>\n\t\t<\/div>\n\t\t\t\t\t<\/div>\n\t\t<\/section>\n\t\t\t\t<section class=\"elementor-section elementor-top-section elementor-element elementor-element-951ec32 elementor-section-boxed elementor-section-height-default elementor-section-height-default\" data-id=\"951ec32\" data-element_type=\"section\">\n\t\t\t\t\t\t<div class=\"elementor-container elementor-column-gap-default\">\n\t\t\t\t\t<div class=\"elementor-column elementor-col-100 elementor-top-column elementor-element elementor-element-aac9fbf\" data-id=\"aac9fbf\" data-element_type=\"column\">\n\t\t\t<div class=\"elementor-widget-wrap elementor-element-populated\">\n\t\t\t\t\t\t<div class=\"elementor-element elementor-element-723113f elementor-widget elementor-widget-spacer\" data-id=\"723113f\" data-element_type=\"widget\" data-widget_type=\"spacer.default\">\n\t\t\t\t<div class=\"elementor-widget-container\">\n\t\t\t\t\t<div class=\"elementor-spacer\">\n\t\t\t<div class=\"elementor-spacer-inner\"><\/div>\n\t\t<\/div>\n\t\t\t\t<\/div>\n\t\t\t\t<\/div>\n\t\t\t\t<div class=\"elementor-element elementor-element-52d480a elementor-widget elementor-widget-heading\" data-id=\"52d480a\" data-element_type=\"widget\" data-widget_type=\"heading.default\">\n\t\t\t\t<div class=\"elementor-widget-container\">\n\t\t\t<h4 class=\"elementor-heading-title elementor-size-default\">Autres expositions<\/h4>\t\t<\/div>\n\t\t\t\t<\/div>\n\t\t\t\t\t<\/div>\n\t\t<\/div>\n\t\t\t\t\t<\/div>\n\t\t<\/section>\n\t\t\t\t<section class=\"elementor-section elementor-top-section elementor-element elementor-element-a1c1880 elementor-section-boxed elementor-section-height-default elementor-section-height-default\" data-id=\"a1c1880\" data-element_type=\"section\">\n\t\t\t\t\t\t<div class=\"elementor-container elementor-column-gap-default\">\n\t\t\t\t\t<div class=\"elementor-column elementor-col-25 elementor-top-column elementor-element elementor-element-7db8a03\" data-id=\"7db8a03\" data-element_type=\"column\">\n\t\t\t<div class=\"elementor-widget-wrap elementor-element-populated\">\n\t\t\t\t\t\t<div class=\"elementor-element elementor-element-19b944c elementor-widget elementor-widget-image\" data-id=\"19b944c\" data-element_type=\"widget\" data-widget_type=\"image.default\">\n\t\t\t\t<div class=\"elementor-widget-container\">\n\t\t\t\t\t\t\t\t\t\t\t\t\t\t<a href=\"http:\/\/www.museuro.eu\/en\/la-belle-europe\/\">\n\t\t\t\t\t\t\t<img loading=\"lazy\" decoding=\"async\" width=\"1173\" height=\"686\" src=\"https:\/\/www.museuro.eu\/wp-content\/uploads\/2023\/01\/LBE-e1674815086392.png\" class=\"attachment-2048x2048 size-2048x2048 wp-image-4701\" alt=\"\" srcset=\"https:\/\/www.museuro.eu\/wp-content\/uploads\/2023\/01\/LBE-e1674815086392.png 1173w, https:\/\/www.museuro.eu\/wp-content\/uploads\/2023\/01\/LBE-e1674815086392-300x175.png 300w, https:\/\/www.museuro.eu\/wp-content\/uploads\/2023\/01\/LBE-e1674815086392-1024x599.png 1024w, https:\/\/www.museuro.eu\/wp-content\/uploads\/2023\/01\/LBE-e1674815086392-768x449.png 768w, https:\/\/www.museuro.eu\/wp-content\/uploads\/2023\/01\/LBE-e1674815086392-18x12.png 18w\" sizes=\"(max-width: 1173px) 100vw, 1173px\" \/>\t\t\t\t\t\t\t\t<\/a>\n\t\t\t\t\t\t\t\t\t\t\t\t\t<\/div>\n\t\t\t\t<\/div>\n\t\t\t\t<div class=\"elementor-element elementor-element-19f5f8f elementor-widget elementor-widget-heading\" data-id=\"19f5f8f\" data-element_type=\"widget\" data-widget_type=\"heading.default\">\n\t\t\t\t<div class=\"elementor-widget-container\">\n\t\t\t<h4 class=\"elementor-heading-title elementor-size-default\">La Belle Europe<\/h4>\t\t<\/div>\n\t\t\t\t<\/div>\n\t\t\t\t\t<\/div>\n\t\t<\/div>\n\t\t\t\t<div class=\"elementor-column elementor-col-25 elementor-top-column elementor-element elementor-element-7ed9fdd\" data-id=\"7ed9fdd\" data-element_type=\"column\">\n\t\t\t<div class=\"elementor-widget-wrap elementor-element-populated\">\n\t\t\t\t\t\t<div class=\"elementor-element elementor-element-59540e9 elementor-widget elementor-widget-image\" data-id=\"59540e9\" data-element_type=\"widget\" data-widget_type=\"image.default\">\n\t\t\t\t<div class=\"elementor-widget-container\">\n\t\t\t\t\t\t\t\t\t\t\t\t\t\t<a href=\"http:\/\/www.museuro.eu\/en\/dieux-mode-demploi\/\">\n\t\t\t\t\t\t\t<img loading=\"lazy\" decoding=\"async\" width=\"2048\" height=\"1174\" src=\"https:\/\/www.museuro.eu\/wp-content\/uploads\/2023\/01\/IMG2012-0020-0008-Dm-2048x1174.jpg\" class=\"attachment-2048x2048 size-2048x2048 wp-image-3717\" alt=\"\" srcset=\"https:\/\/www.museuro.eu\/wp-content\/uploads\/2023\/01\/IMG2012-0020-0008-Dm-2048x1174.jpg 2048w, https:\/\/www.museuro.eu\/wp-content\/uploads\/2023\/01\/IMG2012-0020-0008-Dm-scaled-e1673519588560-18x10.jpg 18w\" sizes=\"(max-width: 2048px) 100vw, 2048px\" \/>\t\t\t\t\t\t\t\t<\/a>\n\t\t\t\t\t\t\t\t\t\t\t\t\t<\/div>\n\t\t\t\t<\/div>\n\t\t\t\t<div class=\"elementor-element elementor-element-aabbda0 elementor-widget elementor-widget-heading\" data-id=\"aabbda0\" data-element_type=\"widget\" data-widget_type=\"heading.default\">\n\t\t\t\t<div class=\"elementor-widget-container\">\n\t\t\t<h4 class=\"elementor-heading-title elementor-size-default\">Dieu(x) mode d'emploi<\/h4>\t\t<\/div>\n\t\t\t\t<\/div>\n\t\t\t\t\t<\/div>\n\t\t<\/div>\n\t\t\t\t<div class=\"elementor-column elementor-col-25 elementor-top-column elementor-element elementor-element-7294971\" data-id=\"7294971\" data-element_type=\"column\">\n\t\t\t<div class=\"elementor-widget-wrap elementor-element-populated\">\n\t\t\t\t\t\t<div class=\"elementor-element elementor-element-709b082 elementor-widget elementor-widget-image\" data-id=\"709b082\" data-element_type=\"widget\" data-widget_type=\"image.default\">\n\t\t\t\t<div class=\"elementor-widget-container\">\n\t\t\t\t\t\t\t\t\t\t\t\t\t\t<a href=\"http:\/\/www.museuro.eu\/en\/pompeii-2\/\">\n\t\t\t\t\t\t\t<img loading=\"lazy\" decoding=\"async\" width=\"2048\" height=\"1187\" src=\"https:\/\/www.museuro.eu\/wp-content\/uploads\/2023\/01\/Pompeii-7-scaled-e1673520622538-2048x1187.jpg\" class=\"attachment-2048x2048 size-2048x2048 wp-image-3731\" alt=\"\" srcset=\"https:\/\/www.museuro.eu\/wp-content\/uploads\/2023\/01\/Pompeii-7-scaled-e1673520622538-2048x1187.jpg 2048w, https:\/\/www.museuro.eu\/wp-content\/uploads\/2023\/01\/Pompeii-7-scaled-e1673520622538-300x174.jpg 300w, https:\/\/www.museuro.eu\/wp-content\/uploads\/2023\/01\/Pompeii-7-scaled-e1673520622538-1024x594.jpg 1024w, https:\/\/www.museuro.eu\/wp-content\/uploads\/2023\/01\/Pompeii-7-scaled-e1673520622538-768x445.jpg 768w, https:\/\/www.museuro.eu\/wp-content\/uploads\/2023\/01\/Pompeii-7-scaled-e1673520622538-1536x890.jpg 1536w, https:\/\/www.museuro.eu\/wp-content\/uploads\/2023\/01\/Pompeii-7-scaled-e1673520622538-18x10.jpg 18w\" sizes=\"(max-width: 2048px) 100vw, 2048px\" \/>\t\t\t\t\t\t\t\t<\/a>\n\t\t\t\t\t\t\t\t\t\t\t\t\t<\/div>\n\t\t\t\t<\/div>\n\t\t\t\t<div class=\"elementor-element elementor-element-7b7fe0e elementor-widget elementor-widget-heading\" data-id=\"7b7fe0e\" data-element_type=\"widget\" data-widget_type=\"heading.default\">\n\t\t\t\t<div class=\"elementor-widget-container\">\n\t\t\t<h4 class=\"elementor-heading-title elementor-size-default\">Pompeii, the immortal city<\/h4>\t\t<\/div>\n\t\t\t\t<\/div>\n\t\t\t\t\t<\/div>\n\t\t<\/div>\n\t\t\t\t<div class=\"elementor-column elementor-col-25 elementor-top-column elementor-element elementor-element-1b283eb\" data-id=\"1b283eb\" data-element_type=\"column\">\n\t\t\t<div class=\"elementor-widget-wrap elementor-element-populated\">\n\t\t\t\t\t\t<div class=\"elementor-element elementor-element-7746c4e elementor-widget elementor-widget-image\" data-id=\"7746c4e\" data-element_type=\"widget\" data-widget_type=\"image.default\">\n\t\t\t\t<div class=\"elementor-widget-container\">\n\t\t\t\t\t\t\t\t\t\t\t\t\t\t<a href=\"http:\/\/www.museuro.eu\/en\/cest-notre-terre\/\">\n\t\t\t\t\t\t\t<img loading=\"lazy\" decoding=\"async\" width=\"1024\" height=\"596\" src=\"https:\/\/www.museuro.eu\/wp-content\/uploads\/2023\/01\/Cest-notre-terre-2-Detail-dun-interactif-1-scaled-e1674647412992-1024x596.jpg\" class=\"attachment-large size-large wp-image-3732\" alt=\"\" srcset=\"https:\/\/www.museuro.eu\/wp-content\/uploads\/2023\/01\/Cest-notre-terre-2-Detail-dun-interactif-1-scaled-e1674647412992-1024x596.jpg 1024w, https:\/\/www.museuro.eu\/wp-content\/uploads\/2023\/01\/Cest-notre-terre-2-Detail-dun-interactif-1-scaled-e1674647412992-300x175.jpg 300w, https:\/\/www.museuro.eu\/wp-content\/uploads\/2023\/01\/Cest-notre-terre-2-Detail-dun-interactif-1-scaled-e1674647412992-768x447.jpg 768w, https:\/\/www.museuro.eu\/wp-content\/uploads\/2023\/01\/Cest-notre-terre-2-Detail-dun-interactif-1-scaled-e1674647412992-1536x895.jpg 1536w, https:\/\/www.museuro.eu\/wp-content\/uploads\/2023\/01\/Cest-notre-terre-2-Detail-dun-interactif-1-scaled-e1674647412992-2048x1193.jpg 2048w, https:\/\/www.museuro.eu\/wp-content\/uploads\/2023\/01\/Cest-notre-terre-2-Detail-dun-interactif-1-scaled-e1674647412992-18x10.jpg 18w\" sizes=\"(max-width: 1024px) 100vw, 1024px\" \/>\t\t\t\t\t\t\t\t<\/a>\n\t\t\t\t\t\t\t\t\t\t\t\t\t<\/div>\n\t\t\t\t<\/div>\n\t\t\t\t<div class=\"elementor-element elementor-element-9f2ca42 elementor-widget elementor-widget-heading\" data-id=\"9f2ca42\" data-element_type=\"widget\" data-widget_type=\"heading.default\">\n\t\t\t\t<div class=\"elementor-widget-container\">\n\t\t\t<h4 class=\"elementor-heading-title elementor-size-default\">C\u2019est notre terre !<\/h4>\t\t<\/div>\n\t\t\t\t<\/div>\n\t\t\t\t\t<\/div>\n\t\t<\/div>\n\t\t\t\t\t<\/div>\n\t\t<\/section>\n\t\t\t\t<section class=\"elementor-section elementor-top-section elementor-element elementor-element-efabe62 elementor-section-boxed elementor-section-height-default elementor-section-height-default\" data-id=\"efabe62\" data-element_type=\"section\">\n\t\t\t\t\t\t<div class=\"elementor-container elementor-column-gap-default\">\n\t\t\t\t\t<div class=\"elementor-column elementor-col-100 elementor-top-column elementor-element elementor-element-e99d221\" data-id=\"e99d221\" data-element_type=\"column\">\n\t\t\t<div class=\"elementor-widget-wrap elementor-element-populated\">\n\t\t\t\t\t\t<div class=\"elementor-element elementor-element-8dd8cc9 elementor-widget elementor-widget-spacer\" data-id=\"8dd8cc9\" data-element_type=\"widget\" data-widget_type=\"spacer.default\">\n\t\t\t\t<div class=\"elementor-widget-container\">\n\t\t\t\t\t<div class=\"elementor-spacer\">\n\t\t\t<div class=\"elementor-spacer-inner\"><\/div>\n\t\t<\/div>\n\t\t\t\t<\/div>\n\t\t\t\t<\/div>\n\t\t\t\t\t<\/div>\n\t\t<\/div>\n\t\t\t\t\t<\/div>\n\t\t<\/section>\n\t\t\t\t<\/div>","protected":false},"excerpt":{"rendered":"<p>Nos expositions Le programme du mus\u00e9e de l&rsquo;Europe se d\u00e9veloppe comme un feuilleton historique en plusieurs \u00e9pisodes. Ses expositions portent aupr\u00e8s du grand public une large conception de l&rsquo;Europe r\u00e9sultant d&rsquo;h\u00e9ritages et de voisinages.Toutes les expositions ont associ\u00e9 les collections historiques et artistiques europ\u00e9ennes avec une dizaine d&rsquo;institutions (mus\u00e9es archives, biblioth\u00e8ques) qui ont pr\u00eat\u00e9 leurs&nbsp;\u0153uvres.&nbsp;&hellip;&nbsp;<a href=\"https:\/\/www.museuro.eu\/en\/nos-expositions\/\" rel=\"bookmark\">Read More &raquo;<span class=\"screen-reader-text\">Nos expositions<\/span><\/a><\/p>","protected":false},"author":3,"featured_media":3940,"parent":0,"menu_order":0,"comment_status":"closed","ping_status":"closed","template":"page-templates\/template-pagebuilder-full-width.php","meta":{"neve_meta_sidebar":"full-width","neve_meta_container":"","neve_meta_enable_content_width":"on","neve_meta_content_width":100,"neve_meta_title_alignment":"","neve_meta_author_avatar":"","neve_post_elements_order":"","neve_meta_disable_header":"","neve_meta_disable_footer":"","neve_meta_disable_title":"on","footnotes":""},"class_list":["post-28","page","type-page","status-publish","has-post-thumbnail","hentry"],"yoast_head":"<!-- This site is optimized with the Yoast SEO plugin v24.0 - https:\/\/yoast.com\/wordpress\/plugins\/seo\/ -->\n<title>Nos expositions - Mus\u00e9e de L&#039;Europe<\/title>\n<meta name=\"description\" content=\"Les expositions du Mus\u00e9e de L&#039;Europe\" \/>\n<meta name=\"robots\" content=\"index, follow, max-snippet:-1, max-image-preview:large, max-video-preview:-1\" \/>\n<link rel=\"canonical\" href=\"https:\/\/www.museuro.eu\/en\/nos-expositions\/\" \/>\n<meta property=\"og:locale\" content=\"en_GB\" \/>\n<meta property=\"og:type\" content=\"article\" \/>\n<meta property=\"og:title\" content=\"EXPO Saint Exup\u00e9ry - Votre visite\" \/>\n<meta property=\"og:description\" content=\"Pr\u00e9parez votre visite de l&#039;exposition \u00ab Antoine de Saint Exup\u00e9ry. Une Petit Prince parmi les Hommes. \u00bb\" \/>\n<meta property=\"og:url\" content=\"https:\/\/www.museuro.eu\/en\/nos-expositions\/\" \/>\n<meta property=\"og:site_name\" content=\"Mus\u00e9e de L&#039;Europe\" \/>\n<meta property=\"article:modified_time\" content=\"2023-02-01T16:04:52+00:00\" \/>\n<meta name=\"twitter:card\" content=\"summary_large_image\" \/>\n<meta name=\"twitter:image\" content=\"https:\/\/www.museuro.eu\/wp-content\/uploads\/2023\/01\/ALL-11-e1673864611308.png\" \/>\n<meta name=\"twitter:label1\" content=\"Estimated reading time\" \/>\n\t<meta name=\"twitter:data1\" content=\"3 minutes\" \/>\n<script type=\"application\/ld+json\" class=\"yoast-schema-graph\">{\"@context\":\"https:\/\/schema.org\",\"@graph\":[{\"@type\":\"WebPage\",\"@id\":\"https:\/\/www.museuro.eu\/nos-expositions\/\",\"url\":\"https:\/\/www.museuro.eu\/nos-expositions\/\",\"name\":\"Nos expositions - Mus\u00e9e de L&#039;Europe\",\"isPartOf\":{\"@id\":\"https:\/\/www.museuro.eu\/#website\"},\"primaryImageOfPage\":{\"@id\":\"https:\/\/www.museuro.eu\/nos-expositions\/#primaryimage\"},\"image\":{\"@id\":\"https:\/\/www.museuro.eu\/nos-expositions\/#primaryimage\"},\"thumbnailUrl\":\"https:\/\/www.museuro.eu\/wp-content\/uploads\/2023\/01\/ALL-11-e1673864611308.png\",\"datePublished\":\"2020-06-18T08:28:16+00:00\",\"dateModified\":\"2023-02-01T16:04:52+00:00\",\"description\":\"Les expositions du Mus\u00e9e de L'Europe\",\"breadcrumb\":{\"@id\":\"https:\/\/www.museuro.eu\/nos-expositions\/#breadcrumb\"},\"inLanguage\":\"en-GB\",\"potentialAction\":[{\"@type\":\"ReadAction\",\"target\":[\"https:\/\/www.museuro.eu\/nos-expositions\/\"]}]},{\"@type\":\"ImageObject\",\"inLanguage\":\"en-GB\",\"@id\":\"https:\/\/www.museuro.eu\/nos-expositions\/#primaryimage\",\"url\":\"https:\/\/www.museuro.eu\/wp-content\/uploads\/2023\/01\/ALL-11-e1673864611308.png\",\"contentUrl\":\"https:\/\/www.museuro.eu\/wp-content\/uploads\/2023\/01\/ALL-11-e1673864611308.png\",\"width\":825,\"height\":806},{\"@type\":\"BreadcrumbList\",\"@id\":\"https:\/\/www.museuro.eu\/nos-expositions\/#breadcrumb\",\"itemListElement\":[{\"@type\":\"ListItem\",\"position\":1,\"name\":\"Accueil\",\"item\":\"https:\/\/www.museuro.eu\/\"},{\"@type\":\"ListItem\",\"position\":2,\"name\":\"Nos expositions\"}]},{\"@type\":\"WebSite\",\"@id\":\"https:\/\/www.museuro.eu\/#website\",\"url\":\"https:\/\/www.museuro.eu\/\",\"name\":\"Mus\u00e9e de L&#039;Europe\",\"description\":\"Dans l&#039;attente d&#039;un nouveau projet\",\"publisher\":{\"@id\":\"https:\/\/www.museuro.eu\/#organization\"},\"potentialAction\":[{\"@type\":\"SearchAction\",\"target\":{\"@type\":\"EntryPoint\",\"urlTemplate\":\"https:\/\/www.museuro.eu\/?s={search_term_string}\"},\"query-input\":{\"@type\":\"PropertyValueSpecification\",\"valueRequired\":true,\"valueName\":\"search_term_string\"}}],\"inLanguage\":\"en-GB\"},{\"@type\":\"Organization\",\"@id\":\"https:\/\/www.museuro.eu\/#organization\",\"name\":\"Mus\u00e9e de L&#039;Europe\",\"url\":\"https:\/\/www.museuro.eu\/\",\"logo\":{\"@type\":\"ImageObject\",\"inLanguage\":\"en-GB\",\"@id\":\"https:\/\/www.museuro.eu\/#\/schema\/logo\/image\/\",\"url\":\"https:\/\/www.museuro.eu\/wp-content\/uploads\/2020\/06\/LOGO-TEMPORA_BLANC_23.02.2016.png\",\"contentUrl\":\"https:\/\/www.museuro.eu\/wp-content\/uploads\/2020\/06\/LOGO-TEMPORA_BLANC_23.02.2016.png\",\"width\":599,\"height\":188,\"caption\":\"Mus\u00e9e de L&#039;Europe\"},\"image\":{\"@id\":\"https:\/\/www.museuro.eu\/#\/schema\/logo\/image\/\"}}]}<\/script>\n<!-- \/ Yoast SEO plugin. -->","yoast_head_json":{"title":"Nos expositions - Mus\u00e9e de L&#039;Europe","description":"Les expositions du Mus\u00e9e de L'Europe","robots":{"index":"index","follow":"follow","max-snippet":"max-snippet:-1","max-image-preview":"max-image-preview:large","max-video-preview":"max-video-preview:-1"},"canonical":"https:\/\/www.museuro.eu\/en\/nos-expositions\/","og_locale":"en_GB","og_type":"article","og_title":"EXPO Saint Exup\u00e9ry - Votre visite","og_description":"Pr\u00e9parez votre visite de l'exposition \u00ab Antoine de Saint Exup\u00e9ry. Une Petit Prince parmi les Hommes. \u00bb","og_url":"https:\/\/www.museuro.eu\/en\/nos-expositions\/","og_site_name":"Mus\u00e9e de L&#039;Europe","article_modified_time":"2023-02-01T16:04:52+00:00","twitter_card":"summary_large_image","twitter_image":"https:\/\/www.museuro.eu\/wp-content\/uploads\/2023\/01\/ALL-11-e1673864611308.png","twitter_misc":{"Estimated reading time":"3 minutes"},"schema":{"@context":"https:\/\/schema.org","@graph":[{"@type":"WebPage","@id":"https:\/\/www.museuro.eu\/nos-expositions\/","url":"https:\/\/www.museuro.eu\/nos-expositions\/","name":"Nos expositions - Mus\u00e9e de L&#039;Europe","isPartOf":{"@id":"https:\/\/www.museuro.eu\/#website"},"primaryImageOfPage":{"@id":"https:\/\/www.museuro.eu\/nos-expositions\/#primaryimage"},"image":{"@id":"https:\/\/www.museuro.eu\/nos-expositions\/#primaryimage"},"thumbnailUrl":"https:\/\/www.museuro.eu\/wp-content\/uploads\/2023\/01\/ALL-11-e1673864611308.png","datePublished":"2020-06-18T08:28:16+00:00","dateModified":"2023-02-01T16:04:52+00:00","description":"Les expositions du Mus\u00e9e de L'Europe","breadcrumb":{"@id":"https:\/\/www.museuro.eu\/nos-expositions\/#breadcrumb"},"inLanguage":"en-GB","potentialAction":[{"@type":"ReadAction","target":["https:\/\/www.museuro.eu\/nos-expositions\/"]}]},{"@type":"ImageObject","inLanguage":"en-GB","@id":"https:\/\/www.museuro.eu\/nos-expositions\/#primaryimage","url":"https:\/\/www.museuro.eu\/wp-content\/uploads\/2023\/01\/ALL-11-e1673864611308.png","contentUrl":"https:\/\/www.museuro.eu\/wp-content\/uploads\/2023\/01\/ALL-11-e1673864611308.png","width":825,"height":806},{"@type":"BreadcrumbList","@id":"https:\/\/www.museuro.eu\/nos-expositions\/#breadcrumb","itemListElement":[{"@type":"ListItem","position":1,"name":"Accueil","item":"https:\/\/www.museuro.eu\/"},{"@type":"ListItem","position":2,"name":"Nos expositions"}]},{"@type":"WebSite","@id":"https:\/\/www.museuro.eu\/#website","url":"https:\/\/www.museuro.eu\/","name":"Mus\u00e9e de L&#039;Europe","description":"Dans l&#039;attente d&#039;un nouveau projet","publisher":{"@id":"https:\/\/www.museuro.eu\/#organization"},"potentialAction":[{"@type":"SearchAction","target":{"@type":"EntryPoint","urlTemplate":"https:\/\/www.museuro.eu\/?s={search_term_string}"},"query-input":{"@type":"PropertyValueSpecification","valueRequired":true,"valueName":"search_term_string"}}],"inLanguage":"en-GB"},{"@type":"Organization","@id":"https:\/\/www.museuro.eu\/#organization","name":"Mus\u00e9e de L&#039;Europe","url":"https:\/\/www.museuro.eu\/","logo":{"@type":"ImageObject","inLanguage":"en-GB","@id":"https:\/\/www.museuro.eu\/#\/schema\/logo\/image\/","url":"https:\/\/www.museuro.eu\/wp-content\/uploads\/2020\/06\/LOGO-TEMPORA_BLANC_23.02.2016.png","contentUrl":"https:\/\/www.museuro.eu\/wp-content\/uploads\/2020\/06\/LOGO-TEMPORA_BLANC_23.02.2016.png","width":599,"height":188,"caption":"Mus\u00e9e de L&#039;Europe"},"image":{"@id":"https:\/\/www.museuro.eu\/#\/schema\/logo\/image\/"}}]}},"_links":{"self":[{"href":"https:\/\/www.museuro.eu\/en\/wp-json\/wp\/v2\/pages\/28","targetHints":{"allow":["GET"]}}],"collection":[{"href":"https:\/\/www.museuro.eu\/en\/wp-json\/wp\/v2\/pages"}],"about":[{"href":"https:\/\/www.museuro.eu\/en\/wp-json\/wp\/v2\/types\/page"}],"author":[{"embeddable":true,"href":"https:\/\/www.museuro.eu\/en\/wp-json\/wp\/v2\/users\/3"}],"replies":[{"embeddable":true,"href":"https:\/\/www.museuro.eu\/en\/wp-json\/wp\/v2\/comments?post=28"}],"version-history":[{"count":669,"href":"https:\/\/www.museuro.eu\/en\/wp-json\/wp\/v2\/pages\/28\/revisions"}],"predecessor-version":[{"id":4928,"href":"https:\/\/www.museuro.eu\/en\/wp-json\/wp\/v2\/pages\/28\/revisions\/4928"}],"wp:featuredmedia":[{"embeddable":true,"href":"https:\/\/www.museuro.eu\/en\/wp-json\/wp\/v2\/media\/3940"}],"wp:attachment":[{"href":"https:\/\/www.museuro.eu\/en\/wp-json\/wp\/v2\/media?parent=28"}],"curies":[{"name":"wp","href":"https:\/\/api.w.org\/{rel}","templated":true}]}}