{"id":3689,"date":"2023-01-11T12:34:34","date_gmt":"2023-01-11T11:34:34","guid":{"rendered":"http:\/\/www.museuro.eu\/?page_id=3689"},"modified":"2023-02-07T17:33:21","modified_gmt":"2023-02-07T16:33:21","slug":"reseau-musee-de-leurope","status":"publish","type":"page","link":"https:\/\/www.museuro.eu\/en\/expo\/reseau-musee-de-leurope\/","title":{"rendered":"Le R\u00e9seau du Mus\u00e9e de l&rsquo;Europe"},"content":{"rendered":"<div data-elementor-type=\"wp-page\" data-elementor-id=\"3689\" class=\"elementor elementor-3689\">\n\t\t\t\t\t\t<section class=\"elementor-section elementor-top-section elementor-element elementor-element-9666e69 elementor-section-boxed elementor-section-height-default elementor-section-height-default\" data-id=\"9666e69\" data-element_type=\"section\" data-settings=\"{&quot;background_background&quot;:&quot;classic&quot;}\">\n\t\t\t\t\t\t<div class=\"elementor-container elementor-column-gap-default\">\n\t\t\t\t\t<div class=\"elementor-column elementor-col-100 elementor-top-column elementor-element elementor-element-17f7ed4\" data-id=\"17f7ed4\" data-element_type=\"column\">\n\t\t\t<div class=\"elementor-widget-wrap elementor-element-populated\">\n\t\t\t\t\t\t<div class=\"elementor-element elementor-element-8690de4 elementor-widget elementor-widget-spacer\" data-id=\"8690de4\" data-element_type=\"widget\" data-widget_type=\"spacer.default\">\n\t\t\t\t<div class=\"elementor-widget-container\">\n\t\t\t\t\t<div class=\"elementor-spacer\">\n\t\t\t<div class=\"elementor-spacer-inner\"><\/div>\n\t\t<\/div>\n\t\t\t\t<\/div>\n\t\t\t\t<\/div>\n\t\t\t\t<div class=\"elementor-element elementor-element-ca98e50 elementor-hidden-desktop elementor-hidden-tablet elementor-hidden-mobile elementor-widget elementor-widget-heading\" data-id=\"ca98e50\" data-element_type=\"widget\" data-widget_type=\"heading.default\">\n\t\t\t\t<div class=\"elementor-widget-container\">\n\t\t\t<h1 class=\"elementor-heading-title elementor-size-default\">Ils nous ont pr\u00eat\u00e9 leurs objets, collections, \u0153uvres...<\/h1>\t\t<\/div>\n\t\t\t\t<\/div>\n\t\t\t\t<div class=\"elementor-element elementor-element-c515f36 elementor-hidden-desktop elementor-hidden-tablet elementor-hidden-mobile elementor-widget elementor-widget-text-editor\" data-id=\"c515f36\" data-element_type=\"widget\" data-widget_type=\"text-editor.default\">\n\t\t\t\t<div class=\"elementor-widget-container\">\n\t\t\t\t\t\t\t<p>Lorem ipsum dolor sit amet, consectetur adipiscing elit. Ut elit tellus, luctus nec ullamcorper mattis, pulvinar dapibus leo.<\/p>\t\t\t\t\t\t<\/div>\n\t\t\t\t<\/div>\n\t\t\t\t<div class=\"elementor-element elementor-element-61bd7f9 elementor-widget elementor-widget-heading\" data-id=\"61bd7f9\" data-element_type=\"widget\" data-widget_type=\"heading.default\">\n\t\t\t\t<div class=\"elementor-widget-container\">\n\t\t\t<h1 class=\"elementor-heading-title elementor-size-default\">Le R\u00e9seau des mus\u00e9es de l'Europe<\/h1>\t\t<\/div>\n\t\t\t\t<\/div>\n\t\t\t\t\t<\/div>\n\t\t<\/div>\n\t\t\t\t\t<\/div>\n\t\t<\/section>\n\t\t\t\t<section class=\"elementor-section elementor-top-section elementor-element elementor-element-5e8fe70 elementor-section-boxed elementor-section-height-default elementor-section-height-default\" data-id=\"5e8fe70\" data-element_type=\"section\" data-settings=\"{&quot;background_background&quot;:&quot;classic&quot;}\">\n\t\t\t\t\t\t<div class=\"elementor-container elementor-column-gap-default\">\n\t\t\t\t\t<div class=\"elementor-column elementor-col-100 elementor-top-column elementor-element elementor-element-66f4be5\" data-id=\"66f4be5\" data-element_type=\"column\">\n\t\t\t<div class=\"elementor-widget-wrap elementor-element-populated\">\n\t\t\t\t\t\t<div class=\"elementor-element elementor-element-eafe88c elementor-widget elementor-widget-text-editor\" data-id=\"eafe88c\" data-element_type=\"widget\" data-widget_type=\"text-editor.default\">\n\t\t\t\t<div class=\"elementor-widget-container\">\n\t\t\t\t\t\t\t<p>De multiples acteurs culturels de divers pays europ\u00e9ens ont particip\u00e9 ou\u00a0participent encore de pr\u00e8s ou de loin \u00e0 une collaboration internationale des<br \/>patrimoines des mus\u00e9es de l&rsquo;Europe. Ces derniers ont fait partie du comit\u00e9 en 2004-2005.<\/p>\t\t\t\t\t\t<\/div>\n\t\t\t\t<\/div>\n\t\t\t\t\t<\/div>\n\t\t<\/div>\n\t\t\t\t\t<\/div>\n\t\t<\/section>\n\t\t\t\t<section class=\"elementor-section elementor-top-section elementor-element elementor-element-5136f4d elementor-section-boxed elementor-section-height-default elementor-section-height-default\" data-id=\"5136f4d\" data-element_type=\"section\" data-settings=\"{&quot;background_background&quot;:&quot;classic&quot;}\">\n\t\t\t\t\t\t<div class=\"elementor-container elementor-column-gap-default\">\n\t\t\t\t\t<div class=\"elementor-column elementor-col-100 elementor-top-column elementor-element elementor-element-79129e2\" data-id=\"79129e2\" data-element_type=\"column\">\n\t\t\t<div class=\"elementor-widget-wrap elementor-element-populated\">\n\t\t\t\t\t\t<div class=\"elementor-element elementor-element-840b0e9 elementor-hidden-tablet elementor-hidden-mobile elementor-widget elementor-widget-igmap\" data-id=\"840b0e9\" data-element_type=\"widget\" data-widget_type=\"igmap.default\">\n\t\t\t\t<div class=\"elementor-widget-container\">\n\t\t\t<div class=\"igmap-elementor-widget\"><div class=\"map_wrapper\" id=\"map_wrapper_3879\">\n<div class=\"map_box\" style=\"max-width:2000px\">\n<div class=\"map_aspect_ratio\" style=\"padding-top:70%\" data-padding-top=\"70%\" data-padding-top-mobile=\"10%\">\n<div class=\"map_container\">\n<div class=\"map_render map_loading\" id=\"map_3879\"><\/div>\n<\/div>\n<\/div>\n<\/div>\n<\/div><\/div>\t\t<\/div>\n\t\t\t\t<\/div>\n\t\t\t\t\t<\/div>\n\t\t<\/div>\n\t\t\t\t\t<\/div>\n\t\t<\/section>\n\t\t\t\t<section class=\"elementor-section elementor-top-section elementor-element elementor-element-b061186 elementor-section-boxed elementor-section-height-default elementor-section-height-default\" data-id=\"b061186\" data-element_type=\"section\" data-settings=\"{&quot;background_background&quot;:&quot;classic&quot;}\">\n\t\t\t\t\t\t<div class=\"elementor-container elementor-column-gap-default\">\n\t\t\t\t\t<div class=\"elementor-column elementor-col-100 elementor-top-column elementor-element elementor-element-aadd87c\" data-id=\"aadd87c\" data-element_type=\"column\">\n\t\t\t<div class=\"elementor-widget-wrap elementor-element-populated\">\n\t\t\t\t\t\t<div class=\"elementor-element elementor-element-914c419 elementor-hidden-desktop elementor-widget elementor-widget-text-editor\" data-id=\"914c419\" data-element_type=\"widget\" data-widget_type=\"text-editor.default\">\n\t\t\t\t<div class=\"elementor-widget-container\">\n\t\t\t\t\t\t\t<p style=\"margin: 0cm 0cm 15.0pt 0cm;\"><strong><i>Allemagne<\/i> :<\/strong> Museum Europa\u00efscher Kulturen (Berlin), Deutsches Historisches Museum (Berlin), Haus der Geschichte (Bonn et Leipzig)<\/p><p style=\"margin: 0cm 0cm 15.0pt 0cm;\"><strong><i>Autriche <\/i>:<\/strong> Tiroler Landesmuseum (Innsbr\u00fcck)<\/p><p style=\"margin: 0cm 0cm 15.0pt 0cm;\"><strong><i>Belgique<\/i> :<\/strong> Mus\u00e9e de l\u2019Europe (Bruxelles)<\/p><p style=\"margin: 0cm 0cm 15.0pt 0cm;\"><strong><i>Espagne<\/i> :<\/strong> Museu d\u2019Historia de Catalunya (Barcelone)<\/p><p style=\"margin: 0cm 0cm 15.0pt 0cm;\"><strong><i>France<\/i> :<\/strong> Mus\u00e9e des Civilisations de l\u2019Europe et de la M\u00e9diterran\u00e9e (Pariset Marseille), Maison Jean Monnet (Bazoches-sur-Guyonne), Maison Robert Schuman (Metz), Mus\u00e9e d\u2019Aquitaine (Bordeaux), Mus\u00e9e Gadagne (Lyon), Cit\u00e9 nationale d\u2019Histoire de l\u2019Immigration (Paris), Mus\u00e9e des Ducs de Bretagne (Nantes), Mus\u00e9e de Bretagne (Rennes), Mus\u00e9e de la Ville (Saint-Quentin en Yvelines), Mus\u00e9e des Confluences (Lyon), Mus\u00e9e dauphinois (Grenoble), Mus\u00e9e de Marseille, Mus\u00e9e du Vivant<\/p><p style=\"margin: 0cm 0cm 15.0pt 0cm;\"><strong><i>Grande-Bretagne<\/i> :<\/strong> Museums of London Group, National Museum of Scotland (Edinburgh)<\/p><p style=\"margin: 0cm 0cm 15.0pt 0cm;\"><strong><i>Hongrie<\/i> :<\/strong> Magyar Nemzeti Muzeum (Budapest)<\/p><p style=\"margin: 0cm 0cm 15.0pt 0cm;\"><strong><i>Irlande<\/i> :<\/strong> National Museum of Ireland (Dublin)<\/p><p style=\"margin: 0cm 0cm 15.0pt 0cm;\"><strong><i>Italie<\/i> :<\/strong> Servizi Museali della Citt\u00e0 di Torino, Centro di Storia Contemporanea (Turin), Regione Toscana (Florence)<\/p><p style=\"margin: 0cm 0cm 15.0pt 0cm;\"><strong><i>Pays-Bas<\/i> :<\/strong> Amsterdams Historisch Museum (Amsterdam)<\/p><p style=\"margin: 0cm 0cm 15.0pt 0cm;\"><strong><i>Portugal<\/i> :<\/strong> Museo Nacional de Etnologia (Lisbonne)<\/p><p style=\"margin: 0cm 0cm 15.0pt 0cm;\"><strong><i>Suisse<\/i> :<\/strong> Mus\u00e9e international de la Croix-Rouge et du Croissant-Rouge (Gen\u00e8ve), Mus\u00e9e d\u2019Ethnographie (Neuch\u00e2tel)<\/p><p style=\"margin: 0cm 0cm 15.0pt 0cm;\"><strong><i>Su\u00e8de<\/i> :<\/strong> Nordiska Museet (Stockholm)<\/p>\t\t\t\t\t\t<\/div>\n\t\t\t\t<\/div>\n\t\t\t\t\t<\/div>\n\t\t<\/div>\n\t\t\t\t\t<\/div>\n\t\t<\/section>\n\t\t\t\t<\/div>","protected":false},"excerpt":{"rendered":"<p>Ils nous ont pr\u00eat\u00e9 leurs objets, collections, \u0153uvres&#8230; Lorem ipsum dolor sit amet, consectetur adipiscing elit. Ut elit tellus, luctus nec ullamcorper mattis, pulvinar dapibus leo. Le R\u00e9seau des mus\u00e9es de l&rsquo;Europe De multiples acteurs culturels de divers pays europ\u00e9ens ont particip\u00e9 ou\u00a0participent encore de pr\u00e8s ou de loin \u00e0 une collaboration internationale despatrimoines des&hellip;&nbsp;<a href=\"https:\/\/www.museuro.eu\/en\/expo\/reseau-musee-de-leurope\/\" rel=\"bookmark\">Read More &raquo;<span class=\"screen-reader-text\">Le R\u00e9seau du Mus\u00e9e de l&rsquo;Europe<\/span><\/a><\/p>","protected":false},"author":9,"featured_media":0,"parent":15,"menu_order":0,"comment_status":"closed","ping_status":"closed","template":"page-templates\/template-pagebuilder-full-width.php","meta":{"neve_meta_sidebar":"full-width","neve_meta_container":"","neve_meta_enable_content_width":"on","neve_meta_content_width":100,"neve_meta_title_alignment":"","neve_meta_author_avatar":"","neve_post_elements_order":"","neve_meta_disable_header":"","neve_meta_disable_footer":"","neve_meta_disable_title":"","footnotes":""},"class_list":["post-3689","page","type-page","status-publish","hentry"],"yoast_head":"<!-- This site is optimized with the Yoast SEO plugin v24.0 - https:\/\/yoast.com\/wordpress\/plugins\/seo\/ -->\n<title>Le R\u00e9seau du Mus\u00e9e de l&#039;Europe - Mus\u00e9e de L&#039;Europe<\/title>\n<meta name=\"description\" content=\"Le R\u00e9seau du Mus\u00e9e de l&#039;Europe\" \/>\n<meta name=\"robots\" content=\"index, follow, max-snippet:-1, max-image-preview:large, max-video-preview:-1\" \/>\n<link rel=\"canonical\" href=\"https:\/\/www.museuro.eu\/en\/expo\/reseau-musee-de-leurope\/\" \/>\n<meta property=\"og:locale\" content=\"en_GB\" \/>\n<meta property=\"og:type\" content=\"article\" \/>\n<meta property=\"og:title\" content=\"Le R\u00e9seau du Mus\u00e9e de l&#039;Europe - Mus\u00e9e de L&#039;Europe\" \/>\n<meta property=\"og:description\" content=\"Le R\u00e9seau du Mus\u00e9e de l&#039;Europe\" \/>\n<meta property=\"og:url\" content=\"https:\/\/www.museuro.eu\/en\/expo\/reseau-musee-de-leurope\/\" \/>\n<meta property=\"og:site_name\" content=\"Mus\u00e9e de L&#039;Europe\" \/>\n<meta property=\"article:modified_time\" content=\"2023-02-07T16:33:21+00:00\" \/>\n<meta name=\"twitter:card\" content=\"summary_large_image\" \/>\n<meta name=\"twitter:label1\" content=\"Estimated reading time\" \/>\n\t<meta name=\"twitter:data1\" content=\"2 minutes\" \/>\n<script type=\"application\/ld+json\" class=\"yoast-schema-graph\">{\"@context\":\"https:\/\/schema.org\",\"@graph\":[{\"@type\":\"WebPage\",\"@id\":\"https:\/\/www.museuro.eu\/expo\/reseau-musee-de-leurope\/\",\"url\":\"https:\/\/www.museuro.eu\/expo\/reseau-musee-de-leurope\/\",\"name\":\"Le R\u00e9seau du Mus\u00e9e de l'Europe - Mus\u00e9e de L&#039;Europe\",\"isPartOf\":{\"@id\":\"https:\/\/www.museuro.eu\/#website\"},\"datePublished\":\"2023-01-11T11:34:34+00:00\",\"dateModified\":\"2023-02-07T16:33:21+00:00\",\"description\":\"Le R\u00e9seau du Mus\u00e9e de l'Europe\",\"breadcrumb\":{\"@id\":\"https:\/\/www.museuro.eu\/expo\/reseau-musee-de-leurope\/#breadcrumb\"},\"inLanguage\":\"en-GB\",\"potentialAction\":[{\"@type\":\"ReadAction\",\"target\":[\"https:\/\/www.museuro.eu\/expo\/reseau-musee-de-leurope\/\"]}]},{\"@type\":\"BreadcrumbList\",\"@id\":\"https:\/\/www.museuro.eu\/expo\/reseau-musee-de-leurope\/#breadcrumb\",\"itemListElement\":[{\"@type\":\"ListItem\",\"position\":1,\"name\":\"Accueil\",\"item\":\"https:\/\/www.museuro.eu\/\"},{\"@type\":\"ListItem\",\"position\":2,\"name\":\"Mus\u00e9e de L&rsquo;Europe\",\"item\":\"https:\/\/www.museuro.eu\/expo\/\"},{\"@type\":\"ListItem\",\"position\":3,\"name\":\"Le R\u00e9seau du Mus\u00e9e de l&rsquo;Europe\"}]},{\"@type\":\"WebSite\",\"@id\":\"https:\/\/www.museuro.eu\/#website\",\"url\":\"https:\/\/www.museuro.eu\/\",\"name\":\"Mus\u00e9e de L&#039;Europe\",\"description\":\"Dans l&#039;attente d&#039;un nouveau projet\",\"publisher\":{\"@id\":\"https:\/\/www.museuro.eu\/#organization\"},\"potentialAction\":[{\"@type\":\"SearchAction\",\"target\":{\"@type\":\"EntryPoint\",\"urlTemplate\":\"https:\/\/www.museuro.eu\/?s={search_term_string}\"},\"query-input\":{\"@type\":\"PropertyValueSpecification\",\"valueRequired\":true,\"valueName\":\"search_term_string\"}}],\"inLanguage\":\"en-GB\"},{\"@type\":\"Organization\",\"@id\":\"https:\/\/www.museuro.eu\/#organization\",\"name\":\"Mus\u00e9e de L&#039;Europe\",\"url\":\"https:\/\/www.museuro.eu\/\",\"logo\":{\"@type\":\"ImageObject\",\"inLanguage\":\"en-GB\",\"@id\":\"https:\/\/www.museuro.eu\/#\/schema\/logo\/image\/\",\"url\":\"https:\/\/www.museuro.eu\/wp-content\/uploads\/2020\/06\/LOGO-TEMPORA_BLANC_23.02.2016.png\",\"contentUrl\":\"https:\/\/www.museuro.eu\/wp-content\/uploads\/2020\/06\/LOGO-TEMPORA_BLANC_23.02.2016.png\",\"width\":599,\"height\":188,\"caption\":\"Mus\u00e9e de L&#039;Europe\"},\"image\":{\"@id\":\"https:\/\/www.museuro.eu\/#\/schema\/logo\/image\/\"}}]}<\/script>\n<!-- \/ Yoast SEO plugin. -->","yoast_head_json":{"title":"Le R\u00e9seau du Mus\u00e9e de l'Europe - Mus\u00e9e de L&#039;Europe","description":"Le R\u00e9seau du Mus\u00e9e de l'Europe","robots":{"index":"index","follow":"follow","max-snippet":"max-snippet:-1","max-image-preview":"max-image-preview:large","max-video-preview":"max-video-preview:-1"},"canonical":"https:\/\/www.museuro.eu\/en\/expo\/reseau-musee-de-leurope\/","og_locale":"en_GB","og_type":"article","og_title":"Le R\u00e9seau du Mus\u00e9e de l'Europe - Mus\u00e9e de L&#039;Europe","og_description":"Le R\u00e9seau du Mus\u00e9e de l'Europe","og_url":"https:\/\/www.museuro.eu\/en\/expo\/reseau-musee-de-leurope\/","og_site_name":"Mus\u00e9e de L&#039;Europe","article_modified_time":"2023-02-07T16:33:21+00:00","twitter_card":"summary_large_image","twitter_misc":{"Estimated reading time":"2 minutes"},"schema":{"@context":"https:\/\/schema.org","@graph":[{"@type":"WebPage","@id":"https:\/\/www.museuro.eu\/expo\/reseau-musee-de-leurope\/","url":"https:\/\/www.museuro.eu\/expo\/reseau-musee-de-leurope\/","name":"Le R\u00e9seau du Mus\u00e9e de l'Europe - Mus\u00e9e de L&#039;Europe","isPartOf":{"@id":"https:\/\/www.museuro.eu\/#website"},"datePublished":"2023-01-11T11:34:34+00:00","dateModified":"2023-02-07T16:33:21+00:00","description":"Le R\u00e9seau du Mus\u00e9e de l'Europe","breadcrumb":{"@id":"https:\/\/www.museuro.eu\/expo\/reseau-musee-de-leurope\/#breadcrumb"},"inLanguage":"en-GB","potentialAction":[{"@type":"ReadAction","target":["https:\/\/www.museuro.eu\/expo\/reseau-musee-de-leurope\/"]}]},{"@type":"BreadcrumbList","@id":"https:\/\/www.museuro.eu\/expo\/reseau-musee-de-leurope\/#breadcrumb","itemListElement":[{"@type":"ListItem","position":1,"name":"Accueil","item":"https:\/\/www.museuro.eu\/"},{"@type":"ListItem","position":2,"name":"Mus\u00e9e de L&rsquo;Europe","item":"https:\/\/www.museuro.eu\/expo\/"},{"@type":"ListItem","position":3,"name":"Le R\u00e9seau du Mus\u00e9e de l&rsquo;Europe"}]},{"@type":"WebSite","@id":"https:\/\/www.museuro.eu\/#website","url":"https:\/\/www.museuro.eu\/","name":"Mus\u00e9e de L&#039;Europe","description":"Dans l&#039;attente d&#039;un nouveau projet","publisher":{"@id":"https:\/\/www.museuro.eu\/#organization"},"potentialAction":[{"@type":"SearchAction","target":{"@type":"EntryPoint","urlTemplate":"https:\/\/www.museuro.eu\/?s={search_term_string}"},"query-input":{"@type":"PropertyValueSpecification","valueRequired":true,"valueName":"search_term_string"}}],"inLanguage":"en-GB"},{"@type":"Organization","@id":"https:\/\/www.museuro.eu\/#organization","name":"Mus\u00e9e de L&#039;Europe","url":"https:\/\/www.museuro.eu\/","logo":{"@type":"ImageObject","inLanguage":"en-GB","@id":"https:\/\/www.museuro.eu\/#\/schema\/logo\/image\/","url":"https:\/\/www.museuro.eu\/wp-content\/uploads\/2020\/06\/LOGO-TEMPORA_BLANC_23.02.2016.png","contentUrl":"https:\/\/www.museuro.eu\/wp-content\/uploads\/2020\/06\/LOGO-TEMPORA_BLANC_23.02.2016.png","width":599,"height":188,"caption":"Mus\u00e9e de L&#039;Europe"},"image":{"@id":"https:\/\/www.museuro.eu\/#\/schema\/logo\/image\/"}}]}},"_links":{"self":[{"href":"https:\/\/www.museuro.eu\/en\/wp-json\/wp\/v2\/pages\/3689","targetHints":{"allow":["GET"]}}],"collection":[{"href":"https:\/\/www.museuro.eu\/en\/wp-json\/wp\/v2\/pages"}],"about":[{"href":"https:\/\/www.museuro.eu\/en\/wp-json\/wp\/v2\/types\/page"}],"author":[{"embeddable":true,"href":"https:\/\/www.museuro.eu\/en\/wp-json\/wp\/v2\/users\/9"}],"replies":[{"embeddable":true,"href":"https:\/\/www.museuro.eu\/en\/wp-json\/wp\/v2\/comments?post=3689"}],"version-history":[{"count":78,"href":"https:\/\/www.museuro.eu\/en\/wp-json\/wp\/v2\/pages\/3689\/revisions"}],"predecessor-version":[{"id":4964,"href":"https:\/\/www.museuro.eu\/en\/wp-json\/wp\/v2\/pages\/3689\/revisions\/4964"}],"up":[{"embeddable":true,"href":"https:\/\/www.museuro.eu\/en\/wp-json\/wp\/v2\/pages\/15"}],"wp:attachment":[{"href":"https:\/\/www.museuro.eu\/en\/wp-json\/wp\/v2\/media?parent=3689"}],"curies":[{"name":"wp","href":"https:\/\/api.w.org\/{rel}","templated":true}]}}