{"id":3747,"date":"2023-01-12T12:25:50","date_gmt":"2023-01-12T11:25:50","guid":{"rendered":"http:\/\/www.museuro.eu\/?page_id=3747"},"modified":"2023-01-30T10:33:06","modified_gmt":"2023-01-30T09:33:06","slug":"les-colloques-internationaux","status":"publish","type":"page","link":"https:\/\/www.museuro.eu\/en\/les-colloques-internationaux\/","title":{"rendered":"Les colloques internationaux"},"content":{"rendered":"<div data-elementor-type=\"wp-page\" data-elementor-id=\"3747\" class=\"elementor elementor-3747\">\n\t\t\t\t\t\t<section class=\"elementor-section elementor-top-section elementor-element elementor-element-9bea36f elementor-section-boxed elementor-section-height-default elementor-section-height-default\" data-id=\"9bea36f\" data-element_type=\"section\" data-settings=\"{&quot;background_background&quot;:&quot;classic&quot;}\">\n\t\t\t\t\t\t<div class=\"elementor-container elementor-column-gap-default\">\n\t\t\t\t\t<div class=\"elementor-column elementor-col-100 elementor-top-column elementor-element elementor-element-56f5e32\" data-id=\"56f5e32\" data-element_type=\"column\">\n\t\t\t<div class=\"elementor-widget-wrap elementor-element-populated\">\n\t\t\t\t\t\t<div class=\"elementor-element elementor-element-e2065e5 elementor-widget elementor-widget-spacer\" data-id=\"e2065e5\" data-element_type=\"widget\" data-widget_type=\"spacer.default\">\n\t\t\t\t<div class=\"elementor-widget-container\">\n\t\t\t\t\t<div class=\"elementor-spacer\">\n\t\t\t<div class=\"elementor-spacer-inner\"><\/div>\n\t\t<\/div>\n\t\t\t\t<\/div>\n\t\t\t\t<\/div>\n\t\t\t\t<div class=\"elementor-element elementor-element-2967c91 elementor-widget elementor-widget-heading\" data-id=\"2967c91\" data-element_type=\"widget\" data-widget_type=\"heading.default\">\n\t\t\t\t<div class=\"elementor-widget-container\">\n\t\t\t<h1 class=\"elementor-heading-title elementor-size-default\">Les colloques internationaux<\/h1>\t\t<\/div>\n\t\t\t\t<\/div>\n\t\t\t\t\t<\/div>\n\t\t<\/div>\n\t\t\t\t\t<\/div>\n\t\t<\/section>\n\t\t\t\t<section class=\"elementor-section elementor-top-section elementor-element elementor-element-719899b elementor-section-boxed elementor-section-height-default elementor-section-height-default\" data-id=\"719899b\" data-element_type=\"section\" data-settings=\"{&quot;background_background&quot;:&quot;classic&quot;}\">\n\t\t\t\t\t\t<div class=\"elementor-container elementor-column-gap-default\">\n\t\t\t\t\t<div class=\"elementor-column elementor-col-100 elementor-top-column elementor-element elementor-element-11ac30b\" data-id=\"11ac30b\" data-element_type=\"column\">\n\t\t\t<div class=\"elementor-widget-wrap elementor-element-populated\">\n\t\t\t\t\t\t<div class=\"elementor-element elementor-element-df5cf2d elementor-widget elementor-widget-text-editor\" data-id=\"df5cf2d\" data-element_type=\"widget\" data-widget_type=\"text-editor.default\">\n\t\t\t\t<div class=\"elementor-widget-container\">\n\t\t\t\t\t\t\t<p>Dans les ann\u00e9es 2000, lors la cr\u00e9ation du mus\u00e9e, plusieurs colloques ont \u00e9t\u00e9 organis\u00e9s afin de d\u00e9finir ce qui deviendra le Mus\u00e9e de l\u2019Europe. Dans une perspective d&rsquo;inclusion de tous les partenaires du projet, ces d\u00e9bats ont permis de pr\u00e9ciser les approches esth\u00e9tiques, scientifiques et mus\u00e9ographiques de ce dernier tout en v\u00e9rifiant les attentes du public.<\/p>\t\t\t\t\t\t<\/div>\n\t\t\t\t<\/div>\n\t\t\t\t<section class=\"elementor-section elementor-inner-section elementor-element elementor-element-2ba9ca2 elementor-section-boxed elementor-section-height-default elementor-section-height-default\" data-id=\"2ba9ca2\" data-element_type=\"section\">\n\t\t\t\t\t\t<div class=\"elementor-container elementor-column-gap-default\">\n\t\t\t\t\t<div class=\"elementor-column elementor-col-33 elementor-inner-column elementor-element elementor-element-18f78db\" data-id=\"18f78db\" data-element_type=\"column\">\n\t\t\t<div class=\"elementor-widget-wrap elementor-element-populated\">\n\t\t\t\t\t\t<div class=\"elementor-element elementor-element-6437c83 elementor-widget elementor-widget-image\" data-id=\"6437c83\" data-element_type=\"widget\" data-widget_type=\"image.default\">\n\t\t\t\t<div class=\"elementor-widget-container\">\n\t\t\t\t\t\t\t\t\t\t\t\t\t<img fetchpriority=\"high\" decoding=\"async\" width=\"300\" height=\"293\" src=\"https:\/\/www.museuro.eu\/wp-content\/uploads\/2023\/01\/ALL-11-e1673864611308-300x293.png\" class=\"attachment-medium size-medium wp-image-3940\" alt=\"\" srcset=\"https:\/\/www.museuro.eu\/wp-content\/uploads\/2023\/01\/ALL-11-e1673864611308-300x293.png 300w, https:\/\/www.museuro.eu\/wp-content\/uploads\/2023\/01\/ALL-11-e1673864611308-768x750.png 768w, https:\/\/www.museuro.eu\/wp-content\/uploads\/2023\/01\/ALL-11-e1673864611308-12x12.png 12w, https:\/\/www.museuro.eu\/wp-content\/uploads\/2023\/01\/ALL-11-e1673864611308.png 825w\" sizes=\"(max-width: 300px) 100vw, 300px\" \/>\t\t\t\t\t\t\t\t\t\t\t\t\t<\/div>\n\t\t\t\t<\/div>\n\t\t\t\t\t<\/div>\n\t\t<\/div>\n\t\t\t\t<div class=\"elementor-column elementor-col-33 elementor-inner-column elementor-element elementor-element-9797a95\" data-id=\"9797a95\" data-element_type=\"column\">\n\t\t\t<div class=\"elementor-widget-wrap elementor-element-populated\">\n\t\t\t\t\t\t<div class=\"elementor-element elementor-element-519d45f elementor-widget elementor-widget-image\" data-id=\"519d45f\" data-element_type=\"widget\" data-widget_type=\"image.default\">\n\t\t\t\t<div class=\"elementor-widget-container\">\n\t\t\t\t\t\t\t\t\t\t\t\t\t<img decoding=\"async\" width=\"1003\" height=\"763\" src=\"https:\/\/www.museuro.eu\/wp-content\/uploads\/2023\/01\/ALL-13-e1673866229320.png\" class=\"attachment-2048x2048 size-2048x2048 wp-image-3961\" alt=\"\" srcset=\"https:\/\/www.museuro.eu\/wp-content\/uploads\/2023\/01\/ALL-13-e1673866229320.png 1003w, https:\/\/www.museuro.eu\/wp-content\/uploads\/2023\/01\/ALL-13-e1673866229320-300x228.png 300w, https:\/\/www.museuro.eu\/wp-content\/uploads\/2023\/01\/ALL-13-e1673866229320-768x584.png 768w, https:\/\/www.museuro.eu\/wp-content\/uploads\/2023\/01\/ALL-13-e1673866229320-16x12.png 16w\" sizes=\"(max-width: 1003px) 100vw, 1003px\" \/>\t\t\t\t\t\t\t\t\t\t\t\t\t<\/div>\n\t\t\t\t<\/div>\n\t\t\t\t\t<\/div>\n\t\t<\/div>\n\t\t\t\t<div class=\"elementor-column elementor-col-33 elementor-inner-column elementor-element elementor-element-b945700\" data-id=\"b945700\" data-element_type=\"column\">\n\t\t\t<div class=\"elementor-widget-wrap elementor-element-populated\">\n\t\t\t\t\t\t<div class=\"elementor-element elementor-element-a513696 elementor-widget elementor-widget-image\" data-id=\"a513696\" data-element_type=\"widget\" data-widget_type=\"image.default\">\n\t\t\t\t<div class=\"elementor-widget-container\">\n\t\t\t\t\t\t\t\t\t\t\t\t\t<img decoding=\"async\" width=\"157\" height=\"300\" src=\"https:\/\/www.museuro.eu\/wp-content\/uploads\/2023\/01\/3ecolloque-157x300.png\" class=\"attachment-medium size-medium wp-image-3966\" alt=\"\" srcset=\"https:\/\/www.museuro.eu\/wp-content\/uploads\/2023\/01\/3ecolloque-157x300.png 157w, https:\/\/www.museuro.eu\/wp-content\/uploads\/2023\/01\/3ecolloque-6x12.png 6w, https:\/\/www.museuro.eu\/wp-content\/uploads\/2023\/01\/3ecolloque.png 528w\" sizes=\"(max-width: 157px) 100vw, 157px\" \/>\t\t\t\t\t\t\t\t\t\t\t\t\t<\/div>\n\t\t\t\t<\/div>\n\t\t\t\t\t<\/div>\n\t\t<\/div>\n\t\t\t\t\t<\/div>\n\t\t<\/section>\n\t\t\t\t<section class=\"elementor-section elementor-inner-section elementor-element elementor-element-0db8b21 elementor-section-boxed elementor-section-height-default elementor-section-height-default\" data-id=\"0db8b21\" data-element_type=\"section\">\n\t\t\t\t\t\t<div class=\"elementor-container elementor-column-gap-default\">\n\t\t\t\t\t<div class=\"elementor-column elementor-col-33 elementor-inner-column elementor-element elementor-element-3b648b7\" data-id=\"3b648b7\" data-element_type=\"column\">\n\t\t\t<div class=\"elementor-widget-wrap elementor-element-populated\">\n\t\t\t\t\t\t<div class=\"elementor-element elementor-element-0baa274 elementor-widget elementor-widget-text-editor\" data-id=\"0baa274\" data-element_type=\"widget\" data-widget_type=\"text-editor.default\">\n\t\t\t\t<div class=\"elementor-widget-container\">\n\t\t\t\t\t\t\t<p>Le premier,\u00a0<b>\u00ab Les fronti\u00e8res de l&rsquo;Europe<span style=\"font-family: var( --e-global-typography-text-font-family ), Sans-serif;\">\u00a0\u00bb<\/span><\/b><span style=\"font-family: var( --e-global-typography-text-font-family ), Sans-serif; font-weight: var( --e-global-typography-text-font-weight );\"> qui a eu lieu en septembre<\/span><span style=\"font-family: var( --e-global-typography-text-font-family ), Sans-serif; font-weight: var( --e-global-typography-text-font-weight );\"> 1999, avait pour but de r\u00e9pondre \u00e0 plusieurs questions : \u00c0 c\u00f4t\u00e9 des crit\u00e8res de convergence\u00a0\u00e9conomique ou politique, existe-t-il des crit\u00e8res\u00a0culturels ? Qui fait partie de l\u2019Europe, qui en est exclu,\u00a0et pourquoi ? Qui a des chances de l\u2019int\u00e9grer un jour\u00a0et au nom de quoi ?\u00a0<br \/><\/span>En d\u2019autres termes, le fondement\u00a0<span style=\"font-family: var( --e-global-typography-text-font-family ), Sans-serif; font-weight: var( --e-global-typography-text-font-weight );\">de l\u2019Union europ\u00e9enne rel\u00e8ve-t-il<br \/><\/span><span style=\"font-family: var( --e-global-typography-text-font-family ), Sans-serif; font-weight: var( --e-global-typography-text-font-weight );\">du\u00a0<\/span><span style=\"font-family: var( --e-global-typography-text-font-family ), Sans-serif; font-weight: var( --e-global-typography-text-font-weight );\">\u00ab\u00a0<\/span><span style=\"font-family: var( --e-global-typography-text-font-family ), Sans-serif; font-weight: var( --e-global-typography-text-font-weight );\">patriotisme\u00a0<\/span><span style=\"font-family: var( --e-global-typography-text-font-family ), Sans-serif; font-weight: var( --e-global-typography-text-font-weight );\">constitutionnel \u00bb ou d\u2019une communaut\u00e9 historique ?\u00a0<\/span><span style=\"font-family: var( --e-global-typography-text-font-family ), Sans-serif; font-weight: var( --e-global-typography-text-font-weight );\"><span style=\"font-weight: var( --e-global-typography-text-font-weight );\">Le temps ayant fait son <\/span><\/span><span style=\"font-family: var( --e-global-typography-text-font-family ), Sans-serif; font-weight: var( --e-global-typography-text-font-weight );\">\u0153<\/span><span style=\"font-family: var( --e-global-typography-text-font-family ), Sans-serif; font-weight: var( --e-global-typography-text-font-weight );\"><span style=\"font-weight: var( --e-global-typography-text-font-weight );\">uvre, il met en \u00e9vidence le\u00a0caract\u00e8re prospectif de ces d\u00e9bats, toujours au c<\/span><\/span><span style=\"font-family: var( --e-global-typography-text-font-family ), Sans-serif; font-weight: var( --e-global-typography-text-font-weight );\">\u0153<\/span><span style=\"font-family: var( --e-global-typography-text-font-family ), Sans-serif; font-weight: var( --e-global-typography-text-font-weight );\"><span style=\"font-weight: var( --e-global-typography-text-font-weight );\">ur\u00a0<\/span><\/span><span style=\"font-family: var( --e-global-typography-text-font-family ), Sans-serif; font-weight: var( --e-global-typography-text-font-weight );\">de l\u2019actualit\u00e9 europ\u00e9enne.\u00a0<\/span><span style=\"font-family: var( --e-global-typography-text-font-family ), Sans-serif; font-weight: var( --e-global-typography-text-font-weight );\">Les actes ont \u00e9t\u00e9 publi\u00e9s aux \u00e9ditions De Boeck.<\/span><\/p>\t\t\t\t\t\t<\/div>\n\t\t\t\t<\/div>\n\t\t\t\t\t<\/div>\n\t\t<\/div>\n\t\t\t\t<div class=\"elementor-column elementor-col-33 elementor-inner-column elementor-element elementor-element-0573721\" data-id=\"0573721\" data-element_type=\"column\">\n\t\t\t<div class=\"elementor-widget-wrap elementor-element-populated\">\n\t\t\t\t\t\t<div class=\"elementor-element elementor-element-29059b3 elementor-widget elementor-widget-text-editor\" data-id=\"29059b3\" data-element_type=\"widget\" data-widget_type=\"text-editor.default\">\n\t\t\t\t<div class=\"elementor-widget-container\">\n\t\t\t\t\t\t\t<p>Le deuxi\u00e8me colloque, intitul\u00e9\u00a0<br \/><b>\u00ab De l&rsquo;Europe-monde \u00e0 l&rsquo;Europe dans le monde<span style=\"font-family: var( --e-global-typography-text-font-family ), Sans-serif;\">\u00a0\u00bb<\/span><\/b><span style=\"font-family: var( --e-global-typography-text-font-family ), Sans-serif; font-weight: var( --e-global-typography-text-font-weight );\">, questionne l&rsquo;Europe en relation avec le reste du monde.<\/span><\/p><p>Le XXe si\u00e8cle a vu un changement radical de la\u00a0<span style=\"font-family: var( --e-global-typography-text-font-family ), Sans-serif; font-weight: var( --e-global-typography-text-font-weight );\">mani\u00e8re qu\u2019ont les Europ\u00e9ens de d\u00e9finir leurs rapports\u00a0<\/span><span style=\"font-family: var( --e-global-typography-text-font-family ), Sans-serif; font-weight: var( --e-global-typography-text-font-weight );\">avec le reste du monde. Quand et comment ce\u00a0<\/span><span style=\"font-family: var( --e-global-typography-text-font-family ), Sans-serif; font-weight: var( --e-global-typography-text-font-weight );\">changement s\u2019est-il produit ? Quelles cons\u00e9quences\u00a0<\/span><span style=\"font-family: var( --e-global-typography-text-font-family ), Sans-serif; font-weight: var( --e-global-typography-text-font-weight );\">pour l\u2019Europe et pour le monde entra\u00eenent les\u00a0<\/span><span style=\"font-family: var( --e-global-typography-text-font-family ), Sans-serif; font-weight: var( --e-global-typography-text-font-weight );\">nouveaux rapports qui ont \u00e9t\u00e9 \u00e9tablis entre les deux ?<\/span><\/p><p>Pour la premi\u00e8re fois, l\u2019Europe ne se trouve pas au\u00a0<span style=\"font-family: var( --e-global-typography-text-font-family ), Sans-serif; font-weight: var( --e-global-typography-text-font-weight );\">centre d\u2019un ph\u00e9nom\u00e8ne historique majeur. Elle doit\u00a0<\/span><span style=\"font-family: var( --e-global-typography-text-font-family ), Sans-serif; font-weight: var( --e-global-typography-text-font-weight );\">relever le d\u00e9fi, comment vivre la mondialisation sans\u00a0<\/span><span style=\"font-family: var( --e-global-typography-text-font-family ), Sans-serif; font-weight: var( --e-global-typography-text-font-weight );\">sacrifier son mod\u00e8le de civilisation ?<br \/><\/span><span style=\"font-family: var( --e-global-typography-text-font-family ), Sans-serif; font-weight: var( --e-global-typography-text-font-weight );\">Ce colloque s\u2019est tenu pendant la premi\u00e8re exposition<\/span><span style=\"font-family: var( --e-global-typography-text-font-family ), Sans-serif; font-weight: var( --e-global-typography-text-font-weight );\">\u00a0du Mus\u00e9e, \u00ab La Belle Europe. Le\u00a0<\/span><span style=\"font-family: var( --e-global-typography-text-font-family ), Sans-serif; font-weight: var( --e-global-typography-text-font-weight );\">Temps des expositions universelles, 1851-1913 \u00bb.\u00a0<\/span><span style=\"font-family: var( --e-global-typography-text-font-family ), Sans-serif; font-weight: var( --e-global-typography-text-font-weight );\">Les actes ont \u00e9t\u00e9 publi\u00e9s aux \u00e9ditions De Boeck.<\/span><\/p>\t\t\t\t\t\t<\/div>\n\t\t\t\t<\/div>\n\t\t\t\t\t<\/div>\n\t\t<\/div>\n\t\t\t\t<div class=\"elementor-column elementor-col-33 elementor-inner-column elementor-element elementor-element-b220a56\" data-id=\"b220a56\" data-element_type=\"column\">\n\t\t\t<div class=\"elementor-widget-wrap elementor-element-populated\">\n\t\t\t\t\t\t<div class=\"elementor-element elementor-element-340e6e0 elementor-widget elementor-widget-text-editor\" data-id=\"340e6e0\" data-element_type=\"widget\" data-widget_type=\"text-editor.default\">\n\t\t\t\t<div class=\"elementor-widget-container\">\n\t\t\t\t\t\t\t<p><b>\u00ab L\u2019Europe et ses religions \u00bb<\/b>, mai 2007 fut le troisi\u00e8me colloque organis\u00e9 par le mus\u00e9e.<\/p><p>Organis\u00e9s pendant l&rsquo;exposition<span style=\"font-family: var( --e-global-typography-text-font-family ), Sans-serif; font-weight: var( --e-global-typography-text-font-weight );\">\u00a0\u00ab Dieu(x), modes d\u2019emploi.\u00a0<\/span><span style=\"font-family: var( --e-global-typography-text-font-family ), Sans-serif; font-weight: var( --e-global-typography-text-font-weight );\">L\u2019exp\u00e9rience religieuse aujourd\u2019hui \u00bb, les d\u00e9bats\u00a0<\/span><span style=\"font-family: var( --e-global-typography-text-font-family ), Sans-serif; font-weight: var( --e-global-typography-text-font-weight );\">ont mis en \u00e9vidence un constat \u2013 L\u2019Europe est le\u00a0<\/span><span style=\"font-family: var( --e-global-typography-text-font-family ), Sans-serif; font-weight: var( --e-global-typography-text-font-weight );\">creuset de toutes les religions du monde \u2013 et les\u00a0<\/span><span style=\"font-family: var( --e-global-typography-text-font-family ), Sans-serif; font-weight: var( --e-global-typography-text-font-weight );\">interrogations essentielles que cela suscite. Car les\u00a0<\/span><span style=\"font-family: var( --e-global-typography-text-font-family ), Sans-serif; font-weight: var( --e-global-typography-text-font-weight );\">religions entendent peser aujourd\u2019hui plus qu\u2019hier\u00a0<\/span><span style=\"font-family: var( --e-global-typography-text-font-family ), Sans-serif; font-weight: var( --e-global-typography-text-font-weight );\">sur le sort de la collectivit\u00e9, mettant en question la\u00a0<\/span><span style=\"font-family: var( --e-global-typography-text-font-family ), Sans-serif; font-weight: var( --e-global-typography-text-font-weight );\">la\u00efcit\u00e9, et \u00e0 travers elle\u00a0<\/span><span style=\"font-family: var( --e-global-typography-text-font-family ), Sans-serif; font-weight: var( --e-global-typography-text-font-weight );\">la place qu\u2019elles entendent occuper dans la cit\u00e9,\u00a0<\/span><span style=\"font-family: var( --e-global-typography-text-font-family ), Sans-serif; font-weight: var( --e-global-typography-text-font-weight );\">que refl\u00e8tent le statut de la femme, de la violence\u00a0<\/span><span style=\"font-family: var( --e-global-typography-text-font-family ), Sans-serif; font-weight: var( --e-global-typography-text-font-weight );\">religieuse, et des rapports complexes avec les\u00a0<\/span><span style=\"font-family: var( --e-global-typography-text-font-family ), Sans-serif; font-weight: var( --e-global-typography-text-font-weight );\">m\u00e9dias. Parmi les solutions possibles, l\u2019\u00e9ducation au\u00a0<\/span><span style=\"font-family: var( --e-global-typography-text-font-family ), Sans-serif; font-weight: var( --e-global-typography-text-font-weight );\">\u00ab fait religieux \u00bb a fait l\u2019objet d\u2019un d\u00e9bat nourri.<\/span><\/p>\t\t\t\t\t\t<\/div>\n\t\t\t\t<\/div>\n\t\t\t\t\t<\/div>\n\t\t<\/div>\n\t\t\t\t\t<\/div>\n\t\t<\/section>\n\t\t\t\t\t<\/div>\n\t\t<\/div>\n\t\t\t\t\t<\/div>\n\t\t<\/section>\n\t\t\t\t<\/div>","protected":false},"excerpt":{"rendered":"<p>Les colloques internationaux Dans les ann\u00e9es 2000, lors la cr\u00e9ation du mus\u00e9e, plusieurs colloques ont \u00e9t\u00e9 organis\u00e9s afin de d\u00e9finir ce qui deviendra le Mus\u00e9e de l\u2019Europe. Dans une perspective d&rsquo;inclusion de tous les partenaires du projet, ces d\u00e9bats ont permis de pr\u00e9ciser les approches esth\u00e9tiques, scientifiques et mus\u00e9ographiques de ce dernier tout en v\u00e9rifiant&hellip;&nbsp;<a href=\"https:\/\/www.museuro.eu\/en\/les-colloques-internationaux\/\" rel=\"bookmark\">Read More &raquo;<span class=\"screen-reader-text\">Les colloques internationaux<\/span><\/a><\/p>","protected":false},"author":9,"featured_media":0,"parent":0,"menu_order":0,"comment_status":"closed","ping_status":"closed","template":"page-templates\/template-pagebuilder-full-width.php","meta":{"neve_meta_sidebar":"full-width","neve_meta_container":"","neve_meta_enable_content_width":"on","neve_meta_content_width":100,"neve_meta_title_alignment":"","neve_meta_author_avatar":"","neve_post_elements_order":"","neve_meta_disable_header":"","neve_meta_disable_footer":"","neve_meta_disable_title":"","footnotes":""},"class_list":["post-3747","page","type-page","status-publish","hentry"],"yoast_head":"<!-- This site is optimized with the Yoast SEO plugin v24.0 - https:\/\/yoast.com\/wordpress\/plugins\/seo\/ -->\n<title>Les colloques internationaux - Mus\u00e9e de L&#039;Europe<\/title>\n<meta name=\"description\" content=\"lors la cr\u00e9ation du mus\u00e9e, plusieurs colloques ont \u00e9t\u00e9 organis\u00e9s afin de d\u00e9finir ce que deviendra le Mus\u00e9e de l\u2019Europe. Dans une perspective d\u2019inclusion de tous les partenaires du projet, ces d\u00e9bats ont permis de pr\u00e9ciser les approches esth\u00e9tiques, scientifiques et mus\u00e9ographiques de ce dernier tout en v\u00e9rifiant les attentes du public.\" \/>\n<meta name=\"robots\" content=\"index, follow, max-snippet:-1, max-image-preview:large, max-video-preview:-1\" \/>\n<link rel=\"canonical\" href=\"https:\/\/www.museuro.eu\/en\/les-colloques-internationaux\/\" \/>\n<meta property=\"og:locale\" content=\"en_GB\" \/>\n<meta property=\"og:type\" content=\"article\" \/>\n<meta property=\"og:title\" content=\"Les colloques internationaux - Mus\u00e9e de L&#039;Europe\" \/>\n<meta property=\"og:description\" content=\"lors la cr\u00e9ation du mus\u00e9e, plusieurs colloques ont \u00e9t\u00e9 organis\u00e9s afin de d\u00e9finir ce que deviendra le Mus\u00e9e de l\u2019Europe. Dans une perspective d\u2019inclusion de tous les partenaires du projet, ces d\u00e9bats ont permis de pr\u00e9ciser les approches esth\u00e9tiques, scientifiques et mus\u00e9ographiques de ce dernier tout en v\u00e9rifiant les attentes du public.\" \/>\n<meta property=\"og:url\" content=\"https:\/\/www.museuro.eu\/en\/les-colloques-internationaux\/\" \/>\n<meta property=\"og:site_name\" content=\"Mus\u00e9e de L&#039;Europe\" \/>\n<meta property=\"article:modified_time\" content=\"2023-01-30T09:33:06+00:00\" \/>\n<meta property=\"og:image\" content=\"http:\/\/www.museuro.eu\/wp-content\/uploads\/2023\/01\/ALL-11-e1673864611308-300x293.png\" \/>\n<meta name=\"twitter:card\" content=\"summary_large_image\" \/>\n<meta name=\"twitter:label1\" content=\"Estimated reading time\" \/>\n\t<meta name=\"twitter:data1\" content=\"3 minutes\" \/>\n<script type=\"application\/ld+json\" class=\"yoast-schema-graph\">{\"@context\":\"https:\/\/schema.org\",\"@graph\":[{\"@type\":\"WebPage\",\"@id\":\"https:\/\/www.museuro.eu\/les-colloques-internationaux\/\",\"url\":\"https:\/\/www.museuro.eu\/les-colloques-internationaux\/\",\"name\":\"Les colloques internationaux - Mus\u00e9e de L&#039;Europe\",\"isPartOf\":{\"@id\":\"https:\/\/www.museuro.eu\/#website\"},\"primaryImageOfPage\":{\"@id\":\"https:\/\/www.museuro.eu\/les-colloques-internationaux\/#primaryimage\"},\"image\":{\"@id\":\"https:\/\/www.museuro.eu\/les-colloques-internationaux\/#primaryimage\"},\"thumbnailUrl\":\"http:\/\/www.museuro.eu\/wp-content\/uploads\/2023\/01\/ALL-11-e1673864611308-300x293.png\",\"datePublished\":\"2023-01-12T11:25:50+00:00\",\"dateModified\":\"2023-01-30T09:33:06+00:00\",\"description\":\"lors la cr\u00e9ation du mus\u00e9e, plusieurs colloques ont \u00e9t\u00e9 organis\u00e9s afin de d\u00e9finir ce que deviendra le Mus\u00e9e de l\u2019Europe. Dans une perspective d\u2019inclusion de tous les partenaires du projet, ces d\u00e9bats ont permis de pr\u00e9ciser les approches esth\u00e9tiques, scientifiques et mus\u00e9ographiques de ce dernier tout en v\u00e9rifiant les attentes du public.\",\"breadcrumb\":{\"@id\":\"https:\/\/www.museuro.eu\/les-colloques-internationaux\/#breadcrumb\"},\"inLanguage\":\"en-GB\",\"potentialAction\":[{\"@type\":\"ReadAction\",\"target\":[\"https:\/\/www.museuro.eu\/les-colloques-internationaux\/\"]}]},{\"@type\":\"ImageObject\",\"inLanguage\":\"en-GB\",\"@id\":\"https:\/\/www.museuro.eu\/les-colloques-internationaux\/#primaryimage\",\"url\":\"http:\/\/www.museuro.eu\/wp-content\/uploads\/2023\/01\/ALL-11-e1673864611308-300x293.png\",\"contentUrl\":\"http:\/\/www.museuro.eu\/wp-content\/uploads\/2023\/01\/ALL-11-e1673864611308-300x293.png\"},{\"@type\":\"BreadcrumbList\",\"@id\":\"https:\/\/www.museuro.eu\/les-colloques-internationaux\/#breadcrumb\",\"itemListElement\":[{\"@type\":\"ListItem\",\"position\":1,\"name\":\"Accueil\",\"item\":\"https:\/\/www.museuro.eu\/\"},{\"@type\":\"ListItem\",\"position\":2,\"name\":\"Les colloques internationaux\"}]},{\"@type\":\"WebSite\",\"@id\":\"https:\/\/www.museuro.eu\/#website\",\"url\":\"https:\/\/www.museuro.eu\/\",\"name\":\"Mus\u00e9e de L&#039;Europe\",\"description\":\"Dans l&#039;attente d&#039;un nouveau projet\",\"publisher\":{\"@id\":\"https:\/\/www.museuro.eu\/#organization\"},\"potentialAction\":[{\"@type\":\"SearchAction\",\"target\":{\"@type\":\"EntryPoint\",\"urlTemplate\":\"https:\/\/www.museuro.eu\/?s={search_term_string}\"},\"query-input\":{\"@type\":\"PropertyValueSpecification\",\"valueRequired\":true,\"valueName\":\"search_term_string\"}}],\"inLanguage\":\"en-GB\"},{\"@type\":\"Organization\",\"@id\":\"https:\/\/www.museuro.eu\/#organization\",\"name\":\"Mus\u00e9e de L&#039;Europe\",\"url\":\"https:\/\/www.museuro.eu\/\",\"logo\":{\"@type\":\"ImageObject\",\"inLanguage\":\"en-GB\",\"@id\":\"https:\/\/www.museuro.eu\/#\/schema\/logo\/image\/\",\"url\":\"https:\/\/www.museuro.eu\/wp-content\/uploads\/2020\/06\/LOGO-TEMPORA_BLANC_23.02.2016.png\",\"contentUrl\":\"https:\/\/www.museuro.eu\/wp-content\/uploads\/2020\/06\/LOGO-TEMPORA_BLANC_23.02.2016.png\",\"width\":599,\"height\":188,\"caption\":\"Mus\u00e9e de L&#039;Europe\"},\"image\":{\"@id\":\"https:\/\/www.museuro.eu\/#\/schema\/logo\/image\/\"}}]}<\/script>\n<!-- \/ Yoast SEO plugin. -->","yoast_head_json":{"title":"Les colloques internationaux - Mus\u00e9e de L&#039;Europe","description":"lors la cr\u00e9ation du mus\u00e9e, plusieurs colloques ont \u00e9t\u00e9 organis\u00e9s afin de d\u00e9finir ce que deviendra le Mus\u00e9e de l\u2019Europe. Dans une perspective d\u2019inclusion de tous les partenaires du projet, ces d\u00e9bats ont permis de pr\u00e9ciser les approches esth\u00e9tiques, scientifiques et mus\u00e9ographiques de ce dernier tout en v\u00e9rifiant les attentes du public.","robots":{"index":"index","follow":"follow","max-snippet":"max-snippet:-1","max-image-preview":"max-image-preview:large","max-video-preview":"max-video-preview:-1"},"canonical":"https:\/\/www.museuro.eu\/en\/les-colloques-internationaux\/","og_locale":"en_GB","og_type":"article","og_title":"Les colloques internationaux - Mus\u00e9e de L&#039;Europe","og_description":"lors la cr\u00e9ation du mus\u00e9e, plusieurs colloques ont \u00e9t\u00e9 organis\u00e9s afin de d\u00e9finir ce que deviendra le Mus\u00e9e de l\u2019Europe. Dans une perspective d\u2019inclusion de tous les partenaires du projet, ces d\u00e9bats ont permis de pr\u00e9ciser les approches esth\u00e9tiques, scientifiques et mus\u00e9ographiques de ce dernier tout en v\u00e9rifiant les attentes du public.","og_url":"https:\/\/www.museuro.eu\/en\/les-colloques-internationaux\/","og_site_name":"Mus\u00e9e de L&#039;Europe","article_modified_time":"2023-01-30T09:33:06+00:00","og_image":[{"url":"http:\/\/www.museuro.eu\/wp-content\/uploads\/2023\/01\/ALL-11-e1673864611308-300x293.png","type":"","width":"","height":""}],"twitter_card":"summary_large_image","twitter_misc":{"Estimated reading time":"3 minutes"},"schema":{"@context":"https:\/\/schema.org","@graph":[{"@type":"WebPage","@id":"https:\/\/www.museuro.eu\/les-colloques-internationaux\/","url":"https:\/\/www.museuro.eu\/les-colloques-internationaux\/","name":"Les colloques internationaux - Mus\u00e9e de L&#039;Europe","isPartOf":{"@id":"https:\/\/www.museuro.eu\/#website"},"primaryImageOfPage":{"@id":"https:\/\/www.museuro.eu\/les-colloques-internationaux\/#primaryimage"},"image":{"@id":"https:\/\/www.museuro.eu\/les-colloques-internationaux\/#primaryimage"},"thumbnailUrl":"http:\/\/www.museuro.eu\/wp-content\/uploads\/2023\/01\/ALL-11-e1673864611308-300x293.png","datePublished":"2023-01-12T11:25:50+00:00","dateModified":"2023-01-30T09:33:06+00:00","description":"lors la cr\u00e9ation du mus\u00e9e, plusieurs colloques ont \u00e9t\u00e9 organis\u00e9s afin de d\u00e9finir ce que deviendra le Mus\u00e9e de l\u2019Europe. Dans une perspective d\u2019inclusion de tous les partenaires du projet, ces d\u00e9bats ont permis de pr\u00e9ciser les approches esth\u00e9tiques, scientifiques et mus\u00e9ographiques de ce dernier tout en v\u00e9rifiant les attentes du public.","breadcrumb":{"@id":"https:\/\/www.museuro.eu\/les-colloques-internationaux\/#breadcrumb"},"inLanguage":"en-GB","potentialAction":[{"@type":"ReadAction","target":["https:\/\/www.museuro.eu\/les-colloques-internationaux\/"]}]},{"@type":"ImageObject","inLanguage":"en-GB","@id":"https:\/\/www.museuro.eu\/les-colloques-internationaux\/#primaryimage","url":"http:\/\/www.museuro.eu\/wp-content\/uploads\/2023\/01\/ALL-11-e1673864611308-300x293.png","contentUrl":"http:\/\/www.museuro.eu\/wp-content\/uploads\/2023\/01\/ALL-11-e1673864611308-300x293.png"},{"@type":"BreadcrumbList","@id":"https:\/\/www.museuro.eu\/les-colloques-internationaux\/#breadcrumb","itemListElement":[{"@type":"ListItem","position":1,"name":"Accueil","item":"https:\/\/www.museuro.eu\/"},{"@type":"ListItem","position":2,"name":"Les colloques internationaux"}]},{"@type":"WebSite","@id":"https:\/\/www.museuro.eu\/#website","url":"https:\/\/www.museuro.eu\/","name":"Mus\u00e9e de L&#039;Europe","description":"Dans l&#039;attente d&#039;un nouveau projet","publisher":{"@id":"https:\/\/www.museuro.eu\/#organization"},"potentialAction":[{"@type":"SearchAction","target":{"@type":"EntryPoint","urlTemplate":"https:\/\/www.museuro.eu\/?s={search_term_string}"},"query-input":{"@type":"PropertyValueSpecification","valueRequired":true,"valueName":"search_term_string"}}],"inLanguage":"en-GB"},{"@type":"Organization","@id":"https:\/\/www.museuro.eu\/#organization","name":"Mus\u00e9e de L&#039;Europe","url":"https:\/\/www.museuro.eu\/","logo":{"@type":"ImageObject","inLanguage":"en-GB","@id":"https:\/\/www.museuro.eu\/#\/schema\/logo\/image\/","url":"https:\/\/www.museuro.eu\/wp-content\/uploads\/2020\/06\/LOGO-TEMPORA_BLANC_23.02.2016.png","contentUrl":"https:\/\/www.museuro.eu\/wp-content\/uploads\/2020\/06\/LOGO-TEMPORA_BLANC_23.02.2016.png","width":599,"height":188,"caption":"Mus\u00e9e de L&#039;Europe"},"image":{"@id":"https:\/\/www.museuro.eu\/#\/schema\/logo\/image\/"}}]}},"_links":{"self":[{"href":"https:\/\/www.museuro.eu\/en\/wp-json\/wp\/v2\/pages\/3747","targetHints":{"allow":["GET"]}}],"collection":[{"href":"https:\/\/www.museuro.eu\/en\/wp-json\/wp\/v2\/pages"}],"about":[{"href":"https:\/\/www.museuro.eu\/en\/wp-json\/wp\/v2\/types\/page"}],"author":[{"embeddable":true,"href":"https:\/\/www.museuro.eu\/en\/wp-json\/wp\/v2\/users\/9"}],"replies":[{"embeddable":true,"href":"https:\/\/www.museuro.eu\/en\/wp-json\/wp\/v2\/comments?post=3747"}],"version-history":[{"count":155,"href":"https:\/\/www.museuro.eu\/en\/wp-json\/wp\/v2\/pages\/3747\/revisions"}],"predecessor-version":[{"id":4808,"href":"https:\/\/www.museuro.eu\/en\/wp-json\/wp\/v2\/pages\/3747\/revisions\/4808"}],"wp:attachment":[{"href":"https:\/\/www.museuro.eu\/en\/wp-json\/wp\/v2\/media?parent=3747"}],"curies":[{"name":"wp","href":"https:\/\/api.w.org\/{rel}","templated":true}]}}