{"id":4512,"date":"2023-01-25T13:50:45","date_gmt":"2023-01-25T12:50:45","guid":{"rendered":"http:\/\/www.museuro.eu\/?page_id=4512"},"modified":"2023-01-30T10:23:47","modified_gmt":"2023-01-30T09:23:47","slug":"cestnotrehistoire","status":"publish","type":"page","link":"https:\/\/www.museuro.eu\/en\/cestnotrehistoire\/","title":{"rendered":"C&rsquo;est notre histoire !"},"content":{"rendered":"<div data-elementor-type=\"wp-page\" data-elementor-id=\"4512\" class=\"elementor elementor-4512\">\n\t\t\t\t\t\t<section class=\"elementor-section elementor-top-section elementor-element elementor-element-c0acef6 elementor-section-height-min-height elementor-section-boxed elementor-section-height-default elementor-section-items-middle\" data-id=\"c0acef6\" data-element_type=\"section\" data-settings=\"{&quot;background_background&quot;:&quot;classic&quot;}\">\n\t\t\t\t\t\t<div class=\"elementor-container elementor-column-gap-default\">\n\t\t\t\t\t<div class=\"elementor-column elementor-col-100 elementor-top-column elementor-element elementor-element-97b490b\" data-id=\"97b490b\" data-element_type=\"column\">\n\t\t\t<div class=\"elementor-widget-wrap elementor-element-populated\">\n\t\t\t\t\t\t<div class=\"elementor-element elementor-element-d39d06a elementor-widget elementor-widget-heading\" data-id=\"d39d06a\" data-element_type=\"widget\" data-widget_type=\"heading.default\">\n\t\t\t\t<div class=\"elementor-widget-container\">\n\t\t\t<h2 class=\"elementor-heading-title elementor-size-default\">C'est notre histoire !<\/h2>\t\t<\/div>\n\t\t\t\t<\/div>\n\t\t\t\t<div class=\"elementor-element elementor-element-3364df9 elementor-widget elementor-widget-heading\" data-id=\"3364df9\" data-element_type=\"widget\" data-widget_type=\"heading.default\">\n\t\t\t\t<div class=\"elementor-widget-container\">\n\t\t\t<h2 class=\"elementor-heading-title elementor-size-default\">Cinquante ans de construction europ\u00e9enne<\/h2>\t\t<\/div>\n\t\t\t\t<\/div>\n\t\t\t\t\t<\/div>\n\t\t<\/div>\n\t\t\t\t\t<\/div>\n\t\t<\/section>\n\t\t\t\t<section class=\"elementor-section elementor-top-section elementor-element elementor-element-0081aa0 elementor-section-boxed elementor-section-height-default elementor-section-height-default\" data-id=\"0081aa0\" data-element_type=\"section\" data-settings=\"{&quot;background_background&quot;:&quot;classic&quot;}\">\n\t\t\t\t\t\t<div class=\"elementor-container elementor-column-gap-default\">\n\t\t\t\t\t<div class=\"elementor-column elementor-col-100 elementor-top-column elementor-element elementor-element-facab70\" data-id=\"facab70\" data-element_type=\"column\">\n\t\t\t<div class=\"elementor-widget-wrap elementor-element-populated\">\n\t\t\t\t\t\t<div class=\"elementor-element elementor-element-430f109 elementor-widget elementor-widget-spacer\" data-id=\"430f109\" data-element_type=\"widget\" data-widget_type=\"spacer.default\">\n\t\t\t\t<div class=\"elementor-widget-container\">\n\t\t\t\t\t<div class=\"elementor-spacer\">\n\t\t\t<div class=\"elementor-spacer-inner\"><\/div>\n\t\t<\/div>\n\t\t\t\t<\/div>\n\t\t\t\t<\/div>\n\t\t\t\t<section class=\"elementor-section elementor-inner-section elementor-element elementor-element-c92b6d2 elementor-section-boxed elementor-section-height-default elementor-section-height-default\" data-id=\"c92b6d2\" data-element_type=\"section\">\n\t\t\t\t\t\t<div class=\"elementor-container elementor-column-gap-default\">\n\t\t\t\t\t<div class=\"elementor-column elementor-col-50 elementor-inner-column elementor-element elementor-element-faf2592\" data-id=\"faf2592\" data-element_type=\"column\">\n\t\t\t<div class=\"elementor-widget-wrap elementor-element-populated\">\n\t\t\t\t\t\t<div class=\"elementor-element elementor-element-8ee9055 elementor-widget elementor-widget-spacer\" data-id=\"8ee9055\" data-element_type=\"widget\" data-widget_type=\"spacer.default\">\n\t\t\t\t<div class=\"elementor-widget-container\">\n\t\t\t\t\t<div class=\"elementor-spacer\">\n\t\t\t<div class=\"elementor-spacer-inner\"><\/div>\n\t\t<\/div>\n\t\t\t\t<\/div>\n\t\t\t\t<\/div>\n\t\t\t\t<div class=\"elementor-element elementor-element-626814f elementor-widget elementor-widget-text-editor\" data-id=\"626814f\" data-element_type=\"widget\" data-widget_type=\"text-editor.default\">\n\t\t\t\t<div class=\"elementor-widget-container\">\n\t\t\t\t\t\t\t<p>L&rsquo;exposition \u00ab\u00a0C&rsquo;est notre histoire !\u00a0\u00bb s&rsquo;int\u00e8gre dans la s\u00e9rie d&rsquo;expositions \u00e9ponyme du mus\u00e9e. Elle m\u00eale trois parcours :&nbsp;<\/p>\n<ul>\n<li>Un parcours historique, dont le fil conducteur est fourni par l\u2019histoire de l\u2019int\u00e9gration europ\u00e9enne apr\u00e8s la Deuxi\u00e8me Guerre mondiale \u2013 l\u2019Unit\u00e9 par le projet ;<\/li>\n<li>Un parcours artistique : au long de l\u2019exposition sont dispos\u00e9es des \u0153uvres d\u2019artistes contemporains, qui tant\u00f4t interrogent l\u2019histoire, tant\u00f4t synth\u00e9tisent le sujet, tant\u00f4t pointent vers l\u2019avenir ;<\/li>\n<li>Un parcours appel\u00e9 \u00ab petite h \u00bb : la \u00ab grande \u00bb histoire se r\u00e9fracte dans les destins individuels, l\u2019histoire de l\u2019Europe se lit dans la vie quotidienne des Europ\u00e9ens. Il s\u2019agit ainsi de rendre sensible et intelligible au visiteur l\u2019histoire de la construction europ\u00e9enne, en ayant recours \u00e0 toutes les possibilit\u00e9s du langage mus\u00e9ographique pour lui proposer un discours clair, sans pour autant lui imposer un point de vue, et lui offrir une exp\u00e9rience de visite telle qu\u2019aucune autre exp\u00e9rience \u2013 de vision, d\u2019\u00e9coute ou de lecture \u2013 ne puisse en rendre compte ou l\u2019\u00e9quivaloir.<\/li>\n<\/ul>\n<div>&nbsp;<\/div>\n<div>&nbsp;<\/div>\n<p>Cette exposition a b\u00e9n\u00e9fici\u00e9 d\u2019un \u00e9norme succ\u00e8s, aussi bien m\u00e9diatique qu\u2019aupr\u00e8s du public (150.000 visiteurs). Elle a \u00e9t\u00e9 pr\u00e9sent\u00e9e en 2007 \u00e0 Bruxelles dans le cadre des c\u00e9l\u00e9brations du cinquantenaire de la signature des Trait\u00e9s de Rome et en 2009 \u00e0 Wroclaw.<\/p>\n<p><\/p>\t\t\t\t\t\t<\/div>\n\t\t\t\t<\/div>\n\t\t\t\t\t<\/div>\n\t\t<\/div>\n\t\t\t\t<div class=\"elementor-column elementor-col-50 elementor-inner-column elementor-element elementor-element-8f1fa72\" data-id=\"8f1fa72\" data-element_type=\"column\">\n\t\t\t<div class=\"elementor-widget-wrap elementor-element-populated\">\n\t\t\t\t\t\t<div class=\"elementor-element elementor-element-a675781 elementor-widget elementor-widget-image\" data-id=\"a675781\" data-element_type=\"widget\" data-widget_type=\"image.default\">\n\t\t\t\t<div class=\"elementor-widget-container\">\n\t\t\t\t\t\t\t\t\t\t\t\t\t<img fetchpriority=\"high\" decoding=\"async\" width=\"1024\" height=\"680\" src=\"https:\/\/www.museuro.eu\/wp-content\/uploads\/2023\/01\/CNH-1024x680.png\" class=\"attachment-large size-large wp-image-4555\" alt=\"\" srcset=\"https:\/\/www.museuro.eu\/wp-content\/uploads\/2023\/01\/CNH-1024x680.png 1024w, https:\/\/www.museuro.eu\/wp-content\/uploads\/2023\/01\/CNH-300x199.png 300w, https:\/\/www.museuro.eu\/wp-content\/uploads\/2023\/01\/CNH-768x510.png 768w, https:\/\/www.museuro.eu\/wp-content\/uploads\/2023\/01\/CNH-18x12.png 18w, https:\/\/www.museuro.eu\/wp-content\/uploads\/2023\/01\/CNH.png 1072w\" sizes=\"(max-width: 1024px) 100vw, 1024px\" \/>\t\t\t\t\t\t\t\t\t\t\t\t\t<\/div>\n\t\t\t\t<\/div>\n\t\t\t\t<div class=\"elementor-element elementor-element-2793adb elementor-widget elementor-widget-image\" data-id=\"2793adb\" data-element_type=\"widget\" data-widget_type=\"image.default\">\n\t\t\t\t<div class=\"elementor-widget-container\">\n\t\t\t\t\t\t\t\t\t\t\t\t\t<img decoding=\"async\" width=\"1024\" height=\"678\" src=\"https:\/\/www.museuro.eu\/wp-content\/uploads\/2023\/01\/CNH3-1024x678.png\" class=\"attachment-large size-large wp-image-4554\" alt=\"\" srcset=\"https:\/\/www.museuro.eu\/wp-content\/uploads\/2023\/01\/CNH3-1024x678.png 1024w, https:\/\/www.museuro.eu\/wp-content\/uploads\/2023\/01\/CNH3-300x199.png 300w, https:\/\/www.museuro.eu\/wp-content\/uploads\/2023\/01\/CNH3-768x509.png 768w, https:\/\/www.museuro.eu\/wp-content\/uploads\/2023\/01\/CNH3-18x12.png 18w, https:\/\/www.museuro.eu\/wp-content\/uploads\/2023\/01\/CNH3.png 1072w\" sizes=\"(max-width: 1024px) 100vw, 1024px\" \/>\t\t\t\t\t\t\t\t\t\t\t\t\t<\/div>\n\t\t\t\t<\/div>\n\t\t\t\t\t<\/div>\n\t\t<\/div>\n\t\t\t\t\t<\/div>\n\t\t<\/section>\n\t\t\t\t<div class=\"elementor-element elementor-element-cdb8921 elementor-widget elementor-widget-spacer\" data-id=\"cdb8921\" data-element_type=\"widget\" data-widget_type=\"spacer.default\">\n\t\t\t\t<div class=\"elementor-widget-container\">\n\t\t\t\t\t<div class=\"elementor-spacer\">\n\t\t\t<div class=\"elementor-spacer-inner\"><\/div>\n\t\t<\/div>\n\t\t\t\t<\/div>\n\t\t\t\t<\/div>\n\t\t\t\t\t<\/div>\n\t\t<\/div>\n\t\t\t\t\t<\/div>\n\t\t<\/section>\n\t\t\t\t<section class=\"elementor-section elementor-top-section elementor-element elementor-element-67880cd elementor-section-boxed elementor-section-height-default elementor-section-height-default\" data-id=\"67880cd\" data-element_type=\"section\">\n\t\t\t\t\t\t<div class=\"elementor-container elementor-column-gap-default\">\n\t\t\t\t\t<div class=\"elementor-column elementor-col-100 elementor-top-column elementor-element elementor-element-1197f08\" data-id=\"1197f08\" data-element_type=\"column\">\n\t\t\t<div class=\"elementor-widget-wrap elementor-element-populated\">\n\t\t\t\t\t\t<div class=\"elementor-element elementor-element-9d4fa50 elementor-widget elementor-widget-spacer\" data-id=\"9d4fa50\" data-element_type=\"widget\" data-widget_type=\"spacer.default\">\n\t\t\t\t<div class=\"elementor-widget-container\">\n\t\t\t\t\t<div class=\"elementor-spacer\">\n\t\t\t<div class=\"elementor-spacer-inner\"><\/div>\n\t\t<\/div>\n\t\t\t\t<\/div>\n\t\t\t\t<\/div>\n\t\t\t\t\t<\/div>\n\t\t<\/div>\n\t\t\t\t\t<\/div>\n\t\t<\/section>\n\t\t\t\t<\/div>","protected":false},"excerpt":{"rendered":"<p>C&rsquo;est notre histoire ! Cinquante ans de construction europ\u00e9enne L&rsquo;exposition \u00ab\u00a0C&rsquo;est notre histoire !\u00a0\u00bb s&rsquo;int\u00e8gre dans la s\u00e9rie d&rsquo;expositions \u00e9ponyme du mus\u00e9e. Elle m\u00eale trois parcours :&nbsp; Un parcours historique, dont le fil conducteur est fourni par l\u2019histoire de l\u2019int\u00e9gration europ\u00e9enne apr\u00e8s la Deuxi\u00e8me Guerre mondiale \u2013 l\u2019Unit\u00e9 par le projet ; Un parcours artistique&hellip;&nbsp;<a href=\"https:\/\/www.museuro.eu\/en\/cestnotrehistoire\/\" rel=\"bookmark\">Read More &raquo;<span class=\"screen-reader-text\">C&rsquo;est notre histoire !<\/span><\/a><\/p>","protected":false},"author":9,"featured_media":0,"parent":0,"menu_order":0,"comment_status":"closed","ping_status":"closed","template":"page-templates\/template-pagebuilder-full-width.php","meta":{"neve_meta_sidebar":"full-width","neve_meta_container":"","neve_meta_enable_content_width":"on","neve_meta_content_width":100,"neve_meta_title_alignment":"","neve_meta_author_avatar":"","neve_post_elements_order":"","neve_meta_disable_header":"","neve_meta_disable_footer":"","neve_meta_disable_title":"","footnotes":""},"class_list":["post-4512","page","type-page","status-publish","hentry"],"yoast_head":"<!-- This site is optimized with the Yoast SEO plugin v24.0 - https:\/\/yoast.com\/wordpress\/plugins\/seo\/ -->\n<title>C&#039;est notre histoire ! - Mus\u00e9e de L&#039;Europe<\/title>\n<meta name=\"description\" content=\"Un parcours historique, dont le fil conducteur est fourni par l\u2019histoire de l\u2019int\u00e9gration europ\u00e9enne apr\u00e8s la Deuxi\u00e8me Guerre mondiale\" \/>\n<meta name=\"robots\" content=\"index, follow, max-snippet:-1, max-image-preview:large, max-video-preview:-1\" \/>\n<link rel=\"canonical\" href=\"https:\/\/www.museuro.eu\/en\/cestnotrehistoire\/\" \/>\n<meta property=\"og:locale\" content=\"en_GB\" \/>\n<meta property=\"og:type\" content=\"article\" \/>\n<meta property=\"og:title\" content=\"C&#039;est notre histoire ! - Mus\u00e9e de L&#039;Europe\" \/>\n<meta property=\"og:description\" content=\"Un parcours historique, dont le fil conducteur est fourni par l\u2019histoire de l\u2019int\u00e9gration europ\u00e9enne apr\u00e8s la Deuxi\u00e8me Guerre mondiale\" \/>\n<meta property=\"og:url\" content=\"https:\/\/www.museuro.eu\/en\/cestnotrehistoire\/\" \/>\n<meta property=\"og:site_name\" content=\"Mus\u00e9e de L&#039;Europe\" \/>\n<meta property=\"article:modified_time\" content=\"2023-01-30T09:23:47+00:00\" \/>\n<meta property=\"og:image\" content=\"http:\/\/www.museuro.eu\/wp-content\/uploads\/2023\/01\/CNH-1024x680.png\" \/>\n<meta name=\"twitter:card\" content=\"summary_large_image\" \/>\n<meta name=\"twitter:label1\" content=\"Estimated reading time\" \/>\n\t<meta name=\"twitter:data1\" content=\"2 minutes\" \/>\n<script type=\"application\/ld+json\" class=\"yoast-schema-graph\">{\"@context\":\"https:\/\/schema.org\",\"@graph\":[{\"@type\":\"WebPage\",\"@id\":\"https:\/\/www.museuro.eu\/cestnotrehistoire\/\",\"url\":\"https:\/\/www.museuro.eu\/cestnotrehistoire\/\",\"name\":\"C'est notre histoire ! - Mus\u00e9e de L&#039;Europe\",\"isPartOf\":{\"@id\":\"https:\/\/www.museuro.eu\/#website\"},\"primaryImageOfPage\":{\"@id\":\"https:\/\/www.museuro.eu\/cestnotrehistoire\/#primaryimage\"},\"image\":{\"@id\":\"https:\/\/www.museuro.eu\/cestnotrehistoire\/#primaryimage\"},\"thumbnailUrl\":\"http:\/\/www.museuro.eu\/wp-content\/uploads\/2023\/01\/CNH-1024x680.png\",\"datePublished\":\"2023-01-25T12:50:45+00:00\",\"dateModified\":\"2023-01-30T09:23:47+00:00\",\"description\":\"Un parcours historique, dont le fil conducteur est fourni par l\u2019histoire de l\u2019int\u00e9gration europ\u00e9enne apr\u00e8s la Deuxi\u00e8me Guerre mondiale\",\"breadcrumb\":{\"@id\":\"https:\/\/www.museuro.eu\/cestnotrehistoire\/#breadcrumb\"},\"inLanguage\":\"en-GB\",\"potentialAction\":[{\"@type\":\"ReadAction\",\"target\":[\"https:\/\/www.museuro.eu\/cestnotrehistoire\/\"]}]},{\"@type\":\"ImageObject\",\"inLanguage\":\"en-GB\",\"@id\":\"https:\/\/www.museuro.eu\/cestnotrehistoire\/#primaryimage\",\"url\":\"http:\/\/www.museuro.eu\/wp-content\/uploads\/2023\/01\/CNH-1024x680.png\",\"contentUrl\":\"http:\/\/www.museuro.eu\/wp-content\/uploads\/2023\/01\/CNH-1024x680.png\"},{\"@type\":\"BreadcrumbList\",\"@id\":\"https:\/\/www.museuro.eu\/cestnotrehistoire\/#breadcrumb\",\"itemListElement\":[{\"@type\":\"ListItem\",\"position\":1,\"name\":\"Accueil\",\"item\":\"https:\/\/www.museuro.eu\/\"},{\"@type\":\"ListItem\",\"position\":2,\"name\":\"C&rsquo;est notre histoire !\"}]},{\"@type\":\"WebSite\",\"@id\":\"https:\/\/www.museuro.eu\/#website\",\"url\":\"https:\/\/www.museuro.eu\/\",\"name\":\"Mus\u00e9e de L&#039;Europe\",\"description\":\"Dans l&#039;attente d&#039;un nouveau projet\",\"publisher\":{\"@id\":\"https:\/\/www.museuro.eu\/#organization\"},\"potentialAction\":[{\"@type\":\"SearchAction\",\"target\":{\"@type\":\"EntryPoint\",\"urlTemplate\":\"https:\/\/www.museuro.eu\/?s={search_term_string}\"},\"query-input\":{\"@type\":\"PropertyValueSpecification\",\"valueRequired\":true,\"valueName\":\"search_term_string\"}}],\"inLanguage\":\"en-GB\"},{\"@type\":\"Organization\",\"@id\":\"https:\/\/www.museuro.eu\/#organization\",\"name\":\"Mus\u00e9e de L&#039;Europe\",\"url\":\"https:\/\/www.museuro.eu\/\",\"logo\":{\"@type\":\"ImageObject\",\"inLanguage\":\"en-GB\",\"@id\":\"https:\/\/www.museuro.eu\/#\/schema\/logo\/image\/\",\"url\":\"https:\/\/www.museuro.eu\/wp-content\/uploads\/2020\/06\/LOGO-TEMPORA_BLANC_23.02.2016.png\",\"contentUrl\":\"https:\/\/www.museuro.eu\/wp-content\/uploads\/2020\/06\/LOGO-TEMPORA_BLANC_23.02.2016.png\",\"width\":599,\"height\":188,\"caption\":\"Mus\u00e9e de L&#039;Europe\"},\"image\":{\"@id\":\"https:\/\/www.museuro.eu\/#\/schema\/logo\/image\/\"}}]}<\/script>\n<!-- \/ Yoast SEO plugin. -->","yoast_head_json":{"title":"C'est notre histoire ! - Mus\u00e9e de L&#039;Europe","description":"Un parcours historique, dont le fil conducteur est fourni par l\u2019histoire de l\u2019int\u00e9gration europ\u00e9enne apr\u00e8s la Deuxi\u00e8me Guerre mondiale","robots":{"index":"index","follow":"follow","max-snippet":"max-snippet:-1","max-image-preview":"max-image-preview:large","max-video-preview":"max-video-preview:-1"},"canonical":"https:\/\/www.museuro.eu\/en\/cestnotrehistoire\/","og_locale":"en_GB","og_type":"article","og_title":"C'est notre histoire ! - Mus\u00e9e de L&#039;Europe","og_description":"Un parcours historique, dont le fil conducteur est fourni par l\u2019histoire de l\u2019int\u00e9gration europ\u00e9enne apr\u00e8s la Deuxi\u00e8me Guerre mondiale","og_url":"https:\/\/www.museuro.eu\/en\/cestnotrehistoire\/","og_site_name":"Mus\u00e9e de L&#039;Europe","article_modified_time":"2023-01-30T09:23:47+00:00","og_image":[{"url":"http:\/\/www.museuro.eu\/wp-content\/uploads\/2023\/01\/CNH-1024x680.png","type":"","width":"","height":""}],"twitter_card":"summary_large_image","twitter_misc":{"Estimated reading time":"2 minutes"},"schema":{"@context":"https:\/\/schema.org","@graph":[{"@type":"WebPage","@id":"https:\/\/www.museuro.eu\/cestnotrehistoire\/","url":"https:\/\/www.museuro.eu\/cestnotrehistoire\/","name":"C'est notre histoire ! - Mus\u00e9e de L&#039;Europe","isPartOf":{"@id":"https:\/\/www.museuro.eu\/#website"},"primaryImageOfPage":{"@id":"https:\/\/www.museuro.eu\/cestnotrehistoire\/#primaryimage"},"image":{"@id":"https:\/\/www.museuro.eu\/cestnotrehistoire\/#primaryimage"},"thumbnailUrl":"http:\/\/www.museuro.eu\/wp-content\/uploads\/2023\/01\/CNH-1024x680.png","datePublished":"2023-01-25T12:50:45+00:00","dateModified":"2023-01-30T09:23:47+00:00","description":"Un parcours historique, dont le fil conducteur est fourni par l\u2019histoire de l\u2019int\u00e9gration europ\u00e9enne apr\u00e8s la Deuxi\u00e8me Guerre mondiale","breadcrumb":{"@id":"https:\/\/www.museuro.eu\/cestnotrehistoire\/#breadcrumb"},"inLanguage":"en-GB","potentialAction":[{"@type":"ReadAction","target":["https:\/\/www.museuro.eu\/cestnotrehistoire\/"]}]},{"@type":"ImageObject","inLanguage":"en-GB","@id":"https:\/\/www.museuro.eu\/cestnotrehistoire\/#primaryimage","url":"http:\/\/www.museuro.eu\/wp-content\/uploads\/2023\/01\/CNH-1024x680.png","contentUrl":"http:\/\/www.museuro.eu\/wp-content\/uploads\/2023\/01\/CNH-1024x680.png"},{"@type":"BreadcrumbList","@id":"https:\/\/www.museuro.eu\/cestnotrehistoire\/#breadcrumb","itemListElement":[{"@type":"ListItem","position":1,"name":"Accueil","item":"https:\/\/www.museuro.eu\/"},{"@type":"ListItem","position":2,"name":"C&rsquo;est notre histoire !"}]},{"@type":"WebSite","@id":"https:\/\/www.museuro.eu\/#website","url":"https:\/\/www.museuro.eu\/","name":"Mus\u00e9e de L&#039;Europe","description":"Dans l&#039;attente d&#039;un nouveau projet","publisher":{"@id":"https:\/\/www.museuro.eu\/#organization"},"potentialAction":[{"@type":"SearchAction","target":{"@type":"EntryPoint","urlTemplate":"https:\/\/www.museuro.eu\/?s={search_term_string}"},"query-input":{"@type":"PropertyValueSpecification","valueRequired":true,"valueName":"search_term_string"}}],"inLanguage":"en-GB"},{"@type":"Organization","@id":"https:\/\/www.museuro.eu\/#organization","name":"Mus\u00e9e de L&#039;Europe","url":"https:\/\/www.museuro.eu\/","logo":{"@type":"ImageObject","inLanguage":"en-GB","@id":"https:\/\/www.museuro.eu\/#\/schema\/logo\/image\/","url":"https:\/\/www.museuro.eu\/wp-content\/uploads\/2020\/06\/LOGO-TEMPORA_BLANC_23.02.2016.png","contentUrl":"https:\/\/www.museuro.eu\/wp-content\/uploads\/2020\/06\/LOGO-TEMPORA_BLANC_23.02.2016.png","width":599,"height":188,"caption":"Mus\u00e9e de L&#039;Europe"},"image":{"@id":"https:\/\/www.museuro.eu\/#\/schema\/logo\/image\/"}}]}},"_links":{"self":[{"href":"https:\/\/www.museuro.eu\/en\/wp-json\/wp\/v2\/pages\/4512","targetHints":{"allow":["GET"]}}],"collection":[{"href":"https:\/\/www.museuro.eu\/en\/wp-json\/wp\/v2\/pages"}],"about":[{"href":"https:\/\/www.museuro.eu\/en\/wp-json\/wp\/v2\/types\/page"}],"author":[{"embeddable":true,"href":"https:\/\/www.museuro.eu\/en\/wp-json\/wp\/v2\/users\/9"}],"replies":[{"embeddable":true,"href":"https:\/\/www.museuro.eu\/en\/wp-json\/wp\/v2\/comments?post=4512"}],"version-history":[{"count":72,"href":"https:\/\/www.museuro.eu\/en\/wp-json\/wp\/v2\/pages\/4512\/revisions"}],"predecessor-version":[{"id":4802,"href":"https:\/\/www.museuro.eu\/en\/wp-json\/wp\/v2\/pages\/4512\/revisions\/4802"}],"wp:attachment":[{"href":"https:\/\/www.museuro.eu\/en\/wp-json\/wp\/v2\/media?parent=4512"}],"curies":[{"name":"wp","href":"https:\/\/api.w.org\/{rel}","templated":true}]}}