{"id":4635,"date":"2023-01-26T15:23:40","date_gmt":"2023-01-26T14:23:40","guid":{"rendered":"http:\/\/www.museuro.eu\/?page_id=4635"},"modified":"2023-02-01T17:01:23","modified_gmt":"2023-02-01T16:01:23","slug":"14-18-cest-notre-histoire","status":"publish","type":"page","link":"https:\/\/www.museuro.eu\/en\/14-18-cest-notre-histoire\/","title":{"rendered":"14-18, c&rsquo;est notre histoire !"},"content":{"rendered":"<div data-elementor-type=\"wp-page\" data-elementor-id=\"4635\" class=\"elementor elementor-4635\">\n\t\t\t\t\t\t<section class=\"elementor-section elementor-top-section elementor-element elementor-element-fb371c7 elementor-section-height-min-height elementor-section-boxed elementor-section-height-default elementor-section-items-middle\" data-id=\"fb371c7\" data-element_type=\"section\" data-settings=\"{&quot;background_background&quot;:&quot;classic&quot;}\">\n\t\t\t\t\t\t<div class=\"elementor-container elementor-column-gap-default\">\n\t\t\t\t\t<div class=\"elementor-column elementor-col-100 elementor-top-column elementor-element elementor-element-18d1b31\" data-id=\"18d1b31\" data-element_type=\"column\">\n\t\t\t<div class=\"elementor-widget-wrap elementor-element-populated\">\n\t\t\t\t\t\t<div class=\"elementor-element elementor-element-0b33af3 elementor-widget elementor-widget-heading\" data-id=\"0b33af3\" data-element_type=\"widget\" data-widget_type=\"heading.default\">\n\t\t\t\t<div class=\"elementor-widget-container\">\n\t\t\t<h2 class=\"elementor-heading-title elementor-size-default\">14-18, c'est notre histoire !<\/h2>\t\t<\/div>\n\t\t\t\t<\/div>\n\t\t\t\t\t<\/div>\n\t\t<\/div>\n\t\t\t\t\t<\/div>\n\t\t<\/section>\n\t\t\t\t<section class=\"elementor-section elementor-top-section elementor-element elementor-element-bef2ec5 elementor-section-boxed elementor-section-height-default elementor-section-height-default\" data-id=\"bef2ec5\" data-element_type=\"section\" data-settings=\"{&quot;background_background&quot;:&quot;classic&quot;}\">\n\t\t\t\t\t\t<div class=\"elementor-container elementor-column-gap-default\">\n\t\t\t\t\t<div class=\"elementor-column elementor-col-100 elementor-top-column elementor-element elementor-element-89da613\" data-id=\"89da613\" data-element_type=\"column\">\n\t\t\t<div class=\"elementor-widget-wrap elementor-element-populated\">\n\t\t\t\t\t\t<div class=\"elementor-element elementor-element-4390eb6 elementor-widget elementor-widget-spacer\" data-id=\"4390eb6\" data-element_type=\"widget\" data-widget_type=\"spacer.default\">\n\t\t\t\t<div class=\"elementor-widget-container\">\n\t\t\t\t\t<div class=\"elementor-spacer\">\n\t\t\t<div class=\"elementor-spacer-inner\"><\/div>\n\t\t<\/div>\n\t\t\t\t<\/div>\n\t\t\t\t<\/div>\n\t\t\t\t<section class=\"elementor-section elementor-inner-section elementor-element elementor-element-e5b961e elementor-section-boxed elementor-section-height-default elementor-section-height-default\" data-id=\"e5b961e\" data-element_type=\"section\">\n\t\t\t\t\t\t<div class=\"elementor-container elementor-column-gap-default\">\n\t\t\t\t\t<div class=\"elementor-column elementor-col-50 elementor-inner-column elementor-element elementor-element-f5f43dc\" data-id=\"f5f43dc\" data-element_type=\"column\">\n\t\t\t<div class=\"elementor-widget-wrap elementor-element-populated\">\n\t\t\t\t\t\t<div class=\"elementor-element elementor-element-7866810 elementor-widget elementor-widget-text-editor\" data-id=\"7866810\" data-element_type=\"widget\" data-widget_type=\"text-editor.default\">\n\t\t\t\t<div class=\"elementor-widget-container\">\n\t\t\t\t\t\t\t<p><b>14-18, c&rsquo;est notre histoire ! <\/b>est une exposition de r\u00e9f\u00e9rence des comm\u00e9morations de la Premi\u00e8re Guerre mondiale, en partenariat avec le Mus\u00e9e royal de l&rsquo;Arm\u00e9e et d&rsquo;Histoire militaire.<\/p>\n<p>La guerre et la vie quotidienne en Belgique occup\u00e9e constituent une part importante du parcours mais le public est aussi amen\u00e9 \u00e0 red\u00e9couvrir l\u2019histoire de la mobilisation des Etats europ\u00e9ens qui ont cherch\u00e9 \u00e0 secourir la Belgique, devenue un enjeu central du conflit. Enfin, au travers d\u2019objets authentiques, de d\u00e9cors, de t\u00e9moignages, d\u2019installations multim\u00e9dias, de films et d\u2019espaces immersifs, il lui est donn\u00e9 \u00e0 voir \u00e0 quel point le conflit a amorc\u00e9 et, dans une large mesure, d\u00e9termin\u00e9 le cours du XXe si\u00e8cle.<\/p>\t\t\t\t\t\t<\/div>\n\t\t\t\t<\/div>\n\t\t\t\t<div class=\"elementor-element elementor-element-f43f9ad elementor-widget elementor-widget-spacer\" data-id=\"f43f9ad\" data-element_type=\"widget\" data-widget_type=\"spacer.default\">\n\t\t\t\t<div class=\"elementor-widget-container\">\n\t\t\t\t\t<div class=\"elementor-spacer\">\n\t\t\t<div class=\"elementor-spacer-inner\"><\/div>\n\t\t<\/div>\n\t\t\t\t<\/div>\n\t\t\t\t<\/div>\n\t\t\t\t<div class=\"elementor-element elementor-element-d1366a8 elementor-widget elementor-widget-image\" data-id=\"d1366a8\" data-element_type=\"widget\" data-widget_type=\"image.default\">\n\t\t\t\t<div class=\"elementor-widget-container\">\n\t\t\t\t\t\t\t\t\t\t\t\t\t<img fetchpriority=\"high\" decoding=\"async\" width=\"1024\" height=\"683\" src=\"https:\/\/www.museuro.eu\/wp-content\/uploads\/2023\/01\/IMG_0410-1024x683.jpg\" class=\"attachment-large size-large wp-image-4661\" alt=\"\" srcset=\"https:\/\/www.museuro.eu\/wp-content\/uploads\/2023\/01\/IMG_0410-1024x683.jpg 1024w, https:\/\/www.museuro.eu\/wp-content\/uploads\/2023\/01\/IMG_0410-300x200.jpg 300w, https:\/\/www.museuro.eu\/wp-content\/uploads\/2023\/01\/IMG_0410-768x512.jpg 768w, https:\/\/www.museuro.eu\/wp-content\/uploads\/2023\/01\/IMG_0410-1536x1024.jpg 1536w, https:\/\/www.museuro.eu\/wp-content\/uploads\/2023\/01\/IMG_0410-2048x1365.jpg 2048w, https:\/\/www.museuro.eu\/wp-content\/uploads\/2023\/01\/IMG_0410-18x12.jpg 18w, https:\/\/www.museuro.eu\/wp-content\/uploads\/2023\/01\/IMG_0410-930x620.jpg 930w\" sizes=\"(max-width: 1024px) 100vw, 1024px\" \/>\t\t\t\t\t\t\t\t\t\t\t\t\t<\/div>\n\t\t\t\t<\/div>\n\t\t\t\t\t<\/div>\n\t\t<\/div>\n\t\t\t\t<div class=\"elementor-column elementor-col-50 elementor-inner-column elementor-element elementor-element-ddd9bbb\" data-id=\"ddd9bbb\" data-element_type=\"column\">\n\t\t\t<div class=\"elementor-widget-wrap elementor-element-populated\">\n\t\t\t\t\t\t<div class=\"elementor-element elementor-element-66539ae elementor-widget elementor-widget-image\" data-id=\"66539ae\" data-element_type=\"widget\" data-widget_type=\"image.default\">\n\t\t\t\t<div class=\"elementor-widget-container\">\n\t\t\t\t\t\t\t\t\t\t\t\t\t<img decoding=\"async\" width=\"1024\" height=\"683\" src=\"https:\/\/www.museuro.eu\/wp-content\/uploads\/2023\/01\/Picture-6-1024x683.jpg\" class=\"attachment-large size-large wp-image-4660\" alt=\"\" srcset=\"https:\/\/www.museuro.eu\/wp-content\/uploads\/2023\/01\/Picture-6-1024x683.jpg 1024w, https:\/\/www.museuro.eu\/wp-content\/uploads\/2023\/01\/Picture-6-300x200.jpg 300w, https:\/\/www.museuro.eu\/wp-content\/uploads\/2023\/01\/Picture-6-768x512.jpg 768w, https:\/\/www.museuro.eu\/wp-content\/uploads\/2023\/01\/Picture-6-1536x1024.jpg 1536w, https:\/\/www.museuro.eu\/wp-content\/uploads\/2023\/01\/Picture-6-18x12.jpg 18w, https:\/\/www.museuro.eu\/wp-content\/uploads\/2023\/01\/Picture-6-930x620.jpg 930w, https:\/\/www.museuro.eu\/wp-content\/uploads\/2023\/01\/Picture-6.jpg 1600w\" sizes=\"(max-width: 1024px) 100vw, 1024px\" \/>\t\t\t\t\t\t\t\t\t\t\t\t\t<\/div>\n\t\t\t\t<\/div>\n\t\t\t\t<div class=\"elementor-element elementor-element-21d0ce9 elementor-widget elementor-widget-text-editor\" data-id=\"21d0ce9\" data-element_type=\"widget\" data-widget_type=\"text-editor.default\">\n\t\t\t\t<div class=\"elementor-widget-container\">\n\t\t\t\t\t\t\t<p style=\"color: #000000; text-align: justify;\">Le r\u00f4le de cette exposition est de sensibiliser aux p\u00e9rip\u00e9ties de cette guerre europ\u00e9enne \u2013 puis mondiale \u2013 un large public qui a oubli\u00e9 comment l\u2019Histoire a fa\u00e7onn\u00e9 sa vie. Pour atteindre cet objectif, l\u2019exposition en appelle aux \u00e9motions, en lui faisant sentir que cette histoire le concerne, qu\u2019il s\u2019agit de lui : de son pass\u00e9 et de son avenir. Cette exposition est donc le lieu de rencontre entre l\u2019histoire de chacun \u2013 l\u2019histoire avec un petit h \u2013 et l\u2019Histoire \u2013 avec un grand H.\u00a0<\/p><p style=\"color: #000000; text-align: justify;\">Au sein de l\u2019exposition, un parcours sp\u00e9cial propose un portrait crois\u00e9 du Roi Albert 1er et de l\u2019Empereur Guillaume II.\u00a0 C\u2019est un voyage chronologique \u00e0 travers un demi-si\u00e8cle d\u2019histoire europ\u00e9enne. Nous suivons les deux souverains depuis leur naissance jusqu\u2019\u00e0 leur mort \u00e0 la recherche de grandes oppositions mais aussi de ressemblances inattendues. De nombreux objets leur ayant appartenu sont montr\u00e9s pour la premi\u00e8re fois au public.<\/p>\t\t\t\t\t\t<\/div>\n\t\t\t\t<\/div>\n\t\t\t\t\t<\/div>\n\t\t<\/div>\n\t\t\t\t\t<\/div>\n\t\t<\/section>\n\t\t\t\t<div class=\"elementor-element elementor-element-2291963 elementor-widget elementor-widget-text-editor\" data-id=\"2291963\" data-element_type=\"widget\" data-widget_type=\"text-editor.default\">\n\t\t\t\t<div class=\"elementor-widget-container\">\n\t\t\t\t\t\t\t<p>L&rsquo;exposition a \u00e9t\u00e9 pr\u00e9sent\u00e9e en 2014-2015 au Mus\u00e9e de l&rsquo;Arm\u00e9e du&nbsp;Cinquantenaire \u00e0 Bruxelles.<\/p>\t\t\t\t\t\t<\/div>\n\t\t\t\t<\/div>\n\t\t\t\t<div class=\"elementor-element elementor-element-0ed5b52 elementor-widget elementor-widget-spacer\" data-id=\"0ed5b52\" data-element_type=\"widget\" data-widget_type=\"spacer.default\">\n\t\t\t\t<div class=\"elementor-widget-container\">\n\t\t\t\t\t<div class=\"elementor-spacer\">\n\t\t\t<div class=\"elementor-spacer-inner\"><\/div>\n\t\t<\/div>\n\t\t\t\t<\/div>\n\t\t\t\t<\/div>\n\t\t\t\t\t<\/div>\n\t\t<\/div>\n\t\t\t\t\t<\/div>\n\t\t<\/section>\n\t\t\t\t<\/div>","protected":false},"excerpt":{"rendered":"<p>14-18, c&rsquo;est notre histoire ! 14-18, c&rsquo;est notre histoire ! est une exposition de r\u00e9f\u00e9rence des comm\u00e9morations de la Premi\u00e8re Guerre mondiale, en partenariat avec le Mus\u00e9e royal de l&rsquo;Arm\u00e9e et d&rsquo;Histoire militaire. La guerre et la vie quotidienne en Belgique occup\u00e9e constituent une part importante du parcours mais le public est aussi amen\u00e9 \u00e0&hellip;&nbsp;<a href=\"https:\/\/www.museuro.eu\/en\/14-18-cest-notre-histoire\/\" rel=\"bookmark\">Read More &raquo;<span class=\"screen-reader-text\">14-18, c&rsquo;est notre histoire !<\/span><\/a><\/p>","protected":false},"author":9,"featured_media":0,"parent":0,"menu_order":0,"comment_status":"closed","ping_status":"closed","template":"page-templates\/template-pagebuilder-full-width.php","meta":{"neve_meta_sidebar":"full-width","neve_meta_container":"","neve_meta_enable_content_width":"on","neve_meta_content_width":100,"neve_meta_title_alignment":"","neve_meta_author_avatar":"","neve_post_elements_order":"","neve_meta_disable_header":"","neve_meta_disable_footer":"","neve_meta_disable_title":"","footnotes":""},"class_list":["post-4635","page","type-page","status-publish","hentry"],"yoast_head":"<!-- This site is optimized with the Yoast SEO plugin v24.0 - https:\/\/yoast.com\/wordpress\/plugins\/seo\/ -->\n<title>14-18, c&#039;est notre histoire ! - Mus\u00e9e de L&#039;Europe<\/title>\n<meta name=\"description\" content=\"14-18, c\u2019est notre histoire ! est une exposition de r\u00e9f\u00e9rence des comm\u00e9morations de la Premi\u00e8re Guerre mondiale, en partenariat avec le Mus\u00e9e royal de l\u2019Arm\u00e9e et d\u2019Histoire militaire.\" \/>\n<meta name=\"robots\" content=\"index, follow, max-snippet:-1, max-image-preview:large, max-video-preview:-1\" \/>\n<link rel=\"canonical\" href=\"https:\/\/www.museuro.eu\/en\/14-18-cest-notre-histoire\/\" \/>\n<meta property=\"og:locale\" content=\"en_GB\" \/>\n<meta property=\"og:type\" content=\"article\" \/>\n<meta property=\"og:title\" content=\"14-18, c&#039;est notre histoire ! - Mus\u00e9e de L&#039;Europe\" \/>\n<meta property=\"og:description\" content=\"14-18, c\u2019est notre histoire ! est une exposition de r\u00e9f\u00e9rence des comm\u00e9morations de la Premi\u00e8re Guerre mondiale, en partenariat avec le Mus\u00e9e royal de l\u2019Arm\u00e9e et d\u2019Histoire militaire.\" \/>\n<meta property=\"og:url\" content=\"https:\/\/www.museuro.eu\/en\/14-18-cest-notre-histoire\/\" \/>\n<meta property=\"og:site_name\" content=\"Mus\u00e9e de L&#039;Europe\" \/>\n<meta property=\"article:modified_time\" content=\"2023-02-01T16:01:23+00:00\" \/>\n<meta property=\"og:image\" content=\"https:\/\/www.museuro.eu\/wp-content\/uploads\/2023\/01\/IMG_0410-1024x683.jpg\" \/>\n<meta name=\"twitter:card\" content=\"summary_large_image\" \/>\n<meta name=\"twitter:label1\" content=\"Estimated reading time\" \/>\n\t<meta name=\"twitter:data1\" content=\"2 minutes\" \/>\n<script type=\"application\/ld+json\" class=\"yoast-schema-graph\">{\"@context\":\"https:\/\/schema.org\",\"@graph\":[{\"@type\":\"WebPage\",\"@id\":\"https:\/\/www.museuro.eu\/14-18-cest-notre-histoire\/\",\"url\":\"https:\/\/www.museuro.eu\/14-18-cest-notre-histoire\/\",\"name\":\"14-18, c'est notre histoire ! - Mus\u00e9e de L&#039;Europe\",\"isPartOf\":{\"@id\":\"https:\/\/www.museuro.eu\/#website\"},\"primaryImageOfPage\":{\"@id\":\"https:\/\/www.museuro.eu\/14-18-cest-notre-histoire\/#primaryimage\"},\"image\":{\"@id\":\"https:\/\/www.museuro.eu\/14-18-cest-notre-histoire\/#primaryimage\"},\"thumbnailUrl\":\"https:\/\/www.museuro.eu\/wp-content\/uploads\/2023\/01\/IMG_0410-1024x683.jpg\",\"datePublished\":\"2023-01-26T14:23:40+00:00\",\"dateModified\":\"2023-02-01T16:01:23+00:00\",\"description\":\"14-18, c\u2019est notre histoire ! est une exposition de r\u00e9f\u00e9rence des comm\u00e9morations de la Premi\u00e8re Guerre mondiale, en partenariat avec le Mus\u00e9e royal de l\u2019Arm\u00e9e et d\u2019Histoire militaire.\",\"breadcrumb\":{\"@id\":\"https:\/\/www.museuro.eu\/14-18-cest-notre-histoire\/#breadcrumb\"},\"inLanguage\":\"en-GB\",\"potentialAction\":[{\"@type\":\"ReadAction\",\"target\":[\"https:\/\/www.museuro.eu\/14-18-cest-notre-histoire\/\"]}]},{\"@type\":\"ImageObject\",\"inLanguage\":\"en-GB\",\"@id\":\"https:\/\/www.museuro.eu\/14-18-cest-notre-histoire\/#primaryimage\",\"url\":\"https:\/\/www.museuro.eu\/wp-content\/uploads\/2023\/01\/IMG_0410-1024x683.jpg\",\"contentUrl\":\"https:\/\/www.museuro.eu\/wp-content\/uploads\/2023\/01\/IMG_0410-1024x683.jpg\"},{\"@type\":\"BreadcrumbList\",\"@id\":\"https:\/\/www.museuro.eu\/14-18-cest-notre-histoire\/#breadcrumb\",\"itemListElement\":[{\"@type\":\"ListItem\",\"position\":1,\"name\":\"Accueil\",\"item\":\"https:\/\/www.museuro.eu\/\"},{\"@type\":\"ListItem\",\"position\":2,\"name\":\"14-18, c&rsquo;est notre histoire !\"}]},{\"@type\":\"WebSite\",\"@id\":\"https:\/\/www.museuro.eu\/#website\",\"url\":\"https:\/\/www.museuro.eu\/\",\"name\":\"Mus\u00e9e de L&#039;Europe\",\"description\":\"Dans l&#039;attente d&#039;un nouveau projet\",\"publisher\":{\"@id\":\"https:\/\/www.museuro.eu\/#organization\"},\"potentialAction\":[{\"@type\":\"SearchAction\",\"target\":{\"@type\":\"EntryPoint\",\"urlTemplate\":\"https:\/\/www.museuro.eu\/?s={search_term_string}\"},\"query-input\":{\"@type\":\"PropertyValueSpecification\",\"valueRequired\":true,\"valueName\":\"search_term_string\"}}],\"inLanguage\":\"en-GB\"},{\"@type\":\"Organization\",\"@id\":\"https:\/\/www.museuro.eu\/#organization\",\"name\":\"Mus\u00e9e de L&#039;Europe\",\"url\":\"https:\/\/www.museuro.eu\/\",\"logo\":{\"@type\":\"ImageObject\",\"inLanguage\":\"en-GB\",\"@id\":\"https:\/\/www.museuro.eu\/#\/schema\/logo\/image\/\",\"url\":\"https:\/\/www.museuro.eu\/wp-content\/uploads\/2020\/06\/LOGO-TEMPORA_BLANC_23.02.2016.png\",\"contentUrl\":\"https:\/\/www.museuro.eu\/wp-content\/uploads\/2020\/06\/LOGO-TEMPORA_BLANC_23.02.2016.png\",\"width\":599,\"height\":188,\"caption\":\"Mus\u00e9e de L&#039;Europe\"},\"image\":{\"@id\":\"https:\/\/www.museuro.eu\/#\/schema\/logo\/image\/\"}}]}<\/script>\n<!-- \/ Yoast SEO plugin. -->","yoast_head_json":{"title":"14-18, c'est notre histoire ! - Mus\u00e9e de L&#039;Europe","description":"14-18, c\u2019est notre histoire ! est une exposition de r\u00e9f\u00e9rence des comm\u00e9morations de la Premi\u00e8re Guerre mondiale, en partenariat avec le Mus\u00e9e royal de l\u2019Arm\u00e9e et d\u2019Histoire militaire.","robots":{"index":"index","follow":"follow","max-snippet":"max-snippet:-1","max-image-preview":"max-image-preview:large","max-video-preview":"max-video-preview:-1"},"canonical":"https:\/\/www.museuro.eu\/en\/14-18-cest-notre-histoire\/","og_locale":"en_GB","og_type":"article","og_title":"14-18, c'est notre histoire ! - Mus\u00e9e de L&#039;Europe","og_description":"14-18, c\u2019est notre histoire ! est une exposition de r\u00e9f\u00e9rence des comm\u00e9morations de la Premi\u00e8re Guerre mondiale, en partenariat avec le Mus\u00e9e royal de l\u2019Arm\u00e9e et d\u2019Histoire militaire.","og_url":"https:\/\/www.museuro.eu\/en\/14-18-cest-notre-histoire\/","og_site_name":"Mus\u00e9e de L&#039;Europe","article_modified_time":"2023-02-01T16:01:23+00:00","og_image":[{"url":"https:\/\/www.museuro.eu\/wp-content\/uploads\/2023\/01\/IMG_0410-1024x683.jpg","type":"","width":"","height":""}],"twitter_card":"summary_large_image","twitter_misc":{"Estimated reading time":"2 minutes"},"schema":{"@context":"https:\/\/schema.org","@graph":[{"@type":"WebPage","@id":"https:\/\/www.museuro.eu\/14-18-cest-notre-histoire\/","url":"https:\/\/www.museuro.eu\/14-18-cest-notre-histoire\/","name":"14-18, c'est notre histoire ! - Mus\u00e9e de L&#039;Europe","isPartOf":{"@id":"https:\/\/www.museuro.eu\/#website"},"primaryImageOfPage":{"@id":"https:\/\/www.museuro.eu\/14-18-cest-notre-histoire\/#primaryimage"},"image":{"@id":"https:\/\/www.museuro.eu\/14-18-cest-notre-histoire\/#primaryimage"},"thumbnailUrl":"https:\/\/www.museuro.eu\/wp-content\/uploads\/2023\/01\/IMG_0410-1024x683.jpg","datePublished":"2023-01-26T14:23:40+00:00","dateModified":"2023-02-01T16:01:23+00:00","description":"14-18, c\u2019est notre histoire ! est une exposition de r\u00e9f\u00e9rence des comm\u00e9morations de la Premi\u00e8re Guerre mondiale, en partenariat avec le Mus\u00e9e royal de l\u2019Arm\u00e9e et d\u2019Histoire militaire.","breadcrumb":{"@id":"https:\/\/www.museuro.eu\/14-18-cest-notre-histoire\/#breadcrumb"},"inLanguage":"en-GB","potentialAction":[{"@type":"ReadAction","target":["https:\/\/www.museuro.eu\/14-18-cest-notre-histoire\/"]}]},{"@type":"ImageObject","inLanguage":"en-GB","@id":"https:\/\/www.museuro.eu\/14-18-cest-notre-histoire\/#primaryimage","url":"https:\/\/www.museuro.eu\/wp-content\/uploads\/2023\/01\/IMG_0410-1024x683.jpg","contentUrl":"https:\/\/www.museuro.eu\/wp-content\/uploads\/2023\/01\/IMG_0410-1024x683.jpg"},{"@type":"BreadcrumbList","@id":"https:\/\/www.museuro.eu\/14-18-cest-notre-histoire\/#breadcrumb","itemListElement":[{"@type":"ListItem","position":1,"name":"Accueil","item":"https:\/\/www.museuro.eu\/"},{"@type":"ListItem","position":2,"name":"14-18, c&rsquo;est notre histoire !"}]},{"@type":"WebSite","@id":"https:\/\/www.museuro.eu\/#website","url":"https:\/\/www.museuro.eu\/","name":"Mus\u00e9e de L&#039;Europe","description":"Dans l&#039;attente d&#039;un nouveau projet","publisher":{"@id":"https:\/\/www.museuro.eu\/#organization"},"potentialAction":[{"@type":"SearchAction","target":{"@type":"EntryPoint","urlTemplate":"https:\/\/www.museuro.eu\/?s={search_term_string}"},"query-input":{"@type":"PropertyValueSpecification","valueRequired":true,"valueName":"search_term_string"}}],"inLanguage":"en-GB"},{"@type":"Organization","@id":"https:\/\/www.museuro.eu\/#organization","name":"Mus\u00e9e de L&#039;Europe","url":"https:\/\/www.museuro.eu\/","logo":{"@type":"ImageObject","inLanguage":"en-GB","@id":"https:\/\/www.museuro.eu\/#\/schema\/logo\/image\/","url":"https:\/\/www.museuro.eu\/wp-content\/uploads\/2020\/06\/LOGO-TEMPORA_BLANC_23.02.2016.png","contentUrl":"https:\/\/www.museuro.eu\/wp-content\/uploads\/2020\/06\/LOGO-TEMPORA_BLANC_23.02.2016.png","width":599,"height":188,"caption":"Mus\u00e9e de L&#039;Europe"},"image":{"@id":"https:\/\/www.museuro.eu\/#\/schema\/logo\/image\/"}}]}},"_links":{"self":[{"href":"https:\/\/www.museuro.eu\/en\/wp-json\/wp\/v2\/pages\/4635","targetHints":{"allow":["GET"]}}],"collection":[{"href":"https:\/\/www.museuro.eu\/en\/wp-json\/wp\/v2\/pages"}],"about":[{"href":"https:\/\/www.museuro.eu\/en\/wp-json\/wp\/v2\/types\/page"}],"author":[{"embeddable":true,"href":"https:\/\/www.museuro.eu\/en\/wp-json\/wp\/v2\/users\/9"}],"replies":[{"embeddable":true,"href":"https:\/\/www.museuro.eu\/en\/wp-json\/wp\/v2\/comments?post=4635"}],"version-history":[{"count":59,"href":"https:\/\/www.museuro.eu\/en\/wp-json\/wp\/v2\/pages\/4635\/revisions"}],"predecessor-version":[{"id":4918,"href":"https:\/\/www.museuro.eu\/en\/wp-json\/wp\/v2\/pages\/4635\/revisions\/4918"}],"wp:attachment":[{"href":"https:\/\/www.museuro.eu\/en\/wp-json\/wp\/v2\/media?parent=4635"}],"curies":[{"name":"wp","href":"https:\/\/api.w.org\/{rel}","templated":true}]}}